{"version":"1.0","provider_name":"Voisins de l'UE","provider_url":"https:\/\/www.eumedbridge.eu\/fr\/","author_name":"Nidhal Battikh","author_url":"https:\/\/www.eumedbridge.eu\/fr\/author\/nidhal_admin\/","title":"Coup d'envoi du Sommet Union europ\u00e9enne\u2011Union africaine - Voisins de l'UE","type":"rich","width":600,"height":338,"html":"<blockquote class=\"wp-embedded-content\" data-secret=\"cJ0uR9KxUh\"><a href=\"https:\/\/www.eumedbridge.eu\/fr\/news\/coup-denvoi-du-sommet-union-europeenne-union-africaine\/\">Coup d&rsquo;envoi du Sommet Union europ\u00e9enne\u2011Union africaine<\/a><\/blockquote><iframe sandbox=\"allow-scripts\" security=\"restricted\" src=\"https:\/\/www.eumedbridge.eu\/fr\/news\/coup-denvoi-du-sommet-union-europeenne-union-africaine\/embed\/#?secret=cJ0uR9KxUh\" width=\"600\" height=\"338\" title=\"\u00ab\u00a0Coup d&rsquo;envoi du Sommet Union europ\u00e9enne\u2011Union africaine\u00a0\u00bb &#8212; Voisins de l&#039;UE\" data-secret=\"cJ0uR9KxUh\" frameborder=\"0\" marginwidth=\"0\" marginheight=\"0\" scrolling=\"no\" class=\"wp-embedded-content\"><\/iframe><script>\n\/*! This file is auto-generated *\/\n!function(d,l){\"use strict\";l.querySelector&&d.addEventListener&&\"undefined\"!=typeof URL&&(d.wp=d.wp||{},d.wp.receiveEmbedMessage||(d.wp.receiveEmbedMessage=function(e){var t=e.data;if((t||t.secret||t.message||t.value)&&!\/[^a-zA-Z0-9]\/.test(t.secret)){for(var s,r,n,a=l.querySelectorAll('iframe[data-secret=\"'+t.secret+'\"]'),o=l.querySelectorAll('blockquote[data-secret=\"'+t.secret+'\"]'),c=new RegExp(\"^https?:$\",\"i\"),i=0;i<o.length;i++)o[i].style.display=\"none\";for(i=0;i<a.length;i++)s=a[i],e.source===s.contentWindow&&(s.removeAttribute(\"style\"),\"height\"===t.message?(1e3<(r=parseInt(t.value,10))?r=1e3:~~r<200&&(r=200),s.height=r):\"link\"===t.message&&(r=new URL(s.getAttribute(\"src\")),n=new URL(t.value),c.test(n.protocol))&&n.host===r.host&&l.activeElement===s&&(d.top.location.href=t.value))}},d.addEventListener(\"message\",d.wp.receiveEmbedMessage,!1),l.addEventListener(\"DOMContentLoaded\",function(){for(var e,t,s=l.querySelectorAll(\"iframe.wp-embedded-content\"),r=0;r<s.length;r++)(t=(e=s[r]).getAttribute(\"data-secret\"))||(t=Math.random().toString(36).substring(2,12),e.src+=\"#?secret=\"+t,e.setAttribute(\"data-secret\",t)),e.contentWindow.postMessage({message:\"ready\",secret:t},\"*\")},!1)))}(window,document);\n\/\/# sourceURL=https:\/\/www.eumedbridge.eu\/wp-includes\/js\/wp-embed.min.js\n<\/script>\n","thumbnail_url":"https:\/\/www.eumedbridge.eu\/wp-content\/uploads\/2022\/03\/weekafrica-eu-web_banner-1200x800px_0.png","thumbnail_width":360,"thumbnail_height":240,"description":"Les dirigeants de l&rsquo;UE et de l&rsquo;UA, ainsi que ceux de leurs \u00c9tats\u00a0membres respectifs, se r\u00e9uniront \u00e0 l&rsquo;occasion du\u00a0sixi\u00e8me sommet Union\u00a0europ\u00e9enne\u2011Union\u00a0africaine, qui se tiendra \u00e0 Bruxelles les 17 et 18\u00a0f\u00e9vrier\u00a02022. Le sommet constituera une occasion unique de jeter les bases d&rsquo;un\u00a0partenariat\u00a0renouvel\u00e9 et approfondi\u00a0entre l&rsquo;UA et l&rsquo;UE\u00a0b\u00e9n\u00e9ficiant d&rsquo;un engagement politique au plus haut niveau fond\u00e9 sur [&hellip;]"}