{"version":"1.0","provider_name":"Voisins de l'UE","provider_url":"https:\/\/www.eumedbridge.eu\/fr\/","author_name":"Hiba Laamari","author_url":"https:\/\/www.eumedbridge.eu\/fr\/author\/hiba-laamari\/","title":"Prochainement : R\u00e9sidence de photographie 2026 \u00e0 Amman - Voisins de l'UE","type":"rich","width":600,"height":338,"html":"<blockquote class=\"wp-embedded-content\" data-secret=\"NMQxMayXtM\"><a href=\"https:\/\/www.eumedbridge.eu\/fr\/news\/prochainement-residence-de-photographie-2026-a-amman\/\">Prochainement : R\u00e9sidence de photographie 2026 \u00e0 Amman<\/a><\/blockquote><iframe sandbox=\"allow-scripts\" security=\"restricted\" src=\"https:\/\/www.eumedbridge.eu\/fr\/news\/prochainement-residence-de-photographie-2026-a-amman\/embed\/#?secret=NMQxMayXtM\" width=\"600\" height=\"338\" title=\"\u00ab\u00a0Prochainement : R\u00e9sidence de photographie 2026 \u00e0 Amman\u00a0\u00bb &#8212; Voisins de l&#039;UE\" data-secret=\"NMQxMayXtM\" frameborder=\"0\" marginwidth=\"0\" marginheight=\"0\" scrolling=\"no\" class=\"wp-embedded-content\"><\/iframe><script>\n\/*! This file is auto-generated *\/\n!function(d,l){\"use strict\";l.querySelector&&d.addEventListener&&\"undefined\"!=typeof URL&&(d.wp=d.wp||{},d.wp.receiveEmbedMessage||(d.wp.receiveEmbedMessage=function(e){var t=e.data;if((t||t.secret||t.message||t.value)&&!\/[^a-zA-Z0-9]\/.test(t.secret)){for(var s,r,n,a=l.querySelectorAll('iframe[data-secret=\"'+t.secret+'\"]'),o=l.querySelectorAll('blockquote[data-secret=\"'+t.secret+'\"]'),c=new RegExp(\"^https?:$\",\"i\"),i=0;i<o.length;i++)o[i].style.display=\"none\";for(i=0;i<a.length;i++)s=a[i],e.source===s.contentWindow&&(s.removeAttribute(\"style\"),\"height\"===t.message?(1e3<(r=parseInt(t.value,10))?r=1e3:~~r<200&&(r=200),s.height=r):\"link\"===t.message&&(r=new URL(s.getAttribute(\"src\")),n=new URL(t.value),c.test(n.protocol))&&n.host===r.host&&l.activeElement===s&&(d.top.location.href=t.value))}},d.addEventListener(\"message\",d.wp.receiveEmbedMessage,!1),l.addEventListener(\"DOMContentLoaded\",function(){for(var e,t,s=l.querySelectorAll(\"iframe.wp-embedded-content\"),r=0;r<s.length;r++)(t=(e=s[r]).getAttribute(\"data-secret\"))||(t=Math.random().toString(36).substring(2,12),e.src+=\"#?secret=\"+t,e.setAttribute(\"data-secret\",t)),e.contentWindow.postMessage({message:\"ready\",secret:t},\"*\")},!1)))}(window,document);\n\/\/# sourceURL=https:\/\/www.eumedbridge.eu\/wp-includes\/js\/wp-embed.min.js\n<\/script>\n","thumbnail_url":"https:\/\/www.eumedbridge.eu\/wp-content\/uploads\/2026\/04\/photo-residency_0.png","thumbnail_width":1089,"thumbnail_height":550,"description":"La d\u00e9l\u00e9gation de l&rsquo;UE a le plaisir de vous pr\u00e9senter le programme de la prochaine r\u00e9sidence de photographie qui se tiendra \u00e0 Amman du 17 au 23 avril. Organis\u00e9e en partenariat avec la Galerie nationale des beaux-arts de Jordanie et sous la direction artistique du photographe et artiste Tariq Dajani, cette r\u00e9sidence r\u00e9unira 15 photographes [&hellip;]"}