{"id":239321,"date":"2025-05-14T15:40:04","date_gmt":"2025-05-14T12:40:04","guid":{"rendered":"https:\/\/eumedbridge.eu\/?post_type=ecard&#038;p=239321"},"modified":"2025-05-23T11:54:50","modified_gmt":"2025-05-23T08:54:50","slug":"3q-talks-dg-mena","status":"publish","type":"ecard","link":"https:\/\/www.eumedbridge.eu\/fr\/ecard\/3q-talks-dg-mena\/","title":{"rendered":"3Q TALKS: DG MENA"},"content":{"rendered":"<div class=\"row d-flex align-items-end\">\n<div class=\"col-md-4\">\n    <span style=\"font-weight: 400;\"><br \/>\n     <img decoding=\"async\" class=\"wp-image-237775 alignnone lazyload\" data-src=\"https:\/\/eumedbridge.eu\/wp-content\/uploads\/2025\/05\/3Q-DG-MENA-1-425x425.png\" alt=\"\" width=\"440\" height=\"440\" src=\"data:image\/svg+xml;base64,PHN2ZyB3aWR0aD0iMSIgaGVpZ2h0PSIxIiB4bWxucz0iaHR0cDovL3d3dy53My5vcmcvMjAwMC9zdmciPjwvc3ZnPg==\" style=\"--smush-placeholder-width: 440px; --smush-placeholder-aspect-ratio: 440\/440;\" \/><br \/>\n    <\/span>\n  <\/div>\n<div class=\"col-md-8\">\n    <em><span style=\"font-weight: 400;\"><br \/>\nDe nouveaux partenariats, une ambition partag\u00e9e, l\u2019innovation des jeunes et bien plus encore ! Stefano Sannino, Directeur g\u00e9n\u00e9ral pour le Moyen-Orient, l\u2019Afrique du Nord et le Golfe (DG MENA), explique comment cette nouvelle entit\u00e9 marque un tournant dans l\u2019approche de l\u2019Union europ\u00e9enne envers son voisinage m\u00e9ridional. En mettant l\u2019accent sur des partenariats \u00e9quilibr\u00e9s et porteurs de sens, il insiste sur la n\u00e9cessit\u00e9 d\u2019\u00e9couter les jeunes, de soutenir leur cr\u00e9ativit\u00e9 et leur esprit d\u2019innovation, et de co-construire des solutions \u00e0 la hauteur de leur \u00e9nergie et de leur vision. Du soutien \u00e0 l\u2019entrepreneuriat vert et num\u00e9rique \u00e0 la promotion de soci\u00e9t\u00e9s civiles dynamiques, DG MENA ambitionne d\u2019\u00eatre un espace o\u00f9 la jeunesse fa\u00e7onne l\u2019avenir.<br \/>\n    <\/span> <b>Lisez l\u2019entretien ci-dessous pour en savoir plus.<\/b><\/em>\n  <\/div>\n<\/div>\n<p>&nbsp;<\/p>\n<ol>\n<li><b> Qu\u2019est-ce que la DG MENA et quels sont ses objectifs principaux ?<\/b><b><br \/>\n<\/b><span style=\"font-weight: 400;\"> La DG MENA, ou Direction g\u00e9n\u00e9rale pour le Moyen-Orient, l\u2019Afrique du Nord et le Golfe, est une structure r\u00e9cemment cr\u00e9\u00e9e au sein de la Commission europ\u00e9enne. Elle a \u00e9t\u00e9 mise en place pour se consacrer sp\u00e9cifiquement \u00e0 l\u2019engagement de l\u2019Union europ\u00e9enne avec son voisinage m\u00e9diterran\u00e9en. C\u2019est la premi\u00e8re fois que l\u2019UE dispose d\u2019un organe d\u00e9di\u00e9 \u00e0 cette r\u00e9gion. La cr\u00e9ation de cette direction intervient \u00e0 un moment o\u00f9 l\u2019Union europ\u00e9enne renforce ses relations avec les pays d\u2019Europe de l\u2019Est \u2014 elle vise \u00e0 montrer que cet engagement accru \u00e0 l\u2019Est ne se fait pas au d\u00e9triment de son partenariat avec le Sud. L\u2019objectif principal de la DG MENA est donc de concentrer ses efforts et ressources sur le renforcement et le d\u00e9veloppement des partenariats avec les pays du Moyen-Orient et de l\u2019Afrique du Nord, affirmant ainsi que l\u2019Est et le Sud sont tout aussi importants dans les relations ext\u00e9rieures de l\u2019UE.<\/span><\/li>\n<\/ol>\n<p>&nbsp;<\/p>\n<ol start=\"2\">\n<li><b> Comment la DG MENA contribue-t-elle \u00e0 soutenir les jeunes ?<\/b><b><br \/>\n<\/b><span style=\"font-weight: 400;\"> Nous parlons de pays jeunes, o\u00f9 la majorit\u00e9 de la population est compos\u00e9e de jeunes \u2014 et cela me semble fondamental. C\u2019est une question d\u2019avenir. Ce qui me frappe, c\u2019est la volont\u00e9 forte de cette jeunesse de se connecter avec nous, de construire quelque chose de porteur de sens. C\u2019est pourquoi, au sein de la DG MENA, nous n\u2019arrivons pas avec une liste de priorit\u00e9s pr\u00e9\u00e9tablie. Nous voulons d\u00e9finir nos partenariats ensemble, dans une logique d\u2019ambition partag\u00e9e, des deux c\u00f4t\u00e9s \u2014 non seulement du voisinage Sud mais aussi de l\u2019Union europ\u00e9enne. Nos actions viseront \u00e0 encourager la cr\u00e9ation d\u2019emplois et \u00e0 soutenir des soci\u00e9t\u00e9s civiles dynamiques. J\u2019ai vu tant de jeunes pleins de d\u00e9termination, engag\u00e9s dans des d\u00e9marches innovantes \u2014 qu\u2019il s\u2019agisse du num\u00e9rique, de l\u2019agriculture biologique ou de la pisciculture durable. Ils ne se contentent pas de suivre des parcours traditionnels ; ils regardent vers l\u2019avenir. Et c\u2019est exactement ce type d\u2019innovation que la DG MENA souhaite soutenir.<\/span><\/li>\n<\/ol>\n<p>&nbsp;<\/p>\n<ol start=\"3\">\n<li><b>Quel conseil auriez-vous aim\u00e9 recevoir \u00e0 20 ans ?<\/b><b><br \/>\n<\/b><span style=\"font-weight: 400;\"> Si je devais m\u2019adresser \u00e0 moi-m\u00eame \u00e0 l\u2019\u00e2ge de 20 ans, je me dirais de garder intact cet enthousiasme et cette d\u00e9termination, car c\u2019est l\u00e0 que r\u00e9side une v\u00e9ritable force. Je suis convaincu que cela peut tout changer. Cela peut changer le monde. Et je n\u2019ai pas peur de le dire. Les jeunes ont la capacit\u00e9 de transformer l\u2019enthousiasme en action, de mobiliser leur intelligence et leur esprit d\u2019innovation pour op\u00e9rer un changement dont le monde a cruellement besoin en ce moment si complexe.<\/span><\/li>\n<\/ol>\n","protected":false},"featured_media":239320,"parent":0,"template":"","ecard_category":[],"country":[1956],"special_action":[],"custom_tag":[2924,1884,1970],"class_list":["post-239321","ecard","type-ecard","status-publish","has-post-thumbnail","hentry","country-region-sud","custom_tag-economy-fr","custom_tag-environnement-et-changement-climatique","custom_tag-jeunesse"],"acf":[],"yoast_head":"<!-- This site is optimized with the Yoast SEO plugin v26.5 - https:\/\/yoast.com\/wordpress\/plugins\/seo\/ -->\n<title>3Q TALKS: DG MENA - Voisins de l&#039;UE<\/title>\n<meta name=\"robots\" content=\"index, follow, max-snippet:-1, max-image-preview:large, max-video-preview:-1\" \/>\n<link rel=\"canonical\" href=\"https:\/\/www.eumedbridge.eu\/fr\/ecard\/3q-talks-dg-mena\/\" \/>\n<meta property=\"og:locale\" content=\"fr_FR\" \/>\n<meta property=\"og:type\" content=\"article\" \/>\n<meta property=\"og:title\" content=\"3Q TALKS: DG MENA - Voisins de l&#039;UE\" \/>\n<meta property=\"og:description\" content=\"De nouveaux partenariats, une ambition partag\u00e9e, l\u2019innovation des jeunes et bien plus encore ! Stefano Sannino, Directeur g\u00e9n\u00e9ral pour le Moyen-Orient, l\u2019Afrique du Nord et le Golfe (DG MENA), explique comment cette nouvelle entit\u00e9 marque un tournant dans l\u2019approche de l\u2019Union europ\u00e9enne envers son voisinage m\u00e9ridional. En mettant l\u2019accent sur des partenariats \u00e9quilibr\u00e9s et porteurs [&hellip;]\" \/>\n<meta property=\"og:url\" content=\"https:\/\/www.eumedbridge.eu\/fr\/ecard\/3q-talks-dg-mena\/\" \/>\n<meta property=\"og:site_name\" content=\"Voisins de l&#039;UE\" \/>\n<meta property=\"article:publisher\" content=\"https:\/\/www.facebook.com\/eumedbridge\/\" \/>\n<meta property=\"article:modified_time\" content=\"2025-05-23T08:54:50+00:00\" \/>\n<meta property=\"og:image\" content=\"https:\/\/www.eumedbridge.eu\/wp-content\/uploads\/2025\/05\/3Q-DG-MENA-1.png\" \/>\n\t<meta property=\"og:image:width\" content=\"2500\" \/>\n\t<meta property=\"og:image:height\" content=\"2500\" \/>\n\t<meta property=\"og:image:type\" content=\"image\/png\" \/>\n<meta name=\"twitter:card\" content=\"summary_large_image\" \/>\n<meta name=\"twitter:site\" content=\"@eumedbridge\" \/>\n<meta name=\"twitter:label1\" content=\"Dur\u00e9e de lecture estim\u00e9e\" \/>\n\t<meta name=\"twitter:data1\" content=\"3 minutes\" \/>\n<script type=\"application\/ld+json\" class=\"yoast-schema-graph\">{\"@context\":\"https:\/\/schema.org\",\"@graph\":[{\"@type\":\"WebPage\",\"@id\":\"https:\/\/www.eumedbridge.eu\/fr\/ecard\/3q-talks-dg-mena\/\",\"url\":\"https:\/\/www.eumedbridge.eu\/fr\/ecard\/3q-talks-dg-mena\/\",\"name\":\"3Q TALKS: DG MENA - Voisins de l'UE\",\"isPartOf\":{\"@id\":\"https:\/\/www.eumedbridge.eu\/#website\"},\"primaryImageOfPage\":{\"@id\":\"https:\/\/www.eumedbridge.eu\/fr\/ecard\/3q-talks-dg-mena\/#primaryimage\"},\"image\":{\"@id\":\"https:\/\/www.eumedbridge.eu\/fr\/ecard\/3q-talks-dg-mena\/#primaryimage\"},\"thumbnailUrl\":\"https:\/\/www.eumedbridge.eu\/wp-content\/uploads\/2025\/05\/3Q-DG-MENA-1.png\",\"datePublished\":\"2025-05-14T12:40:04+00:00\",\"dateModified\":\"2025-05-23T08:54:50+00:00\",\"breadcrumb\":{\"@id\":\"https:\/\/www.eumedbridge.eu\/fr\/ecard\/3q-talks-dg-mena\/#breadcrumb\"},\"inLanguage\":\"fr-FR\",\"potentialAction\":[{\"@type\":\"ReadAction\",\"target\":[\"https:\/\/www.eumedbridge.eu\/fr\/ecard\/3q-talks-dg-mena\/\"]}]},{\"@type\":\"ImageObject\",\"inLanguage\":\"fr-FR\",\"@id\":\"https:\/\/www.eumedbridge.eu\/fr\/ecard\/3q-talks-dg-mena\/#primaryimage\",\"url\":\"https:\/\/www.eumedbridge.eu\/wp-content\/uploads\/2025\/05\/3Q-DG-MENA-1.png\",\"contentUrl\":\"https:\/\/www.eumedbridge.eu\/wp-content\/uploads\/2025\/05\/3Q-DG-MENA-1.png\",\"width\":2500,\"height\":2500},{\"@type\":\"BreadcrumbList\",\"@id\":\"https:\/\/www.eumedbridge.eu\/fr\/ecard\/3q-talks-dg-mena\/#breadcrumb\",\"itemListElement\":[{\"@type\":\"ListItem\",\"position\":1,\"name\":\"Home\",\"item\":\"https:\/\/www.eumedbridge.eu\/fr\/home-page\/\"},{\"@type\":\"ListItem\",\"position\":2,\"name\":\"E-cards\",\"item\":\"https:\/\/www.eumedbridge.eu\/ecard\/\"},{\"@type\":\"ListItem\",\"position\":3,\"name\":\"3Q TALKS: DG MENA\"}]},{\"@type\":\"WebSite\",\"@id\":\"https:\/\/www.eumedbridge.eu\/#website\",\"url\":\"https:\/\/www.eumedbridge.eu\/\",\"name\":\"EU Medbridge\",\"description\":\"\",\"publisher\":{\"@id\":\"https:\/\/www.eumedbridge.eu\/#organization\"},\"potentialAction\":[{\"@type\":\"SearchAction\",\"target\":{\"@type\":\"EntryPoint\",\"urlTemplate\":\"https:\/\/www.eumedbridge.eu\/?s={search_term_string}\"},\"query-input\":{\"@type\":\"PropertyValueSpecification\",\"valueRequired\":true,\"valueName\":\"search_term_string\"}}],\"inLanguage\":\"fr-FR\"},{\"@type\":\"Organization\",\"@id\":\"https:\/\/www.eumedbridge.eu\/#organization\",\"name\":\"EU Medbridge\",\"url\":\"https:\/\/www.eumedbridge.eu\/\",\"logo\":{\"@type\":\"ImageObject\",\"inLanguage\":\"fr-FR\",\"@id\":\"https:\/\/www.eumedbridge.eu\/#\/schema\/logo\/image\/\",\"url\":\"https:\/\/www.eumedbridge.eu\/wp-content\/uploads\/2021\/12\/Logo.png\",\"contentUrl\":\"https:\/\/www.eumedbridge.eu\/wp-content\/uploads\/2021\/12\/Logo.png\",\"width\":325,\"height\":114,\"caption\":\"EU Medbridge\"},\"image\":{\"@id\":\"https:\/\/www.eumedbridge.eu\/#\/schema\/logo\/image\/\"},\"sameAs\":[\"https:\/\/www.facebook.com\/eumedbridge\/\",\"https:\/\/x.com\/eumedbridge\",\"https:\/\/www.linkedin.com\/company\/eumedbridge\",\"https:\/\/www.youtube.com\/@eumedbridge\",\"https:\/\/www.instagram.com\/eumedbridge\",\"https:\/\/www.flickr.com\/photos\/euneighbours-south\/\"]}]}<\/script>\n<!-- \/ Yoast SEO plugin. -->","yoast_head_json":{"title":"3Q TALKS: DG MENA - Voisins de l'UE","robots":{"index":"index","follow":"follow","max-snippet":"max-snippet:-1","max-image-preview":"max-image-preview:large","max-video-preview":"max-video-preview:-1"},"canonical":"https:\/\/www.eumedbridge.eu\/fr\/ecard\/3q-talks-dg-mena\/","og_locale":"fr_FR","og_type":"article","og_title":"3Q TALKS: DG MENA - Voisins de l'UE","og_description":"De nouveaux partenariats, une ambition partag\u00e9e, l\u2019innovation des jeunes et bien plus encore ! Stefano Sannino, Directeur g\u00e9n\u00e9ral pour le Moyen-Orient, l\u2019Afrique du Nord et le Golfe (DG MENA), explique comment cette nouvelle entit\u00e9 marque un tournant dans l\u2019approche de l\u2019Union europ\u00e9enne envers son voisinage m\u00e9ridional. En mettant l\u2019accent sur des partenariats \u00e9quilibr\u00e9s et porteurs [&hellip;]","og_url":"https:\/\/www.eumedbridge.eu\/fr\/ecard\/3q-talks-dg-mena\/","og_site_name":"Voisins de l'UE","article_publisher":"https:\/\/www.facebook.com\/eumedbridge\/","article_modified_time":"2025-05-23T08:54:50+00:00","og_image":[{"width":2500,"height":2500,"url":"https:\/\/www.eumedbridge.eu\/wp-content\/uploads\/2025\/05\/3Q-DG-MENA-1.png","type":"image\/png"}],"twitter_card":"summary_large_image","twitter_site":"@eumedbridge","twitter_misc":{"Dur\u00e9e de lecture estim\u00e9e":"3 minutes"},"schema":{"@context":"https:\/\/schema.org","@graph":[{"@type":"WebPage","@id":"https:\/\/www.eumedbridge.eu\/fr\/ecard\/3q-talks-dg-mena\/","url":"https:\/\/www.eumedbridge.eu\/fr\/ecard\/3q-talks-dg-mena\/","name":"3Q TALKS: DG MENA - Voisins de l'UE","isPartOf":{"@id":"https:\/\/www.eumedbridge.eu\/#website"},"primaryImageOfPage":{"@id":"https:\/\/www.eumedbridge.eu\/fr\/ecard\/3q-talks-dg-mena\/#primaryimage"},"image":{"@id":"https:\/\/www.eumedbridge.eu\/fr\/ecard\/3q-talks-dg-mena\/#primaryimage"},"thumbnailUrl":"https:\/\/www.eumedbridge.eu\/wp-content\/uploads\/2025\/05\/3Q-DG-MENA-1.png","datePublished":"2025-05-14T12:40:04+00:00","dateModified":"2025-05-23T08:54:50+00:00","breadcrumb":{"@id":"https:\/\/www.eumedbridge.eu\/fr\/ecard\/3q-talks-dg-mena\/#breadcrumb"},"inLanguage":"fr-FR","potentialAction":[{"@type":"ReadAction","target":["https:\/\/www.eumedbridge.eu\/fr\/ecard\/3q-talks-dg-mena\/"]}]},{"@type":"ImageObject","inLanguage":"fr-FR","@id":"https:\/\/www.eumedbridge.eu\/fr\/ecard\/3q-talks-dg-mena\/#primaryimage","url":"https:\/\/www.eumedbridge.eu\/wp-content\/uploads\/2025\/05\/3Q-DG-MENA-1.png","contentUrl":"https:\/\/www.eumedbridge.eu\/wp-content\/uploads\/2025\/05\/3Q-DG-MENA-1.png","width":2500,"height":2500},{"@type":"BreadcrumbList","@id":"https:\/\/www.eumedbridge.eu\/fr\/ecard\/3q-talks-dg-mena\/#breadcrumb","itemListElement":[{"@type":"ListItem","position":1,"name":"Home","item":"https:\/\/www.eumedbridge.eu\/fr\/home-page\/"},{"@type":"ListItem","position":2,"name":"E-cards","item":"https:\/\/www.eumedbridge.eu\/ecard\/"},{"@type":"ListItem","position":3,"name":"3Q TALKS: DG MENA"}]},{"@type":"WebSite","@id":"https:\/\/www.eumedbridge.eu\/#website","url":"https:\/\/www.eumedbridge.eu\/","name":"EU Medbridge","description":"","publisher":{"@id":"https:\/\/www.eumedbridge.eu\/#organization"},"potentialAction":[{"@type":"SearchAction","target":{"@type":"EntryPoint","urlTemplate":"https:\/\/www.eumedbridge.eu\/?s={search_term_string}"},"query-input":{"@type":"PropertyValueSpecification","valueRequired":true,"valueName":"search_term_string"}}],"inLanguage":"fr-FR"},{"@type":"Organization","@id":"https:\/\/www.eumedbridge.eu\/#organization","name":"EU Medbridge","url":"https:\/\/www.eumedbridge.eu\/","logo":{"@type":"ImageObject","inLanguage":"fr-FR","@id":"https:\/\/www.eumedbridge.eu\/#\/schema\/logo\/image\/","url":"https:\/\/www.eumedbridge.eu\/wp-content\/uploads\/2021\/12\/Logo.png","contentUrl":"https:\/\/www.eumedbridge.eu\/wp-content\/uploads\/2021\/12\/Logo.png","width":325,"height":114,"caption":"EU Medbridge"},"image":{"@id":"https:\/\/www.eumedbridge.eu\/#\/schema\/logo\/image\/"},"sameAs":["https:\/\/www.facebook.com\/eumedbridge\/","https:\/\/x.com\/eumedbridge","https:\/\/www.linkedin.com\/company\/eumedbridge","https:\/\/www.youtube.com\/@eumedbridge","https:\/\/www.instagram.com\/eumedbridge","https:\/\/www.flickr.com\/photos\/euneighbours-south\/"]}]}},"_links":{"self":[{"href":"https:\/\/www.eumedbridge.eu\/fr\/wp-json\/wp\/v2\/ecard\/239321","targetHints":{"allow":["GET"]}}],"collection":[{"href":"https:\/\/www.eumedbridge.eu\/fr\/wp-json\/wp\/v2\/ecard"}],"about":[{"href":"https:\/\/www.eumedbridge.eu\/fr\/wp-json\/wp\/v2\/types\/ecard"}],"wp:featuredmedia":[{"embeddable":true,"href":"https:\/\/www.eumedbridge.eu\/fr\/wp-json\/wp\/v2\/media\/239320"}],"wp:attachment":[{"href":"https:\/\/www.eumedbridge.eu\/fr\/wp-json\/wp\/v2\/media?parent=239321"}],"wp:term":[{"taxonomy":"ecard_category","embeddable":true,"href":"https:\/\/www.eumedbridge.eu\/fr\/wp-json\/wp\/v2\/ecard_category?post=239321"},{"taxonomy":"country","embeddable":true,"href":"https:\/\/www.eumedbridge.eu\/fr\/wp-json\/wp\/v2\/country?post=239321"},{"taxonomy":"special_action","embeddable":true,"href":"https:\/\/www.eumedbridge.eu\/fr\/wp-json\/wp\/v2\/special_action?post=239321"},{"taxonomy":"custom_tag","embeddable":true,"href":"https:\/\/www.eumedbridge.eu\/fr\/wp-json\/wp\/v2\/custom_tag?post=239321"}],"curies":[{"name":"wp","href":"https:\/\/api.w.org\/{rel}","templated":true}]}}