{"id":168192,"date":"2018-06-04T00:00:00","date_gmt":"2018-06-03T21:00:00","guid":{"rendered":"http:\/\/south.euneighbours.eu\/opportunity\/gestionnaire-de-politique-pour-les-affaires-culturelles-et-la-communication-delegation-de-lue-en-algerie\/"},"modified":"2022-07-07T18:31:36","modified_gmt":"2022-07-07T15:31:36","slug":"gestionnaire-de-politique-pour-les-affaires-culturelles-et-la","status":"publish","type":"opportunity","link":"https:\/\/www.eumedbridge.eu\/fr\/opportunity\/gestionnaire-de-politique-pour-les-affaires-culturelles-et-la\/","title":{"rendered":"Gestionnaire de Politique pour les affaires culturelles et la communication, D\u00e9l\u00e9gation de l&rsquo;UE en Alg\u00e9rie"},"content":{"rendered":"<p>La D\u00e9l\u00e9gation de l&rsquo;Union europ\u00e9enne \u00e0 Alger souhaite recruter: <strong>Gestionnaire de Politique (affaires culturelles) \u00e0 la Section Politique, Information et Presse<\/strong><\/p>\n<p><strong>L&rsquo;offre : <\/strong><\/p>\n<p>Un poste de gestionnaire de politique \u00e0 la section politique, presse et information. Lors du recrutement, le\/la candidat\/e retenu\/e occupera une fonction de travail sp\u00e9cifique en tant que Gestionnaire de Politiques (culturelles et de communication). Cette fonction de travail peut \u00eatre modifi\u00e9e en fonction des besoins de la D\u00e9l\u00e9gation de l&rsquo;UE.<\/p>\n<p>Sous la direction et coordination du Conseiller responsable pour les affaires culturelles, participer \u00e0 la conception, assurer l&rsquo;organisation, la mise en \u0153uvre et le suivi des \u00e9v\u00e9nements et activit\u00e9s culturelles et de communication de la D\u00e9l\u00e9gation. Participer \u00e0 la r\u00e9daction des publications, newsletter et aux Activit\u00e9s d&rsquo;information de la D\u00e9l\u00e9gation. Sous la supervision et la responsabilit\u00e9 du Chef de Section le candidat aura les t\u00e2ches et responsabilit\u00e9s suivantes :<\/p>\n<p><strong>Contenu sp\u00e9cifique<\/strong> : COMMUNICATION et PUBLICATION<\/p>\n<p>a) <strong><em>actions de communication, culturelles et de visibilit\u00e9 externe<\/em><\/strong>:<\/p>\n<ul>\n<li>Concevoir, organiser, mettre en \u0153uvre, suivre et \u00e9valuer le programme annuel des \u00e9v\u00e8nements et activit\u00e9s culturelles dans le cadre de la diplomatie culturelle men\u00e9e par la D\u00e9l\u00e9gation (y inclus les salons, les expositions, les publications et les campagnes de sensibilisation).<\/li>\n<li>Organiser ces actions en collaboration avec les missions diplomatiques des Etats membres; Etablir des contacts avec les organismes culturels publics et priv\u00e9s, les m\u00e9dias et les acteurs du secteur.<\/li>\n<li>Appuyer les actions de visibilit\u00e9 des projets et programmes de coop\u00e9ration mis en \u0153uvre sous financement europ\u00e9en, y compris le contenu et format des mat\u00e9riels promotionnels, en accord avec le guide \u00ab visibilit\u00e9 des actions de coop\u00e9ration ext\u00e9rieure \u00bb et les autres documents d&rsquo;orientation pertinents.<\/li>\n<li>Pr\u00e9parer et mettre \u00e0 jour le contenu du site internet de la D\u00e9l\u00e9gation, avec la collaboration des autres sections, en utilisant les informations et le mat\u00e9riel pertinent, y compris la publication des march\u00e9s (Appels d&rsquo;offres, appels \u00e0 propositions, etc \u2026) sur la base des informations transmises par les coll\u00e8gues de la D\u00e9l\u00e9gation et par le si\u00e8ge.<\/li>\n<\/ul>\n<p><strong><em>b) actions de communication interne<\/em><\/strong> (en l&rsquo;absence du coll\u00e8gue en charge):<\/p>\n<ul>\n<li>Reporting au si\u00e8ge; r\u00e9diger la revue de la presse alg\u00e9rienne quotidienne; pr\u00e9parer des notes d\u2019information ad-hoc lorsque de besoin; coordonner la collecte et la mise \u00e0 jour des informations et pr\u00e9parer les dossiers de briefing lors des visites de haut niveau (Commissaires, DG, Parlementaires europ\u00e9ens, etc \u2026).<\/li>\n<li>R\u00e9diger le mat\u00e9riel d\u2019information de la D\u00e9l\u00e9gation en coordination avec les coll\u00e8gues des diff\u00e9rentes sections et les directions des projets de coop\u00e9ration.<\/li>\n<li>Coordonner la publication de la Newsletter de la D\u00e9l\u00e9gation, r\u00e9diger des articles, en particulier dans le domaine des relations entre l\u2019UE et l\u2019Alg\u00e9rie et les politiques europ\u00e9ennes, etc.<\/li>\n<li>Aider \u00e0 la pr\u00e9paration de dossiers pour les m\u00e9dias (conf\u00e9rence de presse, interviews, note de briefing, etc \u2026) en coop\u00e9ration avec les diff\u00e9rentes sections op\u00e9rationnelles.<\/li>\n<li>Rassembler, classer, cataloguer les publications communautaires notamment celles relatives \u00e0 la coop\u00e9ration et aux diff\u00e9rentes politiques des Institutions europ\u00e9ennes.<\/li>\n<\/ul>\n<p>\u00a0<\/p>\n","protected":false},"featured_media":0,"parent":0,"template":"","opportunity_category":[2053],"country":[1946],"special_action":[],"custom_tag":[],"class_list":["post-168192","opportunity","type-opportunity","status-publish","hentry","country-algerie"],"acf":[],"yoast_head":"<!-- This site is optimized with the Yoast SEO plugin v26.5 - https:\/\/yoast.com\/wordpress\/plugins\/seo\/ -->\n<title>Gestionnaire de Politique pour les affaires culturelles et la communication, D\u00e9l\u00e9gation de l&#039;UE en Alg\u00e9rie - Voisins de l&#039;UE<\/title>\n<meta name=\"robots\" content=\"index, follow, max-snippet:-1, max-image-preview:large, max-video-preview:-1\" \/>\n<link rel=\"canonical\" href=\"https:\/\/www.eumedbridge.eu\/fr\/opportunity\/gestionnaire-de-politique-pour-les-affaires-culturelles-et-la\/\" \/>\n<meta property=\"og:locale\" content=\"fr_FR\" \/>\n<meta property=\"og:type\" content=\"article\" \/>\n<meta property=\"og:title\" content=\"Gestionnaire de Politique pour les affaires culturelles et la communication, D\u00e9l\u00e9gation de l&#039;UE en Alg\u00e9rie - Voisins de l&#039;UE\" \/>\n<meta property=\"og:description\" content=\"La D\u00e9l\u00e9gation de l&rsquo;Union europ\u00e9enne \u00e0 Alger souhaite recruter: Gestionnaire de Politique (affaires culturelles) \u00e0 la Section Politique, Information et Presse L&rsquo;offre : Un poste de gestionnaire de politique \u00e0 la section politique, presse et information. Lors du recrutement, le\/la candidat\/e retenu\/e occupera une fonction de travail sp\u00e9cifique en tant que Gestionnaire de Politiques (culturelles [&hellip;]\" \/>\n<meta property=\"og:url\" content=\"https:\/\/www.eumedbridge.eu\/fr\/opportunity\/gestionnaire-de-politique-pour-les-affaires-culturelles-et-la\/\" \/>\n<meta property=\"og:site_name\" content=\"Voisins de l&#039;UE\" \/>\n<meta property=\"article:publisher\" content=\"https:\/\/www.facebook.com\/eumedbridge\/\" \/>\n<meta property=\"article:modified_time\" content=\"2022-07-07T15:31:36+00:00\" \/>\n<meta property=\"og:image\" content=\"https:\/\/www.eumedbridge.eu\/wp-content\/uploads\/2022\/03\/UE-Algerie2-13.jpg\" \/>\n\t<meta property=\"og:image:width\" content=\"500\" \/>\n\t<meta property=\"og:image:height\" content=\"375\" \/>\n\t<meta property=\"og:image:type\" content=\"image\/jpeg\" \/>\n<meta name=\"twitter:card\" content=\"summary_large_image\" \/>\n<meta name=\"twitter:site\" content=\"@eumedbridge\" \/>\n<meta name=\"twitter:label1\" content=\"Dur\u00e9e de lecture estim\u00e9e\" \/>\n\t<meta name=\"twitter:data1\" content=\"3 minutes\" \/>\n<script type=\"application\/ld+json\" class=\"yoast-schema-graph\">{\"@context\":\"https:\/\/schema.org\",\"@graph\":[{\"@type\":\"WebPage\",\"@id\":\"https:\/\/www.eumedbridge.eu\/fr\/opportunity\/gestionnaire-de-politique-pour-les-affaires-culturelles-et-la\/\",\"url\":\"https:\/\/www.eumedbridge.eu\/fr\/opportunity\/gestionnaire-de-politique-pour-les-affaires-culturelles-et-la\/\",\"name\":\"Gestionnaire de Politique pour les affaires culturelles et la communication, D\u00e9l\u00e9gation de l'UE en Alg\u00e9rie - Voisins de l'UE\",\"isPartOf\":{\"@id\":\"https:\/\/www.eumedbridge.eu\/#website\"},\"datePublished\":\"2018-06-03T21:00:00+00:00\",\"dateModified\":\"2022-07-07T15:31:36+00:00\",\"breadcrumb\":{\"@id\":\"https:\/\/www.eumedbridge.eu\/fr\/opportunity\/gestionnaire-de-politique-pour-les-affaires-culturelles-et-la\/#breadcrumb\"},\"inLanguage\":\"fr-FR\",\"potentialAction\":[{\"@type\":\"ReadAction\",\"target\":[\"https:\/\/www.eumedbridge.eu\/fr\/opportunity\/gestionnaire-de-politique-pour-les-affaires-culturelles-et-la\/\"]}]},{\"@type\":\"BreadcrumbList\",\"@id\":\"https:\/\/www.eumedbridge.eu\/fr\/opportunity\/gestionnaire-de-politique-pour-les-affaires-culturelles-et-la\/#breadcrumb\",\"itemListElement\":[{\"@type\":\"ListItem\",\"position\":1,\"name\":\"Home\",\"item\":\"https:\/\/www.eumedbridge.eu\/fr\/home-page\/\"},{\"@type\":\"ListItem\",\"position\":2,\"name\":\"Opportunities\",\"item\":\"https:\/\/www.eumedbridge.eu\/opportunity\/\"},{\"@type\":\"ListItem\",\"position\":3,\"name\":\"Gestionnaire de Politique pour les affaires culturelles et la communication, D\u00e9l\u00e9gation de l&rsquo;UE en Alg\u00e9rie\"}]},{\"@type\":\"WebSite\",\"@id\":\"https:\/\/www.eumedbridge.eu\/#website\",\"url\":\"https:\/\/www.eumedbridge.eu\/\",\"name\":\"EU Medbridge\",\"description\":\"\",\"publisher\":{\"@id\":\"https:\/\/www.eumedbridge.eu\/#organization\"},\"potentialAction\":[{\"@type\":\"SearchAction\",\"target\":{\"@type\":\"EntryPoint\",\"urlTemplate\":\"https:\/\/www.eumedbridge.eu\/?s={search_term_string}\"},\"query-input\":{\"@type\":\"PropertyValueSpecification\",\"valueRequired\":true,\"valueName\":\"search_term_string\"}}],\"inLanguage\":\"fr-FR\"},{\"@type\":\"Organization\",\"@id\":\"https:\/\/www.eumedbridge.eu\/#organization\",\"name\":\"EU Medbridge\",\"url\":\"https:\/\/www.eumedbridge.eu\/\",\"logo\":{\"@type\":\"ImageObject\",\"inLanguage\":\"fr-FR\",\"@id\":\"https:\/\/www.eumedbridge.eu\/#\/schema\/logo\/image\/\",\"url\":\"https:\/\/www.eumedbridge.eu\/wp-content\/uploads\/2021\/12\/Logo.png\",\"contentUrl\":\"https:\/\/www.eumedbridge.eu\/wp-content\/uploads\/2021\/12\/Logo.png\",\"width\":325,\"height\":114,\"caption\":\"EU Medbridge\"},\"image\":{\"@id\":\"https:\/\/www.eumedbridge.eu\/#\/schema\/logo\/image\/\"},\"sameAs\":[\"https:\/\/www.facebook.com\/eumedbridge\/\",\"https:\/\/x.com\/eumedbridge\",\"https:\/\/www.linkedin.com\/company\/eumedbridge\",\"https:\/\/www.youtube.com\/@eumedbridge\",\"https:\/\/www.instagram.com\/eumedbridge\",\"https:\/\/www.flickr.com\/photos\/euneighbours-south\/\"]}]}<\/script>\n<!-- \/ Yoast SEO plugin. -->","yoast_head_json":{"title":"Gestionnaire de Politique pour les affaires culturelles et la communication, D\u00e9l\u00e9gation de l'UE en Alg\u00e9rie - Voisins de l'UE","robots":{"index":"index","follow":"follow","max-snippet":"max-snippet:-1","max-image-preview":"max-image-preview:large","max-video-preview":"max-video-preview:-1"},"canonical":"https:\/\/www.eumedbridge.eu\/fr\/opportunity\/gestionnaire-de-politique-pour-les-affaires-culturelles-et-la\/","og_locale":"fr_FR","og_type":"article","og_title":"Gestionnaire de Politique pour les affaires culturelles et la communication, D\u00e9l\u00e9gation de l'UE en Alg\u00e9rie - Voisins de l'UE","og_description":"La D\u00e9l\u00e9gation de l&rsquo;Union europ\u00e9enne \u00e0 Alger souhaite recruter: Gestionnaire de Politique (affaires culturelles) \u00e0 la Section Politique, Information et Presse L&rsquo;offre : Un poste de gestionnaire de politique \u00e0 la section politique, presse et information. Lors du recrutement, le\/la candidat\/e retenu\/e occupera une fonction de travail sp\u00e9cifique en tant que Gestionnaire de Politiques (culturelles [&hellip;]","og_url":"https:\/\/www.eumedbridge.eu\/fr\/opportunity\/gestionnaire-de-politique-pour-les-affaires-culturelles-et-la\/","og_site_name":"Voisins de l'UE","article_publisher":"https:\/\/www.facebook.com\/eumedbridge\/","article_modified_time":"2022-07-07T15:31:36+00:00","og_image":[{"width":500,"height":375,"url":"https:\/\/www.eumedbridge.eu\/wp-content\/uploads\/2022\/03\/UE-Algerie2-13.jpg","type":"image\/jpeg"}],"twitter_card":"summary_large_image","twitter_site":"@eumedbridge","twitter_misc":{"Dur\u00e9e de lecture estim\u00e9e":"3 minutes"},"schema":{"@context":"https:\/\/schema.org","@graph":[{"@type":"WebPage","@id":"https:\/\/www.eumedbridge.eu\/fr\/opportunity\/gestionnaire-de-politique-pour-les-affaires-culturelles-et-la\/","url":"https:\/\/www.eumedbridge.eu\/fr\/opportunity\/gestionnaire-de-politique-pour-les-affaires-culturelles-et-la\/","name":"Gestionnaire de Politique pour les affaires culturelles et la communication, D\u00e9l\u00e9gation de l'UE en Alg\u00e9rie - Voisins de l'UE","isPartOf":{"@id":"https:\/\/www.eumedbridge.eu\/#website"},"datePublished":"2018-06-03T21:00:00+00:00","dateModified":"2022-07-07T15:31:36+00:00","breadcrumb":{"@id":"https:\/\/www.eumedbridge.eu\/fr\/opportunity\/gestionnaire-de-politique-pour-les-affaires-culturelles-et-la\/#breadcrumb"},"inLanguage":"fr-FR","potentialAction":[{"@type":"ReadAction","target":["https:\/\/www.eumedbridge.eu\/fr\/opportunity\/gestionnaire-de-politique-pour-les-affaires-culturelles-et-la\/"]}]},{"@type":"BreadcrumbList","@id":"https:\/\/www.eumedbridge.eu\/fr\/opportunity\/gestionnaire-de-politique-pour-les-affaires-culturelles-et-la\/#breadcrumb","itemListElement":[{"@type":"ListItem","position":1,"name":"Home","item":"https:\/\/www.eumedbridge.eu\/fr\/home-page\/"},{"@type":"ListItem","position":2,"name":"Opportunities","item":"https:\/\/www.eumedbridge.eu\/opportunity\/"},{"@type":"ListItem","position":3,"name":"Gestionnaire de Politique pour les affaires culturelles et la communication, D\u00e9l\u00e9gation de l&rsquo;UE en Alg\u00e9rie"}]},{"@type":"WebSite","@id":"https:\/\/www.eumedbridge.eu\/#website","url":"https:\/\/www.eumedbridge.eu\/","name":"EU Medbridge","description":"","publisher":{"@id":"https:\/\/www.eumedbridge.eu\/#organization"},"potentialAction":[{"@type":"SearchAction","target":{"@type":"EntryPoint","urlTemplate":"https:\/\/www.eumedbridge.eu\/?s={search_term_string}"},"query-input":{"@type":"PropertyValueSpecification","valueRequired":true,"valueName":"search_term_string"}}],"inLanguage":"fr-FR"},{"@type":"Organization","@id":"https:\/\/www.eumedbridge.eu\/#organization","name":"EU Medbridge","url":"https:\/\/www.eumedbridge.eu\/","logo":{"@type":"ImageObject","inLanguage":"fr-FR","@id":"https:\/\/www.eumedbridge.eu\/#\/schema\/logo\/image\/","url":"https:\/\/www.eumedbridge.eu\/wp-content\/uploads\/2021\/12\/Logo.png","contentUrl":"https:\/\/www.eumedbridge.eu\/wp-content\/uploads\/2021\/12\/Logo.png","width":325,"height":114,"caption":"EU Medbridge"},"image":{"@id":"https:\/\/www.eumedbridge.eu\/#\/schema\/logo\/image\/"},"sameAs":["https:\/\/www.facebook.com\/eumedbridge\/","https:\/\/x.com\/eumedbridge","https:\/\/www.linkedin.com\/company\/eumedbridge","https:\/\/www.youtube.com\/@eumedbridge","https:\/\/www.instagram.com\/eumedbridge","https:\/\/www.flickr.com\/photos\/euneighbours-south\/"]}]}},"_links":{"self":[{"href":"https:\/\/www.eumedbridge.eu\/fr\/wp-json\/wp\/v2\/opportunity\/168192","targetHints":{"allow":["GET"]}}],"collection":[{"href":"https:\/\/www.eumedbridge.eu\/fr\/wp-json\/wp\/v2\/opportunity"}],"about":[{"href":"https:\/\/www.eumedbridge.eu\/fr\/wp-json\/wp\/v2\/types\/opportunity"}],"wp:attachment":[{"href":"https:\/\/www.eumedbridge.eu\/fr\/wp-json\/wp\/v2\/media?parent=168192"}],"wp:term":[{"taxonomy":"opportunity_category","embeddable":true,"href":"https:\/\/www.eumedbridge.eu\/fr\/wp-json\/wp\/v2\/opportunity_category?post=168192"},{"taxonomy":"country","embeddable":true,"href":"https:\/\/www.eumedbridge.eu\/fr\/wp-json\/wp\/v2\/country?post=168192"},{"taxonomy":"special_action","embeddable":true,"href":"https:\/\/www.eumedbridge.eu\/fr\/wp-json\/wp\/v2\/special_action?post=168192"},{"taxonomy":"custom_tag","embeddable":true,"href":"https:\/\/www.eumedbridge.eu\/fr\/wp-json\/wp\/v2\/custom_tag?post=168192"}],"curies":[{"name":"wp","href":"https:\/\/api.w.org\/{rel}","templated":true}]}}