{"id":168316,"date":"2020-02-17T00:00:00","date_gmt":"2020-02-16T22:00:00","guid":{"rendered":"http:\/\/south.euneighbours.eu\/opportunity\/appel-a-projets-pour-les-entreprises-fonds-dengagement-culturel-local-2020-projet-tfanen-tunisie-creative\/"},"modified":"2022-07-07T18:32:33","modified_gmt":"2022-07-07T15:32:33","slug":"appel-projets-pour-les-entreprises-fonds-dengagement-culturel-local","status":"publish","type":"opportunity","link":"https:\/\/www.eumedbridge.eu\/fr\/opportunity\/appel-projets-pour-les-entreprises-fonds-dengagement-culturel-local\/","title":{"rendered":"Appel \u00e0 projets pour les entreprises : Fonds d\u2019Engagement Culturel Local 2020, Projet Tfanen-Tunisie Cr\u00e9ative"},"content":{"rendered":"<p><strong>Tfanen-Tunisie Cr\u00e9ative\u00a0<\/strong>lance un nouvel appel \u00e0 projets pour les entreprises culturelles dans le cadre du fonds d\u2019Engagement Culturel Local en Tunisie (FECLT) 2020.<\/p>\n<ul>\n<li>Plus de d\u00e9tails sont fournis dans les lignes directrices en fran\u00e7ais et en arabe :\n<ul>\n<li><a href=\"http:\/\/www.tfanen.org\/wp-content\/uploads\/2020\/02\/Lignes-directrices-Tfanen-Tunisie-Creative-FECLT-2020.pdf\">Lignes-directrices-Tfanen-Tunisie-Creative-FECLT-2020<\/a><\/li>\n<li><a href=\"http:\/\/www.tfanen.org\/wp-content\/uploads\/2020\/02\/\u0627\u0644\u062a\u0648\u062c\u064a\u0647\u0627\u062a-\u0627\u0644\u0623\u0633\u0627\u0633\u064a\u0629-\u0635\u0646\u062f\u0648\u0642-\u0627\u0644\u062a\u0648\u0627\u0635\u0644-\u0627\u0644\u062b\u0642\u0627\u0641\u064a-\u0627\u0644\u0645\u062d\u0644\u064a-\u0641\u064a-\u062a\u0648\u0646\u06332020-1.pdf\">\u0627\u0644\u062a\u0648\u062c\u064a\u0647\u0627\u062a \u0627\u0644\u0623\u0633\u0627\u0633\u064a\u0629 \u0635\u0646\u062f\u0648\u0642 \u0627\u0644\u062a\u0648\u0627\u0635\u0644 \u0627\u0644\u062b\u0642\u0627\u0641\u064a \u0627\u0644\u0645\u062d\u0644\u064a \u0641\u064a \u062a\u0648\u0646\u06332020<\/a><\/li>\n<\/ul>\n<\/li>\n<li>Les candidatures doivent \u00eatre d\u00e9pos\u00e9es en ligne en fran\u00e7ais ou en arabe :\n<ul>\n<li><a href=\"https:\/\/britishcouncil2.formstack.com\/forms\/fonds_d_engagement_culturel_local_2020_entreprises_culturelles_fr\"><strong>Formulaire de \u00a0Candidature FECLT 2020<\/strong><\/a><\/li>\n<li><a href=\"https:\/\/britishcouncil2.formstack.com\/forms\/fonds_d_engagement_culturel_local_2020_entreprises_culturelles_ar\">\u0625\u0633\u062a\u0645\u0627\u0631\u0629 \u0627\u0644\u062a\u0631\u0634\u062d\u00a0\u0635\u0646\u062f\u0648\u0642 \u0627\u0644\u062a\u0648\u0627\u0635\u0644 \u0627\u0644\u062b\u0642\u0627\u0641\u064a \u0627\u0644\u0645\u062d\u0644\u064a \u0641\u064a \u062a\u0648\u0646\u0633 2020<\/a><\/li>\n<\/ul>\n<\/li>\n<li>Les candidatures doivent \u00eatre accompagn\u00e9es :\n<ul>\n<li><a href=\"http:\/\/www.tfanen.org\/wp-content\/uploads\/2020\/02\/Formulaire-budget.xlsx\">du formulaire de proposition de budget<\/a><\/li>\n<li><a href=\"http:\/\/www.tfanen.org\/wp-content\/uploads\/2020\/02\/T\u00e9l\u00e9chargement-du-Formulaire-Protection-des-donn\u00e9es-et-libert\u00e9-dinformation-\u0627\u0633\u062a\u0645\u0627\u0631\u0629-\u062d\u0645\u0627\u064a\u0629-\u0627\u0644\u0645\u0639\u0644\u0648\u0645\u0627\u062a-\u0648-\u062d\u0631\u064a\u0629-\u0627\u0633\u062a\u063a\u0644\u0627\u0644\u0647\u0627.docx\">du formulaire de Protection des donn\u00e9es et libert\u00e9 d\u2019information\u00a0<\/a><\/li>\n<\/ul>\n<\/li>\n<\/ul>\n<h5><strong>Eligibilit\u00e9 :<\/strong><\/h5>\n<p>Le demandeur doit \u00eatre :<\/p>\n<ul>\n<li>\u00a0une entreprise culturelle l\u00e9galement cr\u00e9\u00e9e et \u00e9tablie en Tunisie avec au moins deux (2) ann\u00e9es d\u2019existence \u00e0 la date de publication de cet appel \u00e0 propositions (14 f\u00e9vrier 2020), le registre du commerce faisant foi et ayant un chiffre d\u2019affaires moyen sup\u00e9rieur ou \u00e9gal \u00e0 30,000 TND<\/li>\n<\/ul>\n<h5><span><strong>Aspects financiers :<\/strong><\/span><\/h5>\n<p>L\u2019enveloppe totale allou\u00e9e au pr\u00e9sent appel du fonds d\u2019engagement culturel local en Tunisie est d\u2019environ 300 000 euros (940 000 TND environ). <strong>Tfanen \u2013 Tunisie Cr\u00e9ative<\/strong> se r\u00e9serve la possibilit\u00e9 de ne pas attribuer tous les fonds disponibles lors de cet appel.<\/p>\n<p>\u00a0<\/p>\n<p>Toute demande de subvention dans le cadre du pr\u00e9sent appel \u00e0 propositions doit \u00eatre comprise entre les montants minimum et maximum suivants :<\/p>\n<ul>\n<li>Minimum de 30,000 TND par projet<\/li>\n<li>Maximum de 300,000 TND par projet<\/li>\n<\/ul>\n<h5><span><strong>Objectifs du Fonds d\u2019Engagement Culturel Local 2020 :<\/strong><\/span><\/h5>\n<p>Cet appel du fonds d\u2019engagement culturel local en Tunisie est destin\u00e9 aux entreprises culturelles. En coh\u00e9rence avec les Objectifs de D\u00e9veloppement Durable des Nations Unies, il cherche \u00e0 rapprocher la culture des citoyens, et \u00e0 impulser une approche collaborative locale,au service d\u2019un \u00e9cosyst\u00e8me \u00e9conomique, culturel et social au sein duquel tous les acteurs (citoyens, soci\u00e9t\u00e9 civile, secteur priv\u00e9 et institutions publiques) ont leur place et peuvent contribuer activement.<\/p>\n<p>Le fonds soutiendra des projets ayant un potentiel d\u2019impact en termes de d\u00e9centralisation et de d\u00e9veloppement durable de leurs secteurs ou territoires respectifs. Les aspects de structuration, de partenariats op\u00e9rationnels, de g\u00e9n\u00e9ration de revenus et de durabilit\u00e9 des projets seront particuli\u00e8rement valoris\u00e9s.<\/p>\n<p>Les projets propos\u00e9s devront n\u00e9cessairement contribuer \u00e0 un ou plusieurs des objectifs suivants :<\/p>\n<p>a) Favoriser la diversit\u00e9 sociale et culturelle, la participation citoyenne et l\u2019int\u00e9gration socio-culturelle des minorit\u00e9s.<\/p>\n<p>b) Appuyer l\u2019acc\u00e8s \u00e0 la culture dans les quartiers, les zones rurales, ou les r\u00e9gions recul\u00e9es.<\/p>\n","protected":false},"featured_media":117227,"parent":0,"template":"","opportunity_category":[2052],"country":[1955],"special_action":[],"custom_tag":[1874,1897],"class_list":["post-168316","opportunity","type-opportunity","status-publish","has-post-thumbnail","hentry","country-tunisie","custom_tag-culture-fr","custom_tag-medias"],"acf":[],"yoast_head":"<!-- This site is optimized with the Yoast SEO plugin v26.5 - https:\/\/yoast.com\/wordpress\/plugins\/seo\/ -->\n<title>Appel \u00e0 projets pour les entreprises : Fonds d\u2019Engagement Culturel Local 2020, Projet Tfanen-Tunisie Cr\u00e9ative - Voisins de l&#039;UE<\/title>\n<meta name=\"robots\" content=\"index, follow, max-snippet:-1, max-image-preview:large, max-video-preview:-1\" \/>\n<link rel=\"canonical\" href=\"https:\/\/www.eumedbridge.eu\/fr\/opportunity\/appel-projets-pour-les-entreprises-fonds-dengagement-culturel-local\/\" \/>\n<meta property=\"og:locale\" content=\"fr_FR\" \/>\n<meta property=\"og:type\" content=\"article\" \/>\n<meta property=\"og:title\" content=\"Appel \u00e0 projets pour les entreprises : Fonds d\u2019Engagement Culturel Local 2020, Projet Tfanen-Tunisie Cr\u00e9ative - Voisins de l&#039;UE\" \/>\n<meta property=\"og:description\" content=\"Tfanen-Tunisie Cr\u00e9ative\u00a0lance un nouvel appel \u00e0 projets pour les entreprises culturelles dans le cadre du fonds d\u2019Engagement Culturel Local en Tunisie (FECLT) 2020. Plus de d\u00e9tails sont fournis dans les lignes directrices en fran\u00e7ais et en arabe : Lignes-directrices-Tfanen-Tunisie-Creative-FECLT-2020 \u0627\u0644\u062a\u0648\u062c\u064a\u0647\u0627\u062a \u0627\u0644\u0623\u0633\u0627\u0633\u064a\u0629 \u0635\u0646\u062f\u0648\u0642 \u0627\u0644\u062a\u0648\u0627\u0635\u0644 \u0627\u0644\u062b\u0642\u0627\u0641\u064a \u0627\u0644\u0645\u062d\u0644\u064a \u0641\u064a \u062a\u0648\u0646\u06332020 Les candidatures doivent \u00eatre d\u00e9pos\u00e9es en ligne en [&hellip;]\" \/>\n<meta property=\"og:url\" content=\"https:\/\/www.eumedbridge.eu\/fr\/opportunity\/appel-projets-pour-les-entreprises-fonds-dengagement-culturel-local\/\" \/>\n<meta property=\"og:site_name\" content=\"Voisins de l&#039;UE\" \/>\n<meta property=\"article:publisher\" content=\"https:\/\/www.facebook.com\/eumedbridge\/\" \/>\n<meta property=\"article:modified_time\" content=\"2022-07-07T15:32:33+00:00\" \/>\n<meta property=\"og:image\" content=\"https:\/\/www.eumedbridge.eu\/wp-content\/uploads\/2022\/03\/Appel-a\u0300-projets-pour-les-entreprises.jpg\" \/>\n\t<meta property=\"og:image:width\" content=\"2000\" \/>\n\t<meta property=\"og:image:height\" content=\"1121\" \/>\n\t<meta property=\"og:image:type\" content=\"image\/jpeg\" \/>\n<meta name=\"twitter:card\" content=\"summary_large_image\" \/>\n<meta name=\"twitter:site\" content=\"@eumedbridge\" \/>\n<meta name=\"twitter:label1\" content=\"Dur\u00e9e de lecture estim\u00e9e\" \/>\n\t<meta name=\"twitter:data1\" content=\"2 minutes\" \/>\n<script type=\"application\/ld+json\" class=\"yoast-schema-graph\">{\"@context\":\"https:\/\/schema.org\",\"@graph\":[{\"@type\":\"WebPage\",\"@id\":\"https:\/\/www.eumedbridge.eu\/fr\/opportunity\/appel-projets-pour-les-entreprises-fonds-dengagement-culturel-local\/\",\"url\":\"https:\/\/www.eumedbridge.eu\/fr\/opportunity\/appel-projets-pour-les-entreprises-fonds-dengagement-culturel-local\/\",\"name\":\"Appel \u00e0 projets pour les entreprises : Fonds d\u2019Engagement Culturel Local 2020, Projet Tfanen-Tunisie Cr\u00e9ative - Voisins de l'UE\",\"isPartOf\":{\"@id\":\"https:\/\/www.eumedbridge.eu\/#website\"},\"primaryImageOfPage\":{\"@id\":\"https:\/\/www.eumedbridge.eu\/fr\/opportunity\/appel-projets-pour-les-entreprises-fonds-dengagement-culturel-local\/#primaryimage\"},\"image\":{\"@id\":\"https:\/\/www.eumedbridge.eu\/fr\/opportunity\/appel-projets-pour-les-entreprises-fonds-dengagement-culturel-local\/#primaryimage\"},\"thumbnailUrl\":\"https:\/\/www.eumedbridge.eu\/wp-content\/uploads\/2022\/03\/Appel-a\u0300-projets-pour-les-entreprises.jpg\",\"datePublished\":\"2020-02-16T22:00:00+00:00\",\"dateModified\":\"2022-07-07T15:32:33+00:00\",\"breadcrumb\":{\"@id\":\"https:\/\/www.eumedbridge.eu\/fr\/opportunity\/appel-projets-pour-les-entreprises-fonds-dengagement-culturel-local\/#breadcrumb\"},\"inLanguage\":\"fr-FR\",\"potentialAction\":[{\"@type\":\"ReadAction\",\"target\":[\"https:\/\/www.eumedbridge.eu\/fr\/opportunity\/appel-projets-pour-les-entreprises-fonds-dengagement-culturel-local\/\"]}]},{\"@type\":\"ImageObject\",\"inLanguage\":\"fr-FR\",\"@id\":\"https:\/\/www.eumedbridge.eu\/fr\/opportunity\/appel-projets-pour-les-entreprises-fonds-dengagement-culturel-local\/#primaryimage\",\"url\":\"https:\/\/www.eumedbridge.eu\/wp-content\/uploads\/2022\/03\/Appel-a\u0300-projets-pour-les-entreprises.jpg\",\"contentUrl\":\"https:\/\/www.eumedbridge.eu\/wp-content\/uploads\/2022\/03\/Appel-a\u0300-projets-pour-les-entreprises.jpg\",\"width\":2000,\"height\":1121},{\"@type\":\"BreadcrumbList\",\"@id\":\"https:\/\/www.eumedbridge.eu\/fr\/opportunity\/appel-projets-pour-les-entreprises-fonds-dengagement-culturel-local\/#breadcrumb\",\"itemListElement\":[{\"@type\":\"ListItem\",\"position\":1,\"name\":\"Home\",\"item\":\"https:\/\/www.eumedbridge.eu\/fr\/home-page\/\"},{\"@type\":\"ListItem\",\"position\":2,\"name\":\"Opportunities\",\"item\":\"https:\/\/www.eumedbridge.eu\/opportunity\/\"},{\"@type\":\"ListItem\",\"position\":3,\"name\":\"Appel \u00e0 projets pour les entreprises : Fonds d\u2019Engagement Culturel Local 2020, Projet Tfanen-Tunisie Cr\u00e9ative\"}]},{\"@type\":\"WebSite\",\"@id\":\"https:\/\/www.eumedbridge.eu\/#website\",\"url\":\"https:\/\/www.eumedbridge.eu\/\",\"name\":\"EU Medbridge\",\"description\":\"\",\"publisher\":{\"@id\":\"https:\/\/www.eumedbridge.eu\/#organization\"},\"potentialAction\":[{\"@type\":\"SearchAction\",\"target\":{\"@type\":\"EntryPoint\",\"urlTemplate\":\"https:\/\/www.eumedbridge.eu\/?s={search_term_string}\"},\"query-input\":{\"@type\":\"PropertyValueSpecification\",\"valueRequired\":true,\"valueName\":\"search_term_string\"}}],\"inLanguage\":\"fr-FR\"},{\"@type\":\"Organization\",\"@id\":\"https:\/\/www.eumedbridge.eu\/#organization\",\"name\":\"EU Medbridge\",\"url\":\"https:\/\/www.eumedbridge.eu\/\",\"logo\":{\"@type\":\"ImageObject\",\"inLanguage\":\"fr-FR\",\"@id\":\"https:\/\/www.eumedbridge.eu\/#\/schema\/logo\/image\/\",\"url\":\"https:\/\/www.eumedbridge.eu\/wp-content\/uploads\/2021\/12\/Logo.png\",\"contentUrl\":\"https:\/\/www.eumedbridge.eu\/wp-content\/uploads\/2021\/12\/Logo.png\",\"width\":325,\"height\":114,\"caption\":\"EU Medbridge\"},\"image\":{\"@id\":\"https:\/\/www.eumedbridge.eu\/#\/schema\/logo\/image\/\"},\"sameAs\":[\"https:\/\/www.facebook.com\/eumedbridge\/\",\"https:\/\/x.com\/eumedbridge\",\"https:\/\/www.linkedin.com\/company\/eumedbridge\",\"https:\/\/www.youtube.com\/@eumedbridge\",\"https:\/\/www.instagram.com\/eumedbridge\",\"https:\/\/www.flickr.com\/photos\/euneighbours-south\/\"]}]}<\/script>\n<!-- \/ Yoast SEO plugin. -->","yoast_head_json":{"title":"Appel \u00e0 projets pour les entreprises : Fonds d\u2019Engagement Culturel Local 2020, Projet Tfanen-Tunisie Cr\u00e9ative - Voisins de l'UE","robots":{"index":"index","follow":"follow","max-snippet":"max-snippet:-1","max-image-preview":"max-image-preview:large","max-video-preview":"max-video-preview:-1"},"canonical":"https:\/\/www.eumedbridge.eu\/fr\/opportunity\/appel-projets-pour-les-entreprises-fonds-dengagement-culturel-local\/","og_locale":"fr_FR","og_type":"article","og_title":"Appel \u00e0 projets pour les entreprises : Fonds d\u2019Engagement Culturel Local 2020, Projet Tfanen-Tunisie Cr\u00e9ative - Voisins de l'UE","og_description":"Tfanen-Tunisie Cr\u00e9ative\u00a0lance un nouvel appel \u00e0 projets pour les entreprises culturelles dans le cadre du fonds d\u2019Engagement Culturel Local en Tunisie (FECLT) 2020. Plus de d\u00e9tails sont fournis dans les lignes directrices en fran\u00e7ais et en arabe : Lignes-directrices-Tfanen-Tunisie-Creative-FECLT-2020 \u0627\u0644\u062a\u0648\u062c\u064a\u0647\u0627\u062a \u0627\u0644\u0623\u0633\u0627\u0633\u064a\u0629 \u0635\u0646\u062f\u0648\u0642 \u0627\u0644\u062a\u0648\u0627\u0635\u0644 \u0627\u0644\u062b\u0642\u0627\u0641\u064a \u0627\u0644\u0645\u062d\u0644\u064a \u0641\u064a \u062a\u0648\u0646\u06332020 Les candidatures doivent \u00eatre d\u00e9pos\u00e9es en ligne en [&hellip;]","og_url":"https:\/\/www.eumedbridge.eu\/fr\/opportunity\/appel-projets-pour-les-entreprises-fonds-dengagement-culturel-local\/","og_site_name":"Voisins de l'UE","article_publisher":"https:\/\/www.facebook.com\/eumedbridge\/","article_modified_time":"2022-07-07T15:32:33+00:00","og_image":[{"width":2000,"height":1121,"url":"https:\/\/www.eumedbridge.eu\/wp-content\/uploads\/2022\/03\/Appel-a\u0300-projets-pour-les-entreprises.jpg","type":"image\/jpeg"}],"twitter_card":"summary_large_image","twitter_site":"@eumedbridge","twitter_misc":{"Dur\u00e9e de lecture estim\u00e9e":"2 minutes"},"schema":{"@context":"https:\/\/schema.org","@graph":[{"@type":"WebPage","@id":"https:\/\/www.eumedbridge.eu\/fr\/opportunity\/appel-projets-pour-les-entreprises-fonds-dengagement-culturel-local\/","url":"https:\/\/www.eumedbridge.eu\/fr\/opportunity\/appel-projets-pour-les-entreprises-fonds-dengagement-culturel-local\/","name":"Appel \u00e0 projets pour les entreprises : Fonds d\u2019Engagement Culturel Local 2020, Projet Tfanen-Tunisie Cr\u00e9ative - Voisins de l'UE","isPartOf":{"@id":"https:\/\/www.eumedbridge.eu\/#website"},"primaryImageOfPage":{"@id":"https:\/\/www.eumedbridge.eu\/fr\/opportunity\/appel-projets-pour-les-entreprises-fonds-dengagement-culturel-local\/#primaryimage"},"image":{"@id":"https:\/\/www.eumedbridge.eu\/fr\/opportunity\/appel-projets-pour-les-entreprises-fonds-dengagement-culturel-local\/#primaryimage"},"thumbnailUrl":"https:\/\/www.eumedbridge.eu\/wp-content\/uploads\/2022\/03\/Appel-a\u0300-projets-pour-les-entreprises.jpg","datePublished":"2020-02-16T22:00:00+00:00","dateModified":"2022-07-07T15:32:33+00:00","breadcrumb":{"@id":"https:\/\/www.eumedbridge.eu\/fr\/opportunity\/appel-projets-pour-les-entreprises-fonds-dengagement-culturel-local\/#breadcrumb"},"inLanguage":"fr-FR","potentialAction":[{"@type":"ReadAction","target":["https:\/\/www.eumedbridge.eu\/fr\/opportunity\/appel-projets-pour-les-entreprises-fonds-dengagement-culturel-local\/"]}]},{"@type":"ImageObject","inLanguage":"fr-FR","@id":"https:\/\/www.eumedbridge.eu\/fr\/opportunity\/appel-projets-pour-les-entreprises-fonds-dengagement-culturel-local\/#primaryimage","url":"https:\/\/www.eumedbridge.eu\/wp-content\/uploads\/2022\/03\/Appel-a\u0300-projets-pour-les-entreprises.jpg","contentUrl":"https:\/\/www.eumedbridge.eu\/wp-content\/uploads\/2022\/03\/Appel-a\u0300-projets-pour-les-entreprises.jpg","width":2000,"height":1121},{"@type":"BreadcrumbList","@id":"https:\/\/www.eumedbridge.eu\/fr\/opportunity\/appel-projets-pour-les-entreprises-fonds-dengagement-culturel-local\/#breadcrumb","itemListElement":[{"@type":"ListItem","position":1,"name":"Home","item":"https:\/\/www.eumedbridge.eu\/fr\/home-page\/"},{"@type":"ListItem","position":2,"name":"Opportunities","item":"https:\/\/www.eumedbridge.eu\/opportunity\/"},{"@type":"ListItem","position":3,"name":"Appel \u00e0 projets pour les entreprises : Fonds d\u2019Engagement Culturel Local 2020, Projet Tfanen-Tunisie Cr\u00e9ative"}]},{"@type":"WebSite","@id":"https:\/\/www.eumedbridge.eu\/#website","url":"https:\/\/www.eumedbridge.eu\/","name":"EU Medbridge","description":"","publisher":{"@id":"https:\/\/www.eumedbridge.eu\/#organization"},"potentialAction":[{"@type":"SearchAction","target":{"@type":"EntryPoint","urlTemplate":"https:\/\/www.eumedbridge.eu\/?s={search_term_string}"},"query-input":{"@type":"PropertyValueSpecification","valueRequired":true,"valueName":"search_term_string"}}],"inLanguage":"fr-FR"},{"@type":"Organization","@id":"https:\/\/www.eumedbridge.eu\/#organization","name":"EU Medbridge","url":"https:\/\/www.eumedbridge.eu\/","logo":{"@type":"ImageObject","inLanguage":"fr-FR","@id":"https:\/\/www.eumedbridge.eu\/#\/schema\/logo\/image\/","url":"https:\/\/www.eumedbridge.eu\/wp-content\/uploads\/2021\/12\/Logo.png","contentUrl":"https:\/\/www.eumedbridge.eu\/wp-content\/uploads\/2021\/12\/Logo.png","width":325,"height":114,"caption":"EU Medbridge"},"image":{"@id":"https:\/\/www.eumedbridge.eu\/#\/schema\/logo\/image\/"},"sameAs":["https:\/\/www.facebook.com\/eumedbridge\/","https:\/\/x.com\/eumedbridge","https:\/\/www.linkedin.com\/company\/eumedbridge","https:\/\/www.youtube.com\/@eumedbridge","https:\/\/www.instagram.com\/eumedbridge","https:\/\/www.flickr.com\/photos\/euneighbours-south\/"]}]}},"_links":{"self":[{"href":"https:\/\/www.eumedbridge.eu\/fr\/wp-json\/wp\/v2\/opportunity\/168316","targetHints":{"allow":["GET"]}}],"collection":[{"href":"https:\/\/www.eumedbridge.eu\/fr\/wp-json\/wp\/v2\/opportunity"}],"about":[{"href":"https:\/\/www.eumedbridge.eu\/fr\/wp-json\/wp\/v2\/types\/opportunity"}],"wp:featuredmedia":[{"embeddable":true,"href":"https:\/\/www.eumedbridge.eu\/fr\/wp-json\/wp\/v2\/media\/117227"}],"wp:attachment":[{"href":"https:\/\/www.eumedbridge.eu\/fr\/wp-json\/wp\/v2\/media?parent=168316"}],"wp:term":[{"taxonomy":"opportunity_category","embeddable":true,"href":"https:\/\/www.eumedbridge.eu\/fr\/wp-json\/wp\/v2\/opportunity_category?post=168316"},{"taxonomy":"country","embeddable":true,"href":"https:\/\/www.eumedbridge.eu\/fr\/wp-json\/wp\/v2\/country?post=168316"},{"taxonomy":"special_action","embeddable":true,"href":"https:\/\/www.eumedbridge.eu\/fr\/wp-json\/wp\/v2\/special_action?post=168316"},{"taxonomy":"custom_tag","embeddable":true,"href":"https:\/\/www.eumedbridge.eu\/fr\/wp-json\/wp\/v2\/custom_tag?post=168316"}],"curies":[{"name":"wp","href":"https:\/\/api.w.org\/{rel}","templated":true}]}}