{"id":168363,"date":"2020-07-13T00:00:00","date_gmt":"2020-07-12T21:00:00","guid":{"rendered":"http:\/\/south.euneighbours.eu\/opportunity\/webinaire-villes-euro-mediterraneennes-a-lere-post-pandemique\/"},"modified":"2022-07-07T18:32:53","modified_gmt":"2022-07-07T15:32:53","slug":"webinaire-villes-euro-mediterraneennes-lere-post-pandemique","status":"publish","type":"opportunity","link":"https:\/\/www.eumedbridge.eu\/fr\/opportunity\/webinaire-villes-euro-mediterraneennes-lere-post-pandemique\/","title":{"rendered":"Webinaire : Villes euro-m\u00e9diterran\u00e9ennes \u00e0 l\u2019\u00e8re post-pand\u00e9mique"},"content":{"rendered":"<p>Le COVID-19 a attaqu\u00e9 l\u2019essentiel de ce qui rend les villes dynamiques et prosp\u00e8res: les rues anim\u00e9es. Ces villes reviendront-elles jamais pour \u00eatre les m\u00eames? Le riche patrimoine culturel des villes euro-m\u00e9diterran\u00e9ennes est une expression de l\u2019identit\u00e9 de la r\u00e9gion ainsi que d\u2019importants d\u00e9positaires de souvenirs et de connaissances sur les \u00e9poques o\u00f9 les pand\u00e9mies pr\u00e9c\u00e9dentes ont toutes laiss\u00e9 des traces dans l\u2019architecture urbaine. De plus, l\u2019acc\u00e9l\u00e9ration r\u00e9cente du changement climatique a exacerb\u00e9 les probl\u00e8mes environnementaux existants dans le bassin m\u00e9diterran\u00e9en qui sont caus\u00e9s par une combinaison de changements dans l\u2019utilisation des terres, l\u2019augmentation de la pollution et le d\u00e9clin de la biodiversit\u00e9. La pand\u00e9mie met les urbanistes au d\u00e9fi de repenser l\u2019architecture de la densit\u00e9 et de r\u00e9inventer les villes accessibles \u00e0 pied, dot\u00e9es d\u2019espaces verts ouverts et de reconna\u00eetre le pouvoir des communaut\u00e9s locales. \u2192 <a href=\"https:\/\/ufmsecretariat.org\/form-ufm-unesco-webinar\/\">Inscrivez-vous<\/a><\/p>\n<p>\u00a0<\/p>\n<p>Le webinaire r\u00e9fl\u00e9chira aux marques que cette pand\u00e9mie laissera sur les villes euro-m\u00e9diterran\u00e9ennes, qui doivent \u00eatre prises en compte dans la construction d\u2019une vision commune pour un d\u00e9veloppement urbain durable dans le domaine d\u2019action de l\u2019Union pour la M\u00e9diterran\u00e9e dans les prochaines d\u00e9cennies.<\/p>\n<p>Les discussions se d\u00e9rouleront en ligne et seront retransmises en direct sur le site Web de l\u2019UpM et sur <a href=\"https:\/\/www.facebook.com\/ufmsecretariat\/\">la page Facebook de l\u2019UpM.<\/a><\/p>\n","protected":false},"featured_media":116670,"parent":0,"template":"","opportunity_category":[2059],"country":[1956],"special_action":[],"custom_tag":[],"class_list":["post-168363","opportunity","type-opportunity","status-publish","has-post-thumbnail","hentry","country-region-sud"],"acf":[],"yoast_head":"<!-- This site is optimized with the Yoast SEO plugin v26.5 - https:\/\/yoast.com\/wordpress\/plugins\/seo\/ -->\n<title>Webinaire : Villes euro-m\u00e9diterran\u00e9ennes \u00e0 l\u2019\u00e8re post-pand\u00e9mique - Voisins de l&#039;UE<\/title>\n<meta name=\"robots\" content=\"index, follow, max-snippet:-1, max-image-preview:large, max-video-preview:-1\" \/>\n<link rel=\"canonical\" href=\"https:\/\/www.eumedbridge.eu\/fr\/opportunity\/webinaire-villes-euro-mediterraneennes-lere-post-pandemique\/\" \/>\n<meta property=\"og:locale\" content=\"fr_FR\" \/>\n<meta property=\"og:type\" content=\"article\" \/>\n<meta property=\"og:title\" content=\"Webinaire : Villes euro-m\u00e9diterran\u00e9ennes \u00e0 l\u2019\u00e8re post-pand\u00e9mique - Voisins de l&#039;UE\" \/>\n<meta property=\"og:description\" content=\"Le COVID-19 a attaqu\u00e9 l\u2019essentiel de ce qui rend les villes dynamiques et prosp\u00e8res: les rues anim\u00e9es. Ces villes reviendront-elles jamais pour \u00eatre les m\u00eames? Le riche patrimoine culturel des villes euro-m\u00e9diterran\u00e9ennes est une expression de l\u2019identit\u00e9 de la r\u00e9gion ainsi que d\u2019importants d\u00e9positaires de souvenirs et de connaissances sur les \u00e9poques o\u00f9 les pand\u00e9mies [&hellip;]\" \/>\n<meta property=\"og:url\" content=\"https:\/\/www.eumedbridge.eu\/fr\/opportunity\/webinaire-villes-euro-mediterraneennes-lere-post-pandemique\/\" \/>\n<meta property=\"og:site_name\" content=\"Voisins de l&#039;UE\" \/>\n<meta property=\"article:publisher\" content=\"https:\/\/www.facebook.com\/eumedbridge\/\" \/>\n<meta property=\"article:modified_time\" content=\"2022-07-07T15:32:53+00:00\" \/>\n<meta property=\"og:image\" content=\"https:\/\/www.eumedbridge.eu\/wp-content\/uploads\/2022\/03\/logo_ufm-3.gif\" \/>\n\t<meta property=\"og:image:width\" content=\"760\" \/>\n\t<meta property=\"og:image:height\" content=\"440\" \/>\n\t<meta property=\"og:image:type\" content=\"image\/gif\" \/>\n<meta name=\"twitter:card\" content=\"summary_large_image\" \/>\n<meta name=\"twitter:site\" content=\"@eumedbridge\" \/>\n<meta name=\"twitter:label1\" content=\"Dur\u00e9e de lecture estim\u00e9e\" \/>\n\t<meta name=\"twitter:data1\" content=\"1 minute\" \/>\n<script type=\"application\/ld+json\" class=\"yoast-schema-graph\">{\"@context\":\"https:\/\/schema.org\",\"@graph\":[{\"@type\":\"WebPage\",\"@id\":\"https:\/\/www.eumedbridge.eu\/fr\/opportunity\/webinaire-villes-euro-mediterraneennes-lere-post-pandemique\/\",\"url\":\"https:\/\/www.eumedbridge.eu\/fr\/opportunity\/webinaire-villes-euro-mediterraneennes-lere-post-pandemique\/\",\"name\":\"Webinaire : Villes euro-m\u00e9diterran\u00e9ennes \u00e0 l\u2019\u00e8re post-pand\u00e9mique - Voisins de l'UE\",\"isPartOf\":{\"@id\":\"https:\/\/www.eumedbridge.eu\/#website\"},\"primaryImageOfPage\":{\"@id\":\"https:\/\/www.eumedbridge.eu\/fr\/opportunity\/webinaire-villes-euro-mediterraneennes-lere-post-pandemique\/#primaryimage\"},\"image\":{\"@id\":\"https:\/\/www.eumedbridge.eu\/fr\/opportunity\/webinaire-villes-euro-mediterraneennes-lere-post-pandemique\/#primaryimage\"},\"thumbnailUrl\":\"https:\/\/www.eumedbridge.eu\/wp-content\/uploads\/2022\/03\/logo_ufm-3.gif\",\"datePublished\":\"2020-07-12T21:00:00+00:00\",\"dateModified\":\"2022-07-07T15:32:53+00:00\",\"breadcrumb\":{\"@id\":\"https:\/\/www.eumedbridge.eu\/fr\/opportunity\/webinaire-villes-euro-mediterraneennes-lere-post-pandemique\/#breadcrumb\"},\"inLanguage\":\"fr-FR\",\"potentialAction\":[{\"@type\":\"ReadAction\",\"target\":[\"https:\/\/www.eumedbridge.eu\/fr\/opportunity\/webinaire-villes-euro-mediterraneennes-lere-post-pandemique\/\"]}]},{\"@type\":\"ImageObject\",\"inLanguage\":\"fr-FR\",\"@id\":\"https:\/\/www.eumedbridge.eu\/fr\/opportunity\/webinaire-villes-euro-mediterraneennes-lere-post-pandemique\/#primaryimage\",\"url\":\"https:\/\/www.eumedbridge.eu\/wp-content\/uploads\/2022\/03\/logo_ufm-3.gif\",\"contentUrl\":\"https:\/\/www.eumedbridge.eu\/wp-content\/uploads\/2022\/03\/logo_ufm-3.gif\",\"width\":760,\"height\":440},{\"@type\":\"BreadcrumbList\",\"@id\":\"https:\/\/www.eumedbridge.eu\/fr\/opportunity\/webinaire-villes-euro-mediterraneennes-lere-post-pandemique\/#breadcrumb\",\"itemListElement\":[{\"@type\":\"ListItem\",\"position\":1,\"name\":\"Home\",\"item\":\"https:\/\/www.eumedbridge.eu\/fr\/home-page\/\"},{\"@type\":\"ListItem\",\"position\":2,\"name\":\"Opportunities\",\"item\":\"https:\/\/www.eumedbridge.eu\/opportunity\/\"},{\"@type\":\"ListItem\",\"position\":3,\"name\":\"Webinaire : Villes euro-m\u00e9diterran\u00e9ennes \u00e0 l\u2019\u00e8re post-pand\u00e9mique\"}]},{\"@type\":\"WebSite\",\"@id\":\"https:\/\/www.eumedbridge.eu\/#website\",\"url\":\"https:\/\/www.eumedbridge.eu\/\",\"name\":\"EU Medbridge\",\"description\":\"\",\"publisher\":{\"@id\":\"https:\/\/www.eumedbridge.eu\/#organization\"},\"potentialAction\":[{\"@type\":\"SearchAction\",\"target\":{\"@type\":\"EntryPoint\",\"urlTemplate\":\"https:\/\/www.eumedbridge.eu\/?s={search_term_string}\"},\"query-input\":{\"@type\":\"PropertyValueSpecification\",\"valueRequired\":true,\"valueName\":\"search_term_string\"}}],\"inLanguage\":\"fr-FR\"},{\"@type\":\"Organization\",\"@id\":\"https:\/\/www.eumedbridge.eu\/#organization\",\"name\":\"EU Medbridge\",\"url\":\"https:\/\/www.eumedbridge.eu\/\",\"logo\":{\"@type\":\"ImageObject\",\"inLanguage\":\"fr-FR\",\"@id\":\"https:\/\/www.eumedbridge.eu\/#\/schema\/logo\/image\/\",\"url\":\"https:\/\/www.eumedbridge.eu\/wp-content\/uploads\/2021\/12\/Logo.png\",\"contentUrl\":\"https:\/\/www.eumedbridge.eu\/wp-content\/uploads\/2021\/12\/Logo.png\",\"width\":325,\"height\":114,\"caption\":\"EU Medbridge\"},\"image\":{\"@id\":\"https:\/\/www.eumedbridge.eu\/#\/schema\/logo\/image\/\"},\"sameAs\":[\"https:\/\/www.facebook.com\/eumedbridge\/\",\"https:\/\/x.com\/eumedbridge\",\"https:\/\/www.linkedin.com\/company\/eumedbridge\",\"https:\/\/www.youtube.com\/@eumedbridge\",\"https:\/\/www.instagram.com\/eumedbridge\",\"https:\/\/www.flickr.com\/photos\/euneighbours-south\/\"]}]}<\/script>\n<!-- \/ Yoast SEO plugin. -->","yoast_head_json":{"title":"Webinaire : Villes euro-m\u00e9diterran\u00e9ennes \u00e0 l\u2019\u00e8re post-pand\u00e9mique - Voisins de l'UE","robots":{"index":"index","follow":"follow","max-snippet":"max-snippet:-1","max-image-preview":"max-image-preview:large","max-video-preview":"max-video-preview:-1"},"canonical":"https:\/\/www.eumedbridge.eu\/fr\/opportunity\/webinaire-villes-euro-mediterraneennes-lere-post-pandemique\/","og_locale":"fr_FR","og_type":"article","og_title":"Webinaire : Villes euro-m\u00e9diterran\u00e9ennes \u00e0 l\u2019\u00e8re post-pand\u00e9mique - Voisins de l'UE","og_description":"Le COVID-19 a attaqu\u00e9 l\u2019essentiel de ce qui rend les villes dynamiques et prosp\u00e8res: les rues anim\u00e9es. Ces villes reviendront-elles jamais pour \u00eatre les m\u00eames? Le riche patrimoine culturel des villes euro-m\u00e9diterran\u00e9ennes est une expression de l\u2019identit\u00e9 de la r\u00e9gion ainsi que d\u2019importants d\u00e9positaires de souvenirs et de connaissances sur les \u00e9poques o\u00f9 les pand\u00e9mies [&hellip;]","og_url":"https:\/\/www.eumedbridge.eu\/fr\/opportunity\/webinaire-villes-euro-mediterraneennes-lere-post-pandemique\/","og_site_name":"Voisins de l'UE","article_publisher":"https:\/\/www.facebook.com\/eumedbridge\/","article_modified_time":"2022-07-07T15:32:53+00:00","og_image":[{"width":760,"height":440,"url":"https:\/\/www.eumedbridge.eu\/wp-content\/uploads\/2022\/03\/logo_ufm-3.gif","type":"image\/gif"}],"twitter_card":"summary_large_image","twitter_site":"@eumedbridge","twitter_misc":{"Dur\u00e9e de lecture estim\u00e9e":"1 minute"},"schema":{"@context":"https:\/\/schema.org","@graph":[{"@type":"WebPage","@id":"https:\/\/www.eumedbridge.eu\/fr\/opportunity\/webinaire-villes-euro-mediterraneennes-lere-post-pandemique\/","url":"https:\/\/www.eumedbridge.eu\/fr\/opportunity\/webinaire-villes-euro-mediterraneennes-lere-post-pandemique\/","name":"Webinaire : Villes euro-m\u00e9diterran\u00e9ennes \u00e0 l\u2019\u00e8re post-pand\u00e9mique - Voisins de l'UE","isPartOf":{"@id":"https:\/\/www.eumedbridge.eu\/#website"},"primaryImageOfPage":{"@id":"https:\/\/www.eumedbridge.eu\/fr\/opportunity\/webinaire-villes-euro-mediterraneennes-lere-post-pandemique\/#primaryimage"},"image":{"@id":"https:\/\/www.eumedbridge.eu\/fr\/opportunity\/webinaire-villes-euro-mediterraneennes-lere-post-pandemique\/#primaryimage"},"thumbnailUrl":"https:\/\/www.eumedbridge.eu\/wp-content\/uploads\/2022\/03\/logo_ufm-3.gif","datePublished":"2020-07-12T21:00:00+00:00","dateModified":"2022-07-07T15:32:53+00:00","breadcrumb":{"@id":"https:\/\/www.eumedbridge.eu\/fr\/opportunity\/webinaire-villes-euro-mediterraneennes-lere-post-pandemique\/#breadcrumb"},"inLanguage":"fr-FR","potentialAction":[{"@type":"ReadAction","target":["https:\/\/www.eumedbridge.eu\/fr\/opportunity\/webinaire-villes-euro-mediterraneennes-lere-post-pandemique\/"]}]},{"@type":"ImageObject","inLanguage":"fr-FR","@id":"https:\/\/www.eumedbridge.eu\/fr\/opportunity\/webinaire-villes-euro-mediterraneennes-lere-post-pandemique\/#primaryimage","url":"https:\/\/www.eumedbridge.eu\/wp-content\/uploads\/2022\/03\/logo_ufm-3.gif","contentUrl":"https:\/\/www.eumedbridge.eu\/wp-content\/uploads\/2022\/03\/logo_ufm-3.gif","width":760,"height":440},{"@type":"BreadcrumbList","@id":"https:\/\/www.eumedbridge.eu\/fr\/opportunity\/webinaire-villes-euro-mediterraneennes-lere-post-pandemique\/#breadcrumb","itemListElement":[{"@type":"ListItem","position":1,"name":"Home","item":"https:\/\/www.eumedbridge.eu\/fr\/home-page\/"},{"@type":"ListItem","position":2,"name":"Opportunities","item":"https:\/\/www.eumedbridge.eu\/opportunity\/"},{"@type":"ListItem","position":3,"name":"Webinaire : Villes euro-m\u00e9diterran\u00e9ennes \u00e0 l\u2019\u00e8re post-pand\u00e9mique"}]},{"@type":"WebSite","@id":"https:\/\/www.eumedbridge.eu\/#website","url":"https:\/\/www.eumedbridge.eu\/","name":"EU Medbridge","description":"","publisher":{"@id":"https:\/\/www.eumedbridge.eu\/#organization"},"potentialAction":[{"@type":"SearchAction","target":{"@type":"EntryPoint","urlTemplate":"https:\/\/www.eumedbridge.eu\/?s={search_term_string}"},"query-input":{"@type":"PropertyValueSpecification","valueRequired":true,"valueName":"search_term_string"}}],"inLanguage":"fr-FR"},{"@type":"Organization","@id":"https:\/\/www.eumedbridge.eu\/#organization","name":"EU Medbridge","url":"https:\/\/www.eumedbridge.eu\/","logo":{"@type":"ImageObject","inLanguage":"fr-FR","@id":"https:\/\/www.eumedbridge.eu\/#\/schema\/logo\/image\/","url":"https:\/\/www.eumedbridge.eu\/wp-content\/uploads\/2021\/12\/Logo.png","contentUrl":"https:\/\/www.eumedbridge.eu\/wp-content\/uploads\/2021\/12\/Logo.png","width":325,"height":114,"caption":"EU Medbridge"},"image":{"@id":"https:\/\/www.eumedbridge.eu\/#\/schema\/logo\/image\/"},"sameAs":["https:\/\/www.facebook.com\/eumedbridge\/","https:\/\/x.com\/eumedbridge","https:\/\/www.linkedin.com\/company\/eumedbridge","https:\/\/www.youtube.com\/@eumedbridge","https:\/\/www.instagram.com\/eumedbridge","https:\/\/www.flickr.com\/photos\/euneighbours-south\/"]}]}},"_links":{"self":[{"href":"https:\/\/www.eumedbridge.eu\/fr\/wp-json\/wp\/v2\/opportunity\/168363","targetHints":{"allow":["GET"]}}],"collection":[{"href":"https:\/\/www.eumedbridge.eu\/fr\/wp-json\/wp\/v2\/opportunity"}],"about":[{"href":"https:\/\/www.eumedbridge.eu\/fr\/wp-json\/wp\/v2\/types\/opportunity"}],"wp:featuredmedia":[{"embeddable":true,"href":"https:\/\/www.eumedbridge.eu\/fr\/wp-json\/wp\/v2\/media\/116670"}],"wp:attachment":[{"href":"https:\/\/www.eumedbridge.eu\/fr\/wp-json\/wp\/v2\/media?parent=168363"}],"wp:term":[{"taxonomy":"opportunity_category","embeddable":true,"href":"https:\/\/www.eumedbridge.eu\/fr\/wp-json\/wp\/v2\/opportunity_category?post=168363"},{"taxonomy":"country","embeddable":true,"href":"https:\/\/www.eumedbridge.eu\/fr\/wp-json\/wp\/v2\/country?post=168363"},{"taxonomy":"special_action","embeddable":true,"href":"https:\/\/www.eumedbridge.eu\/fr\/wp-json\/wp\/v2\/special_action?post=168363"},{"taxonomy":"custom_tag","embeddable":true,"href":"https:\/\/www.eumedbridge.eu\/fr\/wp-json\/wp\/v2\/custom_tag?post=168363"}],"curies":[{"name":"wp","href":"https:\/\/api.w.org\/{rel}","templated":true}]}}