{"id":211734,"date":"2023-01-16T16:46:41","date_gmt":"2023-01-16T14:46:41","guid":{"rendered":"https:\/\/eumedbridge.eu\/?post_type=opportunity&#038;p=211734"},"modified":"2023-01-16T16:46:41","modified_gmt":"2023-01-16T14:46:41","slug":"appel-ouvert-a-participation-alf-hands-on-la-fondation-anna-lindh","status":"publish","type":"opportunity","link":"https:\/\/www.eumedbridge.eu\/fr\/opportunity\/appel-ouvert-a-participation-alf-hands-on-la-fondation-anna-lindh\/","title":{"rendered":"Appel ouvert \u00e0 participation &#8211; ALF Hands-On, La Fondation Anna Lindh"},"content":{"rendered":"<div class=\"x11i5rnm xat24cr x1mh8g0r x1vvkbs xtlvy1s x126k92a\">\n<div dir=\"auto\">La Fondation Anna Lindh lance un Programme de Renforcement des Capacit\u00e9s, baptis\u00e9 ALF Hands-On, qui doit \u00eatre mis en \u0153uvre par et pour des op\u00e9rateurs du Dialogue interculturel de la r\u00e9gion euro-m\u00e9diterran\u00e9enne, en fournissant des formations pratiques en ligne gratuites \u00e0 leur personnel de niveau interm\u00e9diaire.<\/div>\n<\/div>\n<div class=\"x11i5rnm xat24cr x1mh8g0r x1vvkbs xtlvy1s x126k92a\">\n<div dir=\"auto\">ALF Hands-On a pour but d\u2019identifier une liste d\u2019experts issus des r\u00e9seaux d\u2019organisations de la FAL et au-del\u00e0, \u00e0 m\u00eame de proposer des modules de formation pratiques en ligne afin de renforcer les entit\u00e9s du Dialogue interculturel dans les les principaux domaines suivants :<\/div>\n<\/div>\n<div class=\"x11i5rnm xat24cr x1mh8g0r x1vvkbs xtlvy1s x126k92a\">\n<div dir=\"auto\"><span class=\"x3nfvp2 x1j61x8r x1fcty0u xdj266r xhhsvwb xat24cr xgzva0m xxymvpz xlup9mm x1kky2od\"><img decoding=\"async\" data-src=\"https:\/\/static.xx.fbcdn.net\/images\/emoji.php\/v9\/td3\/1.5\/16\/25aa.png\" alt=\"\u25aa\ufe0f\" width=\"16\" height=\"16\" src=\"data:image\/svg+xml;base64,PHN2ZyB3aWR0aD0iMSIgaGVpZ2h0PSIxIiB4bWxucz0iaHR0cDovL3d3dy53My5vcmcvMjAwMC9zdmciPjwvc3ZnPg==\" class=\"lazyload\" style=\"--smush-placeholder-width: 16px; --smush-placeholder-aspect-ratio: 16\/16;\" \/><\/span>Les d\u00e9fis interculturels \u00e9mergents de la r\u00e9gion euro-m\u00e9diterran\u00e9enne<\/div>\n<div dir=\"auto\"><span class=\"x3nfvp2 x1j61x8r x1fcty0u xdj266r xhhsvwb xat24cr xgzva0m xxymvpz xlup9mm x1kky2od\"><img decoding=\"async\" data-src=\"https:\/\/static.xx.fbcdn.net\/images\/emoji.php\/v9\/td3\/1.5\/16\/25aa.png\" alt=\"\u25aa\ufe0f\" width=\"16\" height=\"16\" src=\"data:image\/svg+xml;base64,PHN2ZyB3aWR0aD0iMSIgaGVpZ2h0PSIxIiB4bWxucz0iaHR0cDovL3d3dy53My5vcmcvMjAwMC9zdmciPjwvc3ZnPg==\" class=\"lazyload\" style=\"--smush-placeholder-width: 16px; --smush-placeholder-aspect-ratio: 16\/16;\" \/><\/span>La gestion des organisations et projets interculturels<\/div>\n<div dir=\"auto\"><span class=\"x3nfvp2 x1j61x8r x1fcty0u xdj266r xhhsvwb xat24cr xgzva0m xxymvpz xlup9mm x1kky2od\"><img decoding=\"async\" data-src=\"https:\/\/static.xx.fbcdn.net\/images\/emoji.php\/v9\/td3\/1.5\/16\/25aa.png\" alt=\"\u25aa\ufe0f\" width=\"16\" height=\"16\" src=\"data:image\/svg+xml;base64,PHN2ZyB3aWR0aD0iMSIgaGVpZ2h0PSIxIiB4bWxucz0iaHR0cDovL3d3dy53My5vcmcvMjAwMC9zdmciPjwvc3ZnPg==\" class=\"lazyload\" style=\"--smush-placeholder-width: 16px; --smush-placeholder-aspect-ratio: 16\/16;\" \/><\/span>La planification strat\u00e9gique, la gouvernance et le leadership pour les organisations de la soci\u00e9t\u00e9 civile<\/div>\n<\/div>\n","protected":false},"featured_media":211733,"parent":0,"template":"","opportunity_category":[2052],"country":[1956],"special_action":[],"custom_tag":[],"class_list":["post-211734","opportunity","type-opportunity","status-publish","has-post-thumbnail","hentry","country-region-sud"],"acf":[],"yoast_head":"<!-- This site is optimized with the Yoast SEO plugin v26.5 - https:\/\/yoast.com\/wordpress\/plugins\/seo\/ -->\n<title>Appel ouvert \u00e0 participation - ALF Hands-On, La Fondation Anna Lindh - Voisins de l&#039;UE<\/title>\n<meta name=\"robots\" content=\"index, follow, max-snippet:-1, max-image-preview:large, max-video-preview:-1\" \/>\n<link rel=\"canonical\" href=\"https:\/\/www.eumedbridge.eu\/fr\/opportunity\/appel-ouvert-a-participation-alf-hands-on-la-fondation-anna-lindh\/\" \/>\n<meta property=\"og:locale\" content=\"fr_FR\" \/>\n<meta property=\"og:type\" content=\"article\" \/>\n<meta property=\"og:title\" content=\"Appel ouvert \u00e0 participation - ALF Hands-On, La Fondation Anna Lindh - Voisins de l&#039;UE\" \/>\n<meta property=\"og:description\" content=\"La Fondation Anna Lindh lance un Programme de Renforcement des Capacit\u00e9s, baptis\u00e9 ALF Hands-On, qui doit \u00eatre mis en \u0153uvre par et pour des op\u00e9rateurs du Dialogue interculturel de la r\u00e9gion euro-m\u00e9diterran\u00e9enne, en fournissant des formations pratiques en ligne gratuites \u00e0 leur personnel de niveau interm\u00e9diaire. ALF Hands-On a pour but d\u2019identifier une liste d\u2019experts [&hellip;]\" \/>\n<meta property=\"og:url\" content=\"https:\/\/www.eumedbridge.eu\/fr\/opportunity\/appel-ouvert-a-participation-alf-hands-on-la-fondation-anna-lindh\/\" \/>\n<meta property=\"og:site_name\" content=\"Voisins de l&#039;UE\" \/>\n<meta property=\"article:publisher\" content=\"https:\/\/www.facebook.com\/eumedbridge\/\" \/>\n<meta property=\"og:image\" content=\"https:\/\/www.eumedbridge.eu\/wp-content\/uploads\/2023\/01\/325407019_901877654504506_8013824265685601250_n.jpg\" \/>\n\t<meta property=\"og:image:width\" content=\"1706\" \/>\n\t<meta property=\"og:image:height\" content=\"960\" \/>\n\t<meta property=\"og:image:type\" content=\"image\/jpeg\" \/>\n<meta name=\"twitter:card\" content=\"summary_large_image\" \/>\n<meta name=\"twitter:site\" content=\"@eumedbridge\" \/>\n<meta name=\"twitter:label1\" content=\"Dur\u00e9e de lecture estim\u00e9e\" \/>\n\t<meta name=\"twitter:data1\" content=\"1 minute\" \/>\n<script type=\"application\/ld+json\" class=\"yoast-schema-graph\">{\"@context\":\"https:\/\/schema.org\",\"@graph\":[{\"@type\":\"WebPage\",\"@id\":\"https:\/\/www.eumedbridge.eu\/fr\/opportunity\/appel-ouvert-a-participation-alf-hands-on-la-fondation-anna-lindh\/\",\"url\":\"https:\/\/www.eumedbridge.eu\/fr\/opportunity\/appel-ouvert-a-participation-alf-hands-on-la-fondation-anna-lindh\/\",\"name\":\"Appel ouvert \u00e0 participation - ALF Hands-On, La Fondation Anna Lindh - Voisins de l'UE\",\"isPartOf\":{\"@id\":\"https:\/\/www.eumedbridge.eu\/#website\"},\"primaryImageOfPage\":{\"@id\":\"https:\/\/www.eumedbridge.eu\/fr\/opportunity\/appel-ouvert-a-participation-alf-hands-on-la-fondation-anna-lindh\/#primaryimage\"},\"image\":{\"@id\":\"https:\/\/www.eumedbridge.eu\/fr\/opportunity\/appel-ouvert-a-participation-alf-hands-on-la-fondation-anna-lindh\/#primaryimage\"},\"thumbnailUrl\":\"https:\/\/www.eumedbridge.eu\/wp-content\/uploads\/2023\/01\/325407019_901877654504506_8013824265685601250_n.jpg\",\"datePublished\":\"2023-01-16T14:46:41+00:00\",\"breadcrumb\":{\"@id\":\"https:\/\/www.eumedbridge.eu\/fr\/opportunity\/appel-ouvert-a-participation-alf-hands-on-la-fondation-anna-lindh\/#breadcrumb\"},\"inLanguage\":\"fr-FR\",\"potentialAction\":[{\"@type\":\"ReadAction\",\"target\":[\"https:\/\/www.eumedbridge.eu\/fr\/opportunity\/appel-ouvert-a-participation-alf-hands-on-la-fondation-anna-lindh\/\"]}]},{\"@type\":\"ImageObject\",\"inLanguage\":\"fr-FR\",\"@id\":\"https:\/\/www.eumedbridge.eu\/fr\/opportunity\/appel-ouvert-a-participation-alf-hands-on-la-fondation-anna-lindh\/#primaryimage\",\"url\":\"https:\/\/www.eumedbridge.eu\/wp-content\/uploads\/2023\/01\/325407019_901877654504506_8013824265685601250_n.jpg\",\"contentUrl\":\"https:\/\/www.eumedbridge.eu\/wp-content\/uploads\/2023\/01\/325407019_901877654504506_8013824265685601250_n.jpg\",\"width\":1706,\"height\":960},{\"@type\":\"BreadcrumbList\",\"@id\":\"https:\/\/www.eumedbridge.eu\/fr\/opportunity\/appel-ouvert-a-participation-alf-hands-on-la-fondation-anna-lindh\/#breadcrumb\",\"itemListElement\":[{\"@type\":\"ListItem\",\"position\":1,\"name\":\"Home\",\"item\":\"https:\/\/www.eumedbridge.eu\/fr\/home-page\/\"},{\"@type\":\"ListItem\",\"position\":2,\"name\":\"Opportunities\",\"item\":\"https:\/\/www.eumedbridge.eu\/opportunity\/\"},{\"@type\":\"ListItem\",\"position\":3,\"name\":\"Appel ouvert \u00e0 participation &#8211; ALF Hands-On, La Fondation Anna Lindh\"}]},{\"@type\":\"WebSite\",\"@id\":\"https:\/\/www.eumedbridge.eu\/#website\",\"url\":\"https:\/\/www.eumedbridge.eu\/\",\"name\":\"EU Medbridge\",\"description\":\"\",\"publisher\":{\"@id\":\"https:\/\/www.eumedbridge.eu\/#organization\"},\"potentialAction\":[{\"@type\":\"SearchAction\",\"target\":{\"@type\":\"EntryPoint\",\"urlTemplate\":\"https:\/\/www.eumedbridge.eu\/?s={search_term_string}\"},\"query-input\":{\"@type\":\"PropertyValueSpecification\",\"valueRequired\":true,\"valueName\":\"search_term_string\"}}],\"inLanguage\":\"fr-FR\"},{\"@type\":\"Organization\",\"@id\":\"https:\/\/www.eumedbridge.eu\/#organization\",\"name\":\"EU Medbridge\",\"url\":\"https:\/\/www.eumedbridge.eu\/\",\"logo\":{\"@type\":\"ImageObject\",\"inLanguage\":\"fr-FR\",\"@id\":\"https:\/\/www.eumedbridge.eu\/#\/schema\/logo\/image\/\",\"url\":\"https:\/\/www.eumedbridge.eu\/wp-content\/uploads\/2021\/12\/Logo.png\",\"contentUrl\":\"https:\/\/www.eumedbridge.eu\/wp-content\/uploads\/2021\/12\/Logo.png\",\"width\":325,\"height\":114,\"caption\":\"EU Medbridge\"},\"image\":{\"@id\":\"https:\/\/www.eumedbridge.eu\/#\/schema\/logo\/image\/\"},\"sameAs\":[\"https:\/\/www.facebook.com\/eumedbridge\/\",\"https:\/\/x.com\/eumedbridge\",\"https:\/\/www.linkedin.com\/company\/eumedbridge\",\"https:\/\/www.youtube.com\/@eumedbridge\",\"https:\/\/www.instagram.com\/eumedbridge\",\"https:\/\/www.flickr.com\/photos\/euneighbours-south\/\"]}]}<\/script>\n<!-- \/ Yoast SEO plugin. -->","yoast_head_json":{"title":"Appel ouvert \u00e0 participation - ALF Hands-On, La Fondation Anna Lindh - Voisins de l'UE","robots":{"index":"index","follow":"follow","max-snippet":"max-snippet:-1","max-image-preview":"max-image-preview:large","max-video-preview":"max-video-preview:-1"},"canonical":"https:\/\/www.eumedbridge.eu\/fr\/opportunity\/appel-ouvert-a-participation-alf-hands-on-la-fondation-anna-lindh\/","og_locale":"fr_FR","og_type":"article","og_title":"Appel ouvert \u00e0 participation - ALF Hands-On, La Fondation Anna Lindh - Voisins de l'UE","og_description":"La Fondation Anna Lindh lance un Programme de Renforcement des Capacit\u00e9s, baptis\u00e9 ALF Hands-On, qui doit \u00eatre mis en \u0153uvre par et pour des op\u00e9rateurs du Dialogue interculturel de la r\u00e9gion euro-m\u00e9diterran\u00e9enne, en fournissant des formations pratiques en ligne gratuites \u00e0 leur personnel de niveau interm\u00e9diaire. ALF Hands-On a pour but d\u2019identifier une liste d\u2019experts [&hellip;]","og_url":"https:\/\/www.eumedbridge.eu\/fr\/opportunity\/appel-ouvert-a-participation-alf-hands-on-la-fondation-anna-lindh\/","og_site_name":"Voisins de l'UE","article_publisher":"https:\/\/www.facebook.com\/eumedbridge\/","og_image":[{"width":1706,"height":960,"url":"https:\/\/www.eumedbridge.eu\/wp-content\/uploads\/2023\/01\/325407019_901877654504506_8013824265685601250_n.jpg","type":"image\/jpeg"}],"twitter_card":"summary_large_image","twitter_site":"@eumedbridge","twitter_misc":{"Dur\u00e9e de lecture estim\u00e9e":"1 minute"},"schema":{"@context":"https:\/\/schema.org","@graph":[{"@type":"WebPage","@id":"https:\/\/www.eumedbridge.eu\/fr\/opportunity\/appel-ouvert-a-participation-alf-hands-on-la-fondation-anna-lindh\/","url":"https:\/\/www.eumedbridge.eu\/fr\/opportunity\/appel-ouvert-a-participation-alf-hands-on-la-fondation-anna-lindh\/","name":"Appel ouvert \u00e0 participation - ALF Hands-On, La Fondation Anna Lindh - Voisins de l'UE","isPartOf":{"@id":"https:\/\/www.eumedbridge.eu\/#website"},"primaryImageOfPage":{"@id":"https:\/\/www.eumedbridge.eu\/fr\/opportunity\/appel-ouvert-a-participation-alf-hands-on-la-fondation-anna-lindh\/#primaryimage"},"image":{"@id":"https:\/\/www.eumedbridge.eu\/fr\/opportunity\/appel-ouvert-a-participation-alf-hands-on-la-fondation-anna-lindh\/#primaryimage"},"thumbnailUrl":"https:\/\/www.eumedbridge.eu\/wp-content\/uploads\/2023\/01\/325407019_901877654504506_8013824265685601250_n.jpg","datePublished":"2023-01-16T14:46:41+00:00","breadcrumb":{"@id":"https:\/\/www.eumedbridge.eu\/fr\/opportunity\/appel-ouvert-a-participation-alf-hands-on-la-fondation-anna-lindh\/#breadcrumb"},"inLanguage":"fr-FR","potentialAction":[{"@type":"ReadAction","target":["https:\/\/www.eumedbridge.eu\/fr\/opportunity\/appel-ouvert-a-participation-alf-hands-on-la-fondation-anna-lindh\/"]}]},{"@type":"ImageObject","inLanguage":"fr-FR","@id":"https:\/\/www.eumedbridge.eu\/fr\/opportunity\/appel-ouvert-a-participation-alf-hands-on-la-fondation-anna-lindh\/#primaryimage","url":"https:\/\/www.eumedbridge.eu\/wp-content\/uploads\/2023\/01\/325407019_901877654504506_8013824265685601250_n.jpg","contentUrl":"https:\/\/www.eumedbridge.eu\/wp-content\/uploads\/2023\/01\/325407019_901877654504506_8013824265685601250_n.jpg","width":1706,"height":960},{"@type":"BreadcrumbList","@id":"https:\/\/www.eumedbridge.eu\/fr\/opportunity\/appel-ouvert-a-participation-alf-hands-on-la-fondation-anna-lindh\/#breadcrumb","itemListElement":[{"@type":"ListItem","position":1,"name":"Home","item":"https:\/\/www.eumedbridge.eu\/fr\/home-page\/"},{"@type":"ListItem","position":2,"name":"Opportunities","item":"https:\/\/www.eumedbridge.eu\/opportunity\/"},{"@type":"ListItem","position":3,"name":"Appel ouvert \u00e0 participation &#8211; ALF Hands-On, La Fondation Anna Lindh"}]},{"@type":"WebSite","@id":"https:\/\/www.eumedbridge.eu\/#website","url":"https:\/\/www.eumedbridge.eu\/","name":"EU Medbridge","description":"","publisher":{"@id":"https:\/\/www.eumedbridge.eu\/#organization"},"potentialAction":[{"@type":"SearchAction","target":{"@type":"EntryPoint","urlTemplate":"https:\/\/www.eumedbridge.eu\/?s={search_term_string}"},"query-input":{"@type":"PropertyValueSpecification","valueRequired":true,"valueName":"search_term_string"}}],"inLanguage":"fr-FR"},{"@type":"Organization","@id":"https:\/\/www.eumedbridge.eu\/#organization","name":"EU Medbridge","url":"https:\/\/www.eumedbridge.eu\/","logo":{"@type":"ImageObject","inLanguage":"fr-FR","@id":"https:\/\/www.eumedbridge.eu\/#\/schema\/logo\/image\/","url":"https:\/\/www.eumedbridge.eu\/wp-content\/uploads\/2021\/12\/Logo.png","contentUrl":"https:\/\/www.eumedbridge.eu\/wp-content\/uploads\/2021\/12\/Logo.png","width":325,"height":114,"caption":"EU Medbridge"},"image":{"@id":"https:\/\/www.eumedbridge.eu\/#\/schema\/logo\/image\/"},"sameAs":["https:\/\/www.facebook.com\/eumedbridge\/","https:\/\/x.com\/eumedbridge","https:\/\/www.linkedin.com\/company\/eumedbridge","https:\/\/www.youtube.com\/@eumedbridge","https:\/\/www.instagram.com\/eumedbridge","https:\/\/www.flickr.com\/photos\/euneighbours-south\/"]}]}},"_links":{"self":[{"href":"https:\/\/www.eumedbridge.eu\/fr\/wp-json\/wp\/v2\/opportunity\/211734","targetHints":{"allow":["GET"]}}],"collection":[{"href":"https:\/\/www.eumedbridge.eu\/fr\/wp-json\/wp\/v2\/opportunity"}],"about":[{"href":"https:\/\/www.eumedbridge.eu\/fr\/wp-json\/wp\/v2\/types\/opportunity"}],"wp:featuredmedia":[{"embeddable":true,"href":"https:\/\/www.eumedbridge.eu\/fr\/wp-json\/wp\/v2\/media\/211733"}],"wp:attachment":[{"href":"https:\/\/www.eumedbridge.eu\/fr\/wp-json\/wp\/v2\/media?parent=211734"}],"wp:term":[{"taxonomy":"opportunity_category","embeddable":true,"href":"https:\/\/www.eumedbridge.eu\/fr\/wp-json\/wp\/v2\/opportunity_category?post=211734"},{"taxonomy":"country","embeddable":true,"href":"https:\/\/www.eumedbridge.eu\/fr\/wp-json\/wp\/v2\/country?post=211734"},{"taxonomy":"special_action","embeddable":true,"href":"https:\/\/www.eumedbridge.eu\/fr\/wp-json\/wp\/v2\/special_action?post=211734"},{"taxonomy":"custom_tag","embeddable":true,"href":"https:\/\/www.eumedbridge.eu\/fr\/wp-json\/wp\/v2\/custom_tag?post=211734"}],"curies":[{"name":"wp","href":"https:\/\/api.w.org\/{rel}","templated":true}]}}