{"id":214369,"date":"2023-04-20T16:02:51","date_gmt":"2023-04-20T13:02:51","guid":{"rendered":"https:\/\/eumedbridge.eu\/?post_type=opportunity&#038;p=214369"},"modified":"2023-04-20T16:02:51","modified_gmt":"2023-04-20T13:02:51","slug":"green-skills-award-2023-european-training-foundation","status":"publish","type":"opportunity","link":"https:\/\/www.eumedbridge.eu\/fr\/opportunity\/green-skills-award-2023-european-training-foundation\/","title":{"rendered":"Green Skills Award 2023, European Training Foundation"},"content":{"rendered":"<p><span lang=\"FR\" xml:lang=\"FR\">La Fondation europ\u00e9enne pour la formation (ETF) lance un appel visant \u00e0 collecter des r\u00e9cits de bonnes pratiques en mati\u00e8re de d\u00e9veloppement des comp\u00e9tences pour acc\u00e9l\u00e9rer la transition verte.<\/span><\/p>\n<p><span lang=\"FR\" xml:lang=\"FR\">L&rsquo;objectif est de recueillir des id\u00e9es inspirantes et innovantes sur la mani\u00e8re dont les d\u00e9cideurs et praticiens de l&rsquo;\u00e9ducation et de l&#8217;emploi du monde entier peuvent contribuer \u00e0 des \u00e9conomies et soci\u00e9t\u00e9s plus vertes et plus justes.<\/span><\/p>\n<p>L&rsquo;ETF cherche <strong><span lang=\"FR\" xml:lang=\"FR\">des histoires relatives aux\u00a0:<\/span><\/strong><\/p>\n<ul>\n<li><strong><span lang=\"FR\" xml:lang=\"FR\">Entreprises<\/span><\/strong><span lang=\"FR\" xml:lang=\"FR\"> introduisant des technologies ou des processus de production verts et propres tout en d\u00e9veloppant les comp\u00e9tences y aff\u00e9rentes pour leurs employ\u00e9s\u00a0;<\/span><\/li>\n<li><span lang=\"FR\" xml:lang=\"FR\"><strong>Prestataires de formation<\/strong> dotant les enseignants et formateurs de connaissances actualis\u00e9es sur les questions environnementales et les technologies vertes afin d\u2019am\u00e9liorer la pertinence et la qualit\u00e9 de leurs programmes d\u2019enseignement\u00a0;<\/span><\/li>\n<li><span lang=\"FR\" xml:lang=\"FR\"><strong>Industries et secteurs<\/strong> introduisant des cours de formation et des normes d\u00e9veloppant les comp\u00e9tences vertes n\u00e9cessaires \u00e0 leur domaine de travail\u00a0;<\/span><\/li>\n<li><span lang=\"FR\" xml:lang=\"FR\"><strong>Institutions publiques<\/strong> d\u00e9veloppant soit des programmes de sensibilisation \u00e0 l\u2019environnement, soit des comp\u00e9tences techniques vertes, en coordination avec divers acteurs publics et non publics\u00a0;<\/span><\/li>\n<li><span lang=\"FR\" xml:lang=\"FR\"><strong>Services publics de l\u2019emploi<\/strong> <\/span><span lang=\"FR\" xml:lang=\"FR\">fournissant aux personnes des informations sur la durabilit\u00e9 et les aidant \u00e0 d\u00e9velopper les comp\u00e9tences qui les aideront \u00e0 trouver un emploi dans des professions li\u00e9es \u00e0 l&rsquo;\u00e9conomie <\/span><span lang=\"FR\" xml:lang=\"FR\">verte\u00a0;<\/span><\/li>\n<li><span lang=\"FR\" xml:lang=\"FR\"><strong>\u00c9coles,\u00a0enseignants et \u00e9ducateurs\u00a0<\/strong>mettant en \u0153uvre des mesures et des actions innovantes qui pr\u00e9parent les apprenants \u00e0 l&rsquo;\u00e9conomie verte ;<\/span><\/li>\n<li><strong><span lang=\"FR\" xml:lang=\"FR\">Soci\u00e9t\u00e9s et entreprises<\/span><\/strong><span lang=\"FR\" xml:lang=\"FR\"> mettant en \u0153uvre des pratiques innovantes dans l\u2019utilisation de l&rsquo;intelligence artificielle pour d\u00e9velopper des comp\u00e9tences vertes.<\/span><\/li>\n<\/ul>\n<h2><strong><span lang=\"FR\" xml:lang=\"FR\">Que pouvez-vous en retirer\u00a0?<\/span><\/strong><\/h2>\n<ul>\n<li><span lang=\"FR\" xml:lang=\"FR\">Les gagnants recevront le prix \u00ab\u00a0Comp\u00e9tences vertes\u00a0\u00bb 2023 de l\u2019ETF (<strong>ETF Green Skills Award 2023<\/strong>) qui les aidera \u00e0 \u00e9tablir de nouveaux partenariats et \u00e0 \u00e9tendre leurs r\u00e9seaux.<\/span><\/li>\n<li><span lang=\"FR\" xml:lang=\"FR\">Les gagnants seront <strong>invit\u00e9s \u00e0 une<\/strong> <strong>c\u00e9r\u00e9monie de remise des prix<\/strong> o\u00f9 ils rencontreront des talents partageant les m\u00eames id\u00e9es et contribueront \u00e0 diffuser la voix \u00ab\u00a0verte\u00a0\u00bb.<\/span><\/li>\n<li><span lang=\"FR\" xml:lang=\"FR\">Les finalistes seront <strong>pr\u00e9sent\u00e9s dans<\/strong> <strong>des publications et communications en ligne de l\u2019ETF et de ses partenaires internationaux<\/strong>, maximisant la sensibilisation et l&rsquo;impact positif de chaque initiative.<\/span><\/li>\n<li><span lang=\"FR\" xml:lang=\"FR\">L&rsquo;ETF produira de\u00a0<strong>courts m\u00e9trages<\/strong> sur les finalistes, contribuant \u00e0 diffuser leurs r\u00e9cits aupr\u00e8s de nouveaux publics \u00e0 travers le monde.<\/span><\/li>\n<\/ul>\n<h2><strong><span lang=\"FR\" xml:lang=\"FR\">Qui d\u00e9cidera\u00a0?<\/span><\/strong><\/h2>\n<p><span lang=\"FR\" xml:lang=\"FR\">Parmi les 10 finalistes, <strong>un gagnant sera s\u00e9lectionn\u00e9 par scrutin public<\/strong> et <strong>deux autres gagnants seront s\u00e9lectionn\u00e9s par un jury international<\/strong> compos\u00e9 d&rsquo;experts provenant de diff\u00e9rents organes de l\u2019UE et d\u2019autres institutions internationales. Les crit\u00e8res de s\u00e9lection comprendront la pertinence, l&rsquo;innovation, la reproductibilit\u00e9 et l&rsquo;impact.<\/span><\/p>\n<h2><strong>Comment <\/strong><strong><span lang=\"FR\" xml:lang=\"FR\">postuler<\/span><span lang=\"FR\" xml:lang=\"FR\">\u00a0?<\/span><\/strong><\/h2>\n<p><span lang=\"FR\" xml:lang=\"FR\">Pr\u00e9senter sa candidature est facile. Remplissez le <a href=\"https:\/\/ec.europa.eu\/eusurvey\/runner\/GreenSkillsAwards2023\" target=\"_blank\" rel=\"noopener\">formulaire en ligne<\/a> en anglais, arabe, fran\u00e7ais, russe ou ukrainien et soumettez-le avant <strong>le 23 avril 2023 (23h59 CEST)<\/strong>. <\/span><span lang=\"FR\" xml:lang=\"FR\">Ne manquez pas d\u2019indiquer comment votre initiative peut \u00eatre poursuivie au fil du temps (initiative durable), en quoi elle est innovante et comment elle apporte un changement positif durable dans la communaut\u00e9<\/span><span lang=\"FR\" xml:lang=\"FR\">.<\/span><\/p>\n","protected":false},"featured_media":214140,"parent":0,"template":"","opportunity_category":[2058],"country":[1956],"special_action":[],"custom_tag":[2817],"class_list":["post-214369","opportunity","type-opportunity","status-publish","has-post-thumbnail","hentry","country-region-sud","custom_tag-education-fr"],"acf":[],"yoast_head":"<!-- This site is optimized with the Yoast SEO plugin v26.5 - https:\/\/yoast.com\/wordpress\/plugins\/seo\/ -->\n<title>Green Skills Award 2023, European Training Foundation - Voisins de l&#039;UE<\/title>\n<meta name=\"robots\" content=\"index, follow, max-snippet:-1, max-image-preview:large, max-video-preview:-1\" \/>\n<link rel=\"canonical\" href=\"https:\/\/www.eumedbridge.eu\/fr\/opportunity\/green-skills-award-2023-european-training-foundation\/\" \/>\n<meta property=\"og:locale\" content=\"fr_FR\" \/>\n<meta property=\"og:type\" content=\"article\" \/>\n<meta property=\"og:title\" content=\"Green Skills Award 2023, European Training Foundation - Voisins de l&#039;UE\" \/>\n<meta property=\"og:description\" content=\"La Fondation europ\u00e9enne pour la formation (ETF) lance un appel visant \u00e0 collecter des r\u00e9cits de bonnes pratiques en mati\u00e8re de d\u00e9veloppement des comp\u00e9tences pour acc\u00e9l\u00e9rer la transition verte. L&rsquo;objectif est de recueillir des id\u00e9es inspirantes et innovantes sur la mani\u00e8re dont les d\u00e9cideurs et praticiens de l&rsquo;\u00e9ducation et de l&#8217;emploi du monde entier peuvent [&hellip;]\" \/>\n<meta property=\"og:url\" content=\"https:\/\/www.eumedbridge.eu\/fr\/opportunity\/green-skills-award-2023-european-training-foundation\/\" \/>\n<meta property=\"og:site_name\" content=\"Voisins de l&#039;UE\" \/>\n<meta property=\"article:publisher\" content=\"https:\/\/www.facebook.com\/eumedbridge\/\" \/>\n<meta property=\"og:image\" content=\"https:\/\/www.eumedbridge.eu\/wp-content\/uploads\/2023\/04\/GREEN-SKILLS-SWISS-ok.jpg\" \/>\n\t<meta property=\"og:image:width\" content=\"810\" \/>\n\t<meta property=\"og:image:height\" content=\"354\" \/>\n\t<meta property=\"og:image:type\" content=\"image\/jpeg\" \/>\n<meta name=\"twitter:card\" content=\"summary_large_image\" \/>\n<meta name=\"twitter:site\" content=\"@eumedbridge\" \/>\n<meta name=\"twitter:label1\" content=\"Dur\u00e9e de lecture estim\u00e9e\" \/>\n\t<meta name=\"twitter:data1\" content=\"2 minutes\" \/>\n<script type=\"application\/ld+json\" class=\"yoast-schema-graph\">{\"@context\":\"https:\/\/schema.org\",\"@graph\":[{\"@type\":\"WebPage\",\"@id\":\"https:\/\/www.eumedbridge.eu\/fr\/opportunity\/green-skills-award-2023-european-training-foundation\/\",\"url\":\"https:\/\/www.eumedbridge.eu\/fr\/opportunity\/green-skills-award-2023-european-training-foundation\/\",\"name\":\"Green Skills Award 2023, European Training Foundation - Voisins de l'UE\",\"isPartOf\":{\"@id\":\"https:\/\/www.eumedbridge.eu\/#website\"},\"primaryImageOfPage\":{\"@id\":\"https:\/\/www.eumedbridge.eu\/fr\/opportunity\/green-skills-award-2023-european-training-foundation\/#primaryimage\"},\"image\":{\"@id\":\"https:\/\/www.eumedbridge.eu\/fr\/opportunity\/green-skills-award-2023-european-training-foundation\/#primaryimage\"},\"thumbnailUrl\":\"https:\/\/www.eumedbridge.eu\/wp-content\/uploads\/2023\/04\/GREEN-SKILLS-SWISS-ok.jpg\",\"datePublished\":\"2023-04-20T13:02:51+00:00\",\"breadcrumb\":{\"@id\":\"https:\/\/www.eumedbridge.eu\/fr\/opportunity\/green-skills-award-2023-european-training-foundation\/#breadcrumb\"},\"inLanguage\":\"fr-FR\",\"potentialAction\":[{\"@type\":\"ReadAction\",\"target\":[\"https:\/\/www.eumedbridge.eu\/fr\/opportunity\/green-skills-award-2023-european-training-foundation\/\"]}]},{\"@type\":\"ImageObject\",\"inLanguage\":\"fr-FR\",\"@id\":\"https:\/\/www.eumedbridge.eu\/fr\/opportunity\/green-skills-award-2023-european-training-foundation\/#primaryimage\",\"url\":\"https:\/\/www.eumedbridge.eu\/wp-content\/uploads\/2023\/04\/GREEN-SKILLS-SWISS-ok.jpg\",\"contentUrl\":\"https:\/\/www.eumedbridge.eu\/wp-content\/uploads\/2023\/04\/GREEN-SKILLS-SWISS-ok.jpg\",\"width\":810,\"height\":354},{\"@type\":\"BreadcrumbList\",\"@id\":\"https:\/\/www.eumedbridge.eu\/fr\/opportunity\/green-skills-award-2023-european-training-foundation\/#breadcrumb\",\"itemListElement\":[{\"@type\":\"ListItem\",\"position\":1,\"name\":\"Home\",\"item\":\"https:\/\/www.eumedbridge.eu\/fr\/home-page\/\"},{\"@type\":\"ListItem\",\"position\":2,\"name\":\"Opportunities\",\"item\":\"https:\/\/www.eumedbridge.eu\/opportunity\/\"},{\"@type\":\"ListItem\",\"position\":3,\"name\":\"Green Skills Award 2023, European Training Foundation\"}]},{\"@type\":\"WebSite\",\"@id\":\"https:\/\/www.eumedbridge.eu\/#website\",\"url\":\"https:\/\/www.eumedbridge.eu\/\",\"name\":\"EU Medbridge\",\"description\":\"\",\"publisher\":{\"@id\":\"https:\/\/www.eumedbridge.eu\/#organization\"},\"potentialAction\":[{\"@type\":\"SearchAction\",\"target\":{\"@type\":\"EntryPoint\",\"urlTemplate\":\"https:\/\/www.eumedbridge.eu\/?s={search_term_string}\"},\"query-input\":{\"@type\":\"PropertyValueSpecification\",\"valueRequired\":true,\"valueName\":\"search_term_string\"}}],\"inLanguage\":\"fr-FR\"},{\"@type\":\"Organization\",\"@id\":\"https:\/\/www.eumedbridge.eu\/#organization\",\"name\":\"EU Medbridge\",\"url\":\"https:\/\/www.eumedbridge.eu\/\",\"logo\":{\"@type\":\"ImageObject\",\"inLanguage\":\"fr-FR\",\"@id\":\"https:\/\/www.eumedbridge.eu\/#\/schema\/logo\/image\/\",\"url\":\"https:\/\/www.eumedbridge.eu\/wp-content\/uploads\/2021\/12\/Logo.png\",\"contentUrl\":\"https:\/\/www.eumedbridge.eu\/wp-content\/uploads\/2021\/12\/Logo.png\",\"width\":325,\"height\":114,\"caption\":\"EU Medbridge\"},\"image\":{\"@id\":\"https:\/\/www.eumedbridge.eu\/#\/schema\/logo\/image\/\"},\"sameAs\":[\"https:\/\/www.facebook.com\/eumedbridge\/\",\"https:\/\/x.com\/eumedbridge\",\"https:\/\/www.linkedin.com\/company\/eumedbridge\",\"https:\/\/www.youtube.com\/@eumedbridge\",\"https:\/\/www.instagram.com\/eumedbridge\",\"https:\/\/www.flickr.com\/photos\/euneighbours-south\/\"]}]}<\/script>\n<!-- \/ Yoast SEO plugin. -->","yoast_head_json":{"title":"Green Skills Award 2023, European Training Foundation - Voisins de l'UE","robots":{"index":"index","follow":"follow","max-snippet":"max-snippet:-1","max-image-preview":"max-image-preview:large","max-video-preview":"max-video-preview:-1"},"canonical":"https:\/\/www.eumedbridge.eu\/fr\/opportunity\/green-skills-award-2023-european-training-foundation\/","og_locale":"fr_FR","og_type":"article","og_title":"Green Skills Award 2023, European Training Foundation - Voisins de l'UE","og_description":"La Fondation europ\u00e9enne pour la formation (ETF) lance un appel visant \u00e0 collecter des r\u00e9cits de bonnes pratiques en mati\u00e8re de d\u00e9veloppement des comp\u00e9tences pour acc\u00e9l\u00e9rer la transition verte. L&rsquo;objectif est de recueillir des id\u00e9es inspirantes et innovantes sur la mani\u00e8re dont les d\u00e9cideurs et praticiens de l&rsquo;\u00e9ducation et de l&#8217;emploi du monde entier peuvent [&hellip;]","og_url":"https:\/\/www.eumedbridge.eu\/fr\/opportunity\/green-skills-award-2023-european-training-foundation\/","og_site_name":"Voisins de l'UE","article_publisher":"https:\/\/www.facebook.com\/eumedbridge\/","og_image":[{"width":810,"height":354,"url":"https:\/\/www.eumedbridge.eu\/wp-content\/uploads\/2023\/04\/GREEN-SKILLS-SWISS-ok.jpg","type":"image\/jpeg"}],"twitter_card":"summary_large_image","twitter_site":"@eumedbridge","twitter_misc":{"Dur\u00e9e de lecture estim\u00e9e":"2 minutes"},"schema":{"@context":"https:\/\/schema.org","@graph":[{"@type":"WebPage","@id":"https:\/\/www.eumedbridge.eu\/fr\/opportunity\/green-skills-award-2023-european-training-foundation\/","url":"https:\/\/www.eumedbridge.eu\/fr\/opportunity\/green-skills-award-2023-european-training-foundation\/","name":"Green Skills Award 2023, European Training Foundation - Voisins de l'UE","isPartOf":{"@id":"https:\/\/www.eumedbridge.eu\/#website"},"primaryImageOfPage":{"@id":"https:\/\/www.eumedbridge.eu\/fr\/opportunity\/green-skills-award-2023-european-training-foundation\/#primaryimage"},"image":{"@id":"https:\/\/www.eumedbridge.eu\/fr\/opportunity\/green-skills-award-2023-european-training-foundation\/#primaryimage"},"thumbnailUrl":"https:\/\/www.eumedbridge.eu\/wp-content\/uploads\/2023\/04\/GREEN-SKILLS-SWISS-ok.jpg","datePublished":"2023-04-20T13:02:51+00:00","breadcrumb":{"@id":"https:\/\/www.eumedbridge.eu\/fr\/opportunity\/green-skills-award-2023-european-training-foundation\/#breadcrumb"},"inLanguage":"fr-FR","potentialAction":[{"@type":"ReadAction","target":["https:\/\/www.eumedbridge.eu\/fr\/opportunity\/green-skills-award-2023-european-training-foundation\/"]}]},{"@type":"ImageObject","inLanguage":"fr-FR","@id":"https:\/\/www.eumedbridge.eu\/fr\/opportunity\/green-skills-award-2023-european-training-foundation\/#primaryimage","url":"https:\/\/www.eumedbridge.eu\/wp-content\/uploads\/2023\/04\/GREEN-SKILLS-SWISS-ok.jpg","contentUrl":"https:\/\/www.eumedbridge.eu\/wp-content\/uploads\/2023\/04\/GREEN-SKILLS-SWISS-ok.jpg","width":810,"height":354},{"@type":"BreadcrumbList","@id":"https:\/\/www.eumedbridge.eu\/fr\/opportunity\/green-skills-award-2023-european-training-foundation\/#breadcrumb","itemListElement":[{"@type":"ListItem","position":1,"name":"Home","item":"https:\/\/www.eumedbridge.eu\/fr\/home-page\/"},{"@type":"ListItem","position":2,"name":"Opportunities","item":"https:\/\/www.eumedbridge.eu\/opportunity\/"},{"@type":"ListItem","position":3,"name":"Green Skills Award 2023, European Training Foundation"}]},{"@type":"WebSite","@id":"https:\/\/www.eumedbridge.eu\/#website","url":"https:\/\/www.eumedbridge.eu\/","name":"EU Medbridge","description":"","publisher":{"@id":"https:\/\/www.eumedbridge.eu\/#organization"},"potentialAction":[{"@type":"SearchAction","target":{"@type":"EntryPoint","urlTemplate":"https:\/\/www.eumedbridge.eu\/?s={search_term_string}"},"query-input":{"@type":"PropertyValueSpecification","valueRequired":true,"valueName":"search_term_string"}}],"inLanguage":"fr-FR"},{"@type":"Organization","@id":"https:\/\/www.eumedbridge.eu\/#organization","name":"EU Medbridge","url":"https:\/\/www.eumedbridge.eu\/","logo":{"@type":"ImageObject","inLanguage":"fr-FR","@id":"https:\/\/www.eumedbridge.eu\/#\/schema\/logo\/image\/","url":"https:\/\/www.eumedbridge.eu\/wp-content\/uploads\/2021\/12\/Logo.png","contentUrl":"https:\/\/www.eumedbridge.eu\/wp-content\/uploads\/2021\/12\/Logo.png","width":325,"height":114,"caption":"EU Medbridge"},"image":{"@id":"https:\/\/www.eumedbridge.eu\/#\/schema\/logo\/image\/"},"sameAs":["https:\/\/www.facebook.com\/eumedbridge\/","https:\/\/x.com\/eumedbridge","https:\/\/www.linkedin.com\/company\/eumedbridge","https:\/\/www.youtube.com\/@eumedbridge","https:\/\/www.instagram.com\/eumedbridge","https:\/\/www.flickr.com\/photos\/euneighbours-south\/"]}]}},"_links":{"self":[{"href":"https:\/\/www.eumedbridge.eu\/fr\/wp-json\/wp\/v2\/opportunity\/214369","targetHints":{"allow":["GET"]}}],"collection":[{"href":"https:\/\/www.eumedbridge.eu\/fr\/wp-json\/wp\/v2\/opportunity"}],"about":[{"href":"https:\/\/www.eumedbridge.eu\/fr\/wp-json\/wp\/v2\/types\/opportunity"}],"wp:featuredmedia":[{"embeddable":true,"href":"https:\/\/www.eumedbridge.eu\/fr\/wp-json\/wp\/v2\/media\/214140"}],"wp:attachment":[{"href":"https:\/\/www.eumedbridge.eu\/fr\/wp-json\/wp\/v2\/media?parent=214369"}],"wp:term":[{"taxonomy":"opportunity_category","embeddable":true,"href":"https:\/\/www.eumedbridge.eu\/fr\/wp-json\/wp\/v2\/opportunity_category?post=214369"},{"taxonomy":"country","embeddable":true,"href":"https:\/\/www.eumedbridge.eu\/fr\/wp-json\/wp\/v2\/country?post=214369"},{"taxonomy":"special_action","embeddable":true,"href":"https:\/\/www.eumedbridge.eu\/fr\/wp-json\/wp\/v2\/special_action?post=214369"},{"taxonomy":"custom_tag","embeddable":true,"href":"https:\/\/www.eumedbridge.eu\/fr\/wp-json\/wp\/v2\/custom_tag?post=214369"}],"curies":[{"name":"wp","href":"https:\/\/api.w.org\/{rel}","templated":true}]}}