{"id":173473,"date":"2019-10-14T00:00:00","date_gmt":"2019-10-13T21:00:00","guid":{"rendered":"http:\/\/south.euneighbours.eu\/publication\/femise-med-brief-24-limpact-economique-des-migrants-et-des-refugies-sur-leurope\/"},"modified":"2022-07-08T14:43:17","modified_gmt":"2022-07-08T11:43:17","slug":"femise-med-brief-24-limpact-economique-des-migrants-et-des","status":"publish","type":"publication","link":"https:\/\/www.eumedbridge.eu\/fr\/publication\/femise-med-brief-24-limpact-economique-des-migrants-et-des\/","title":{"rendered":"FEMISE MED BRIEF 24: L\u2019impact \u00e9conomique des migrants et des r\u00e9fugi\u00e9s sur l\u2019Europe"},"content":{"rendered":"<p><span><span><span><span><span>Ce Policy Brief pr\u00e9sente les conclusions pr\u00e9liminaires d\u2019une \u00e9tude r\u00e9cente sur l\u2019impact \u00e9conomique de l\u2019immigration l\u00e9gale en termes de croissance et de ch\u00f4mage dans un grand nombre de pays europ\u00e9ens. Il \u00e9claire une question utile et int\u00e9ressante pour le d\u00e9bat politique en distinguant explicitement les immigr\u00e9s r\u00e9fugi\u00e9s et ceux de la cat\u00e9gorie \u00e9conomique. <\/span><\/span><\/span><\/span><\/span><\/p>\n<p><span><span><span><span><span>La recherche r\u00e9v\u00e8le un effet non n\u00e9gatif de l\u2019immigration sur la croissance par habitant et sur l\u2019emploi. Les r\u00e9sultats permettent d\u2019envisager des implications particuli\u00e8res pour la collaboration des pays de l\u2019UE sur la question de l\u2019immigration et cherchent \u00e0 \u00e9clairer des interventions de politique publique plus sp\u00e9cifiques et plus concr\u00e8tes.<\/span><\/span><\/span><\/span><\/span><\/p>\n<p><span><span><span><em><span>La s\u00e9rie de Policy Briefs du FEMISE intitul\u00e9e MED BRIEF\u00a0ambitionne de\u00a0fournir une r\u00e9flexion novatrice pour la r\u00e9gion euro-m\u00e9diterran\u00e9enne. Les Policy Briefs contiennent une analyse succincte et politiquement pertinente sur d\u2019importantes questions EuroMed et pr\u00e9sentent aux d\u00e9cideurs politiques les points de vue des chercheurs FEMISE et des partenaires du r\u00e9seau.<\/span><\/em><\/span><\/span><\/span><\/p>\n","protected":false},"featured_media":0,"parent":0,"template":"","publication_category":[2091],"country":[1946,1947,1951,1953,1955],"special_action":[],"custom_tag":[2313,2821],"class_list":["post-173473","publication","type-publication","status-publish","hentry","country-algerie","country-egypte","country-libye","country-maroc","country-tunisie","custom_tag-droit-de-lhomme","custom_tag-migration-fr"],"acf":[],"yoast_head":"<!-- This site is optimized with the Yoast SEO plugin v26.5 - https:\/\/yoast.com\/wordpress\/plugins\/seo\/ -->\n<title>FEMISE MED BRIEF 24: L\u2019impact \u00e9conomique des migrants et des r\u00e9fugi\u00e9s sur l\u2019Europe - Voisins de l&#039;UE<\/title>\n<meta name=\"robots\" content=\"index, follow, max-snippet:-1, max-image-preview:large, max-video-preview:-1\" \/>\n<link rel=\"canonical\" href=\"https:\/\/www.eumedbridge.eu\/fr\/publication\/femise-med-brief-24-limpact-economique-des-migrants-et-des\/\" \/>\n<meta property=\"og:locale\" content=\"fr_FR\" \/>\n<meta property=\"og:type\" content=\"article\" \/>\n<meta property=\"og:title\" content=\"FEMISE MED BRIEF 24: L\u2019impact \u00e9conomique des migrants et des r\u00e9fugi\u00e9s sur l\u2019Europe - Voisins de l&#039;UE\" \/>\n<meta property=\"og:description\" content=\"Ce Policy Brief pr\u00e9sente les conclusions pr\u00e9liminaires d\u2019une \u00e9tude r\u00e9cente sur l\u2019impact \u00e9conomique de l\u2019immigration l\u00e9gale en termes de croissance et de ch\u00f4mage dans un grand nombre de pays europ\u00e9ens. Il \u00e9claire une question utile et int\u00e9ressante pour le d\u00e9bat politique en distinguant explicitement les immigr\u00e9s r\u00e9fugi\u00e9s et ceux de la cat\u00e9gorie \u00e9conomique. La recherche [&hellip;]\" \/>\n<meta property=\"og:url\" content=\"https:\/\/www.eumedbridge.eu\/fr\/publication\/femise-med-brief-24-limpact-economique-des-migrants-et-des\/\" \/>\n<meta property=\"og:site_name\" content=\"Voisins de l&#039;UE\" \/>\n<meta property=\"article:publisher\" content=\"https:\/\/www.facebook.com\/eumedbridge\/\" \/>\n<meta property=\"article:modified_time\" content=\"2022-07-08T11:43:17+00:00\" \/>\n<meta property=\"og:image\" content=\"https:\/\/www.eumedbridge.eu\/wp-content\/uploads\/2022\/03\/Capture_5-16.jpg\" \/>\n\t<meta property=\"og:image:width\" content=\"517\" \/>\n\t<meta property=\"og:image:height\" content=\"730\" \/>\n\t<meta property=\"og:image:type\" content=\"image\/jpeg\" \/>\n<meta name=\"twitter:card\" content=\"summary_large_image\" \/>\n<meta name=\"twitter:site\" content=\"@eumedbridge\" \/>\n<meta name=\"twitter:label1\" content=\"Dur\u00e9e de lecture estim\u00e9e\" \/>\n\t<meta name=\"twitter:data1\" content=\"1 minute\" \/>\n<script type=\"application\/ld+json\" class=\"yoast-schema-graph\">{\"@context\":\"https:\/\/schema.org\",\"@graph\":[{\"@type\":\"WebPage\",\"@id\":\"https:\/\/www.eumedbridge.eu\/fr\/publication\/femise-med-brief-24-limpact-economique-des-migrants-et-des\/\",\"url\":\"https:\/\/www.eumedbridge.eu\/fr\/publication\/femise-med-brief-24-limpact-economique-des-migrants-et-des\/\",\"name\":\"FEMISE MED BRIEF 24: L\u2019impact \u00e9conomique des migrants et des r\u00e9fugi\u00e9s sur l\u2019Europe - Voisins de l'UE\",\"isPartOf\":{\"@id\":\"https:\/\/www.eumedbridge.eu\/#website\"},\"datePublished\":\"2019-10-13T21:00:00+00:00\",\"dateModified\":\"2022-07-08T11:43:17+00:00\",\"breadcrumb\":{\"@id\":\"https:\/\/www.eumedbridge.eu\/fr\/publication\/femise-med-brief-24-limpact-economique-des-migrants-et-des\/#breadcrumb\"},\"inLanguage\":\"fr-FR\",\"potentialAction\":[{\"@type\":\"ReadAction\",\"target\":[\"https:\/\/www.eumedbridge.eu\/fr\/publication\/femise-med-brief-24-limpact-economique-des-migrants-et-des\/\"]}]},{\"@type\":\"BreadcrumbList\",\"@id\":\"https:\/\/www.eumedbridge.eu\/fr\/publication\/femise-med-brief-24-limpact-economique-des-migrants-et-des\/#breadcrumb\",\"itemListElement\":[{\"@type\":\"ListItem\",\"position\":1,\"name\":\"Home\",\"item\":\"https:\/\/www.eumedbridge.eu\/fr\/home-page\/\"},{\"@type\":\"ListItem\",\"position\":2,\"name\":\"Publications\",\"item\":\"https:\/\/www.eumedbridge.eu\/publication\/\"},{\"@type\":\"ListItem\",\"position\":3,\"name\":\"FEMISE MED BRIEF 24: L\u2019impact \u00e9conomique des migrants et des r\u00e9fugi\u00e9s sur l\u2019Europe\"}]},{\"@type\":\"WebSite\",\"@id\":\"https:\/\/www.eumedbridge.eu\/#website\",\"url\":\"https:\/\/www.eumedbridge.eu\/\",\"name\":\"EU Medbridge\",\"description\":\"\",\"publisher\":{\"@id\":\"https:\/\/www.eumedbridge.eu\/#organization\"},\"potentialAction\":[{\"@type\":\"SearchAction\",\"target\":{\"@type\":\"EntryPoint\",\"urlTemplate\":\"https:\/\/www.eumedbridge.eu\/?s={search_term_string}\"},\"query-input\":{\"@type\":\"PropertyValueSpecification\",\"valueRequired\":true,\"valueName\":\"search_term_string\"}}],\"inLanguage\":\"fr-FR\"},{\"@type\":\"Organization\",\"@id\":\"https:\/\/www.eumedbridge.eu\/#organization\",\"name\":\"EU Medbridge\",\"url\":\"https:\/\/www.eumedbridge.eu\/\",\"logo\":{\"@type\":\"ImageObject\",\"inLanguage\":\"fr-FR\",\"@id\":\"https:\/\/www.eumedbridge.eu\/#\/schema\/logo\/image\/\",\"url\":\"https:\/\/www.eumedbridge.eu\/wp-content\/uploads\/2021\/12\/Logo.png\",\"contentUrl\":\"https:\/\/www.eumedbridge.eu\/wp-content\/uploads\/2021\/12\/Logo.png\",\"width\":325,\"height\":114,\"caption\":\"EU Medbridge\"},\"image\":{\"@id\":\"https:\/\/www.eumedbridge.eu\/#\/schema\/logo\/image\/\"},\"sameAs\":[\"https:\/\/www.facebook.com\/eumedbridge\/\",\"https:\/\/x.com\/eumedbridge\",\"https:\/\/www.linkedin.com\/company\/eumedbridge\",\"https:\/\/www.youtube.com\/@eumedbridge\",\"https:\/\/www.instagram.com\/eumedbridge\",\"https:\/\/www.flickr.com\/photos\/euneighbours-south\/\"]}]}<\/script>\n<!-- \/ Yoast SEO plugin. -->","yoast_head_json":{"title":"FEMISE MED BRIEF 24: L\u2019impact \u00e9conomique des migrants et des r\u00e9fugi\u00e9s sur l\u2019Europe - Voisins de l'UE","robots":{"index":"index","follow":"follow","max-snippet":"max-snippet:-1","max-image-preview":"max-image-preview:large","max-video-preview":"max-video-preview:-1"},"canonical":"https:\/\/www.eumedbridge.eu\/fr\/publication\/femise-med-brief-24-limpact-economique-des-migrants-et-des\/","og_locale":"fr_FR","og_type":"article","og_title":"FEMISE MED BRIEF 24: L\u2019impact \u00e9conomique des migrants et des r\u00e9fugi\u00e9s sur l\u2019Europe - Voisins de l'UE","og_description":"Ce Policy Brief pr\u00e9sente les conclusions pr\u00e9liminaires d\u2019une \u00e9tude r\u00e9cente sur l\u2019impact \u00e9conomique de l\u2019immigration l\u00e9gale en termes de croissance et de ch\u00f4mage dans un grand nombre de pays europ\u00e9ens. Il \u00e9claire une question utile et int\u00e9ressante pour le d\u00e9bat politique en distinguant explicitement les immigr\u00e9s r\u00e9fugi\u00e9s et ceux de la cat\u00e9gorie \u00e9conomique. La recherche [&hellip;]","og_url":"https:\/\/www.eumedbridge.eu\/fr\/publication\/femise-med-brief-24-limpact-economique-des-migrants-et-des\/","og_site_name":"Voisins de l'UE","article_publisher":"https:\/\/www.facebook.com\/eumedbridge\/","article_modified_time":"2022-07-08T11:43:17+00:00","og_image":[{"width":517,"height":730,"url":"https:\/\/www.eumedbridge.eu\/wp-content\/uploads\/2022\/03\/Capture_5-16.jpg","type":"image\/jpeg"}],"twitter_card":"summary_large_image","twitter_site":"@eumedbridge","twitter_misc":{"Dur\u00e9e de lecture estim\u00e9e":"1 minute"},"schema":{"@context":"https:\/\/schema.org","@graph":[{"@type":"WebPage","@id":"https:\/\/www.eumedbridge.eu\/fr\/publication\/femise-med-brief-24-limpact-economique-des-migrants-et-des\/","url":"https:\/\/www.eumedbridge.eu\/fr\/publication\/femise-med-brief-24-limpact-economique-des-migrants-et-des\/","name":"FEMISE MED BRIEF 24: L\u2019impact \u00e9conomique des migrants et des r\u00e9fugi\u00e9s sur l\u2019Europe - Voisins de l'UE","isPartOf":{"@id":"https:\/\/www.eumedbridge.eu\/#website"},"datePublished":"2019-10-13T21:00:00+00:00","dateModified":"2022-07-08T11:43:17+00:00","breadcrumb":{"@id":"https:\/\/www.eumedbridge.eu\/fr\/publication\/femise-med-brief-24-limpact-economique-des-migrants-et-des\/#breadcrumb"},"inLanguage":"fr-FR","potentialAction":[{"@type":"ReadAction","target":["https:\/\/www.eumedbridge.eu\/fr\/publication\/femise-med-brief-24-limpact-economique-des-migrants-et-des\/"]}]},{"@type":"BreadcrumbList","@id":"https:\/\/www.eumedbridge.eu\/fr\/publication\/femise-med-brief-24-limpact-economique-des-migrants-et-des\/#breadcrumb","itemListElement":[{"@type":"ListItem","position":1,"name":"Home","item":"https:\/\/www.eumedbridge.eu\/fr\/home-page\/"},{"@type":"ListItem","position":2,"name":"Publications","item":"https:\/\/www.eumedbridge.eu\/publication\/"},{"@type":"ListItem","position":3,"name":"FEMISE MED BRIEF 24: L\u2019impact \u00e9conomique des migrants et des r\u00e9fugi\u00e9s sur l\u2019Europe"}]},{"@type":"WebSite","@id":"https:\/\/www.eumedbridge.eu\/#website","url":"https:\/\/www.eumedbridge.eu\/","name":"EU Medbridge","description":"","publisher":{"@id":"https:\/\/www.eumedbridge.eu\/#organization"},"potentialAction":[{"@type":"SearchAction","target":{"@type":"EntryPoint","urlTemplate":"https:\/\/www.eumedbridge.eu\/?s={search_term_string}"},"query-input":{"@type":"PropertyValueSpecification","valueRequired":true,"valueName":"search_term_string"}}],"inLanguage":"fr-FR"},{"@type":"Organization","@id":"https:\/\/www.eumedbridge.eu\/#organization","name":"EU Medbridge","url":"https:\/\/www.eumedbridge.eu\/","logo":{"@type":"ImageObject","inLanguage":"fr-FR","@id":"https:\/\/www.eumedbridge.eu\/#\/schema\/logo\/image\/","url":"https:\/\/www.eumedbridge.eu\/wp-content\/uploads\/2021\/12\/Logo.png","contentUrl":"https:\/\/www.eumedbridge.eu\/wp-content\/uploads\/2021\/12\/Logo.png","width":325,"height":114,"caption":"EU Medbridge"},"image":{"@id":"https:\/\/www.eumedbridge.eu\/#\/schema\/logo\/image\/"},"sameAs":["https:\/\/www.facebook.com\/eumedbridge\/","https:\/\/x.com\/eumedbridge","https:\/\/www.linkedin.com\/company\/eumedbridge","https:\/\/www.youtube.com\/@eumedbridge","https:\/\/www.instagram.com\/eumedbridge","https:\/\/www.flickr.com\/photos\/euneighbours-south\/"]}]}},"_links":{"self":[{"href":"https:\/\/www.eumedbridge.eu\/fr\/wp-json\/wp\/v2\/publication\/173473","targetHints":{"allow":["GET"]}}],"collection":[{"href":"https:\/\/www.eumedbridge.eu\/fr\/wp-json\/wp\/v2\/publication"}],"about":[{"href":"https:\/\/www.eumedbridge.eu\/fr\/wp-json\/wp\/v2\/types\/publication"}],"wp:attachment":[{"href":"https:\/\/www.eumedbridge.eu\/fr\/wp-json\/wp\/v2\/media?parent=173473"}],"wp:term":[{"taxonomy":"publication_category","embeddable":true,"href":"https:\/\/www.eumedbridge.eu\/fr\/wp-json\/wp\/v2\/publication_category?post=173473"},{"taxonomy":"country","embeddable":true,"href":"https:\/\/www.eumedbridge.eu\/fr\/wp-json\/wp\/v2\/country?post=173473"},{"taxonomy":"special_action","embeddable":true,"href":"https:\/\/www.eumedbridge.eu\/fr\/wp-json\/wp\/v2\/special_action?post=173473"},{"taxonomy":"custom_tag","embeddable":true,"href":"https:\/\/www.eumedbridge.eu\/fr\/wp-json\/wp\/v2\/custom_tag?post=173473"}],"curies":[{"name":"wp","href":"https:\/\/api.w.org\/{rel}","templated":true}]}}