{"id":243382,"date":"2025-10-10T11:08:17","date_gmt":"2025-10-10T08:08:17","guid":{"rendered":"https:\/\/eumedbridge.eu\/?post_type=publication&#038;p=243382"},"modified":"2025-10-10T11:08:17","modified_gmt":"2025-10-10T08:08:17","slug":"integration-des-objectifs-climatiques-et-environnementaux-dans-les-programmes-de-financement-internationaux-de-lue-pour-lapres-2027","status":"publish","type":"publication","link":"https:\/\/www.eumedbridge.eu\/fr\/publication\/integration-des-objectifs-climatiques-et-environnementaux-dans-les-programmes-de-financement-internationaux-de-lue-pour-lapres-2027\/","title":{"rendered":"Int\u00e9gration des objectifs climatiques et environnementaux dans les programmes de financement internationaux de l&rsquo;UE pour l&rsquo;apr\u00e8s-2027"},"content":{"rendered":"<p>L&rsquo;Union europ\u00e9enne (UE) s&rsquo;est positionn\u00e9e comme un leader mondial dans la lutte contre le changement climatique et la perte de biodiversit\u00e9, conform\u00e9ment \u00e0 ses engagements au titre de cadres internationaux tels que l&rsquo;Accord de Paris et le Cadre mondial de Kunming-Montr\u00e9al pour la biodiversit\u00e9 (CMGBF). Cette \u00e9tude \u00e9value l&rsquo;approche de l&rsquo;UE en mati\u00e8re d&rsquo;int\u00e9gration des objectifs climatiques et de biodiversit\u00e9 dans ses instruments de financement ext\u00e9rieur au cours du Cadre financier pluriannuel (CFP) 2021-2027, afin de formuler des recommandations pour l&rsquo;apr\u00e8s-2027. Les instruments financiers examin\u00e9s comprennent l&rsquo;Instrument de voisinage, de coop\u00e9ration au d\u00e9veloppement et de coop\u00e9ration internationale (IVCDCI) \u2013 Europe dans le monde et l&rsquo;Instrument de pr\u00e9adh\u00e9sion (IAP III), ainsi que des fonds sous-jacents tels que le Fonds europ\u00e9en pour le d\u00e9veloppement durable plus (FEDD+). L&rsquo;\u00e9tude met en \u00e9vidence les avanc\u00e9es dans l&rsquo;int\u00e9gration des priorit\u00e9s vertes tout en r\u00e9pondant aux pr\u00e9occupations \u00e9mergentes concernant la comp\u00e9titivit\u00e9 et la s\u00e9curit\u00e9 internationales de l&rsquo;UE. Fran\u00e7ais Pourtant, elle identifie des d\u00e9fis persistants, tels que l&rsquo;alignement de l&rsquo;appropriation locale sur les objectifs environnementaux, l&rsquo;am\u00e9lioration de l&rsquo;efficacit\u00e9 du financement de la biodiversit\u00e9 et la transparence du suivi des d\u00e9penses pour la p\u00e9riode post-2027. Les recommandations se concentrent sur l&rsquo;affinement des m\u00e9thodologies de suivi des actions en faveur du climat et de la biodiversit\u00e9, le renforcement de la mise en \u0153uvre du principe \u00ab Ne pas nuire \u00bb (DNH), l&rsquo;am\u00e9lioration des exclusions sectorielles pour emp\u00eacher le financement d&rsquo;activit\u00e9s nuisibles et l&rsquo;exploitation des meilleures pratiques mondiales pour am\u00e9liorer les syst\u00e8mes de reporting. Alors que l&rsquo;UE est cens\u00e9e contribuer \u00e0 l&rsquo;ambitieux Nouvel Objectif Collectif Quantifi\u00e9 pour le financement climatique et aux objectifs de financement de la biodiversit\u00e9 du KMGF, cette \u00e9tude recommande de maintenir les objectifs financiers actuels en raison des contraintes existantes. Elle appelle plut\u00f4t \u00e0 renforcer la volont\u00e9 politique, \u00e0 encourager l&rsquo;innovation financi\u00e8re et \u00e0 am\u00e9liorer les processus standardis\u00e9s pour garantir que les investissements de l&rsquo;UE soient conformes aux principes verts.<\/p>\n","protected":false},"featured_media":242865,"parent":0,"template":"","publication_category":[],"country":[1956],"special_action":[],"custom_tag":[1884],"class_list":["post-243382","publication","type-publication","status-publish","has-post-thumbnail","hentry","country-region-sud","custom_tag-environnement-et-changement-climatique"],"acf":[],"yoast_head":"<!-- This site is optimized with the Yoast SEO plugin v26.5 - https:\/\/yoast.com\/wordpress\/plugins\/seo\/ -->\n<title>Int\u00e9gration des objectifs climatiques et environnementaux dans les programmes de financement internationaux de l&#039;UE pour l&#039;apr\u00e8s-2027 - Voisins de l&#039;UE<\/title>\n<meta name=\"robots\" content=\"index, follow, max-snippet:-1, max-image-preview:large, max-video-preview:-1\" \/>\n<link rel=\"canonical\" href=\"https:\/\/www.eumedbridge.eu\/fr\/publication\/integration-des-objectifs-climatiques-et-environnementaux-dans-les-programmes-de-financement-internationaux-de-lue-pour-lapres-2027\/\" \/>\n<meta property=\"og:locale\" content=\"fr_FR\" \/>\n<meta property=\"og:type\" content=\"article\" \/>\n<meta property=\"og:title\" content=\"Int\u00e9gration des objectifs climatiques et environnementaux dans les programmes de financement internationaux de l&#039;UE pour l&#039;apr\u00e8s-2027 - Voisins de l&#039;UE\" \/>\n<meta property=\"og:description\" content=\"L&rsquo;Union europ\u00e9enne (UE) s&rsquo;est positionn\u00e9e comme un leader mondial dans la lutte contre le changement climatique et la perte de biodiversit\u00e9, conform\u00e9ment \u00e0 ses engagements au titre de cadres internationaux tels que l&rsquo;Accord de Paris et le Cadre mondial de Kunming-Montr\u00e9al pour la biodiversit\u00e9 (CMGBF). Cette \u00e9tude \u00e9value l&rsquo;approche de l&rsquo;UE en mati\u00e8re d&rsquo;int\u00e9gration des [&hellip;]\" \/>\n<meta property=\"og:url\" content=\"https:\/\/www.eumedbridge.eu\/fr\/publication\/integration-des-objectifs-climatiques-et-environnementaux-dans-les-programmes-de-financement-internationaux-de-lue-pour-lapres-2027\/\" \/>\n<meta property=\"og:site_name\" content=\"Voisins de l&#039;UE\" \/>\n<meta property=\"article:publisher\" content=\"https:\/\/www.facebook.com\/eumedbridge\/\" \/>\n<meta property=\"og:image\" content=\"https:\/\/www.eumedbridge.eu\/wp-content\/uploads\/2025\/09\/DOC_2-12.jpg\" \/>\n\t<meta property=\"og:image:width\" content=\"120\" \/>\n\t<meta property=\"og:image:height\" content=\"170\" \/>\n\t<meta property=\"og:image:type\" content=\"image\/jpeg\" \/>\n<meta name=\"twitter:card\" content=\"summary_large_image\" \/>\n<meta name=\"twitter:site\" content=\"@eumedbridge\" \/>\n<meta name=\"twitter:label1\" content=\"Dur\u00e9e de lecture estim\u00e9e\" \/>\n\t<meta name=\"twitter:data1\" content=\"2 minutes\" \/>\n<script type=\"application\/ld+json\" class=\"yoast-schema-graph\">{\"@context\":\"https:\/\/schema.org\",\"@graph\":[{\"@type\":\"WebPage\",\"@id\":\"https:\/\/www.eumedbridge.eu\/fr\/publication\/integration-des-objectifs-climatiques-et-environnementaux-dans-les-programmes-de-financement-internationaux-de-lue-pour-lapres-2027\/\",\"url\":\"https:\/\/www.eumedbridge.eu\/fr\/publication\/integration-des-objectifs-climatiques-et-environnementaux-dans-les-programmes-de-financement-internationaux-de-lue-pour-lapres-2027\/\",\"name\":\"Int\u00e9gration des objectifs climatiques et environnementaux dans les programmes de financement internationaux de l'UE pour l'apr\u00e8s-2027 - Voisins de l'UE\",\"isPartOf\":{\"@id\":\"https:\/\/www.eumedbridge.eu\/#website\"},\"primaryImageOfPage\":{\"@id\":\"https:\/\/www.eumedbridge.eu\/fr\/publication\/integration-des-objectifs-climatiques-et-environnementaux-dans-les-programmes-de-financement-internationaux-de-lue-pour-lapres-2027\/#primaryimage\"},\"image\":{\"@id\":\"https:\/\/www.eumedbridge.eu\/fr\/publication\/integration-des-objectifs-climatiques-et-environnementaux-dans-les-programmes-de-financement-internationaux-de-lue-pour-lapres-2027\/#primaryimage\"},\"thumbnailUrl\":\"https:\/\/www.eumedbridge.eu\/wp-content\/uploads\/2025\/09\/DOC_2-12.jpg\",\"datePublished\":\"2025-10-10T08:08:17+00:00\",\"breadcrumb\":{\"@id\":\"https:\/\/www.eumedbridge.eu\/fr\/publication\/integration-des-objectifs-climatiques-et-environnementaux-dans-les-programmes-de-financement-internationaux-de-lue-pour-lapres-2027\/#breadcrumb\"},\"inLanguage\":\"fr-FR\",\"potentialAction\":[{\"@type\":\"ReadAction\",\"target\":[\"https:\/\/www.eumedbridge.eu\/fr\/publication\/integration-des-objectifs-climatiques-et-environnementaux-dans-les-programmes-de-financement-internationaux-de-lue-pour-lapres-2027\/\"]}]},{\"@type\":\"ImageObject\",\"inLanguage\":\"fr-FR\",\"@id\":\"https:\/\/www.eumedbridge.eu\/fr\/publication\/integration-des-objectifs-climatiques-et-environnementaux-dans-les-programmes-de-financement-internationaux-de-lue-pour-lapres-2027\/#primaryimage\",\"url\":\"https:\/\/www.eumedbridge.eu\/wp-content\/uploads\/2025\/09\/DOC_2-12.jpg\",\"contentUrl\":\"https:\/\/www.eumedbridge.eu\/wp-content\/uploads\/2025\/09\/DOC_2-12.jpg\",\"width\":120,\"height\":170},{\"@type\":\"BreadcrumbList\",\"@id\":\"https:\/\/www.eumedbridge.eu\/fr\/publication\/integration-des-objectifs-climatiques-et-environnementaux-dans-les-programmes-de-financement-internationaux-de-lue-pour-lapres-2027\/#breadcrumb\",\"itemListElement\":[{\"@type\":\"ListItem\",\"position\":1,\"name\":\"Home\",\"item\":\"https:\/\/www.eumedbridge.eu\/fr\/home-page\/\"},{\"@type\":\"ListItem\",\"position\":2,\"name\":\"Publications\",\"item\":\"https:\/\/www.eumedbridge.eu\/publication\/\"},{\"@type\":\"ListItem\",\"position\":3,\"name\":\"Int\u00e9gration des objectifs climatiques et environnementaux dans les programmes de financement internationaux de l&rsquo;UE pour l&rsquo;apr\u00e8s-2027\"}]},{\"@type\":\"WebSite\",\"@id\":\"https:\/\/www.eumedbridge.eu\/#website\",\"url\":\"https:\/\/www.eumedbridge.eu\/\",\"name\":\"EU Medbridge\",\"description\":\"\",\"publisher\":{\"@id\":\"https:\/\/www.eumedbridge.eu\/#organization\"},\"potentialAction\":[{\"@type\":\"SearchAction\",\"target\":{\"@type\":\"EntryPoint\",\"urlTemplate\":\"https:\/\/www.eumedbridge.eu\/?s={search_term_string}\"},\"query-input\":{\"@type\":\"PropertyValueSpecification\",\"valueRequired\":true,\"valueName\":\"search_term_string\"}}],\"inLanguage\":\"fr-FR\"},{\"@type\":\"Organization\",\"@id\":\"https:\/\/www.eumedbridge.eu\/#organization\",\"name\":\"EU Medbridge\",\"url\":\"https:\/\/www.eumedbridge.eu\/\",\"logo\":{\"@type\":\"ImageObject\",\"inLanguage\":\"fr-FR\",\"@id\":\"https:\/\/www.eumedbridge.eu\/#\/schema\/logo\/image\/\",\"url\":\"https:\/\/www.eumedbridge.eu\/wp-content\/uploads\/2021\/12\/Logo.png\",\"contentUrl\":\"https:\/\/www.eumedbridge.eu\/wp-content\/uploads\/2021\/12\/Logo.png\",\"width\":325,\"height\":114,\"caption\":\"EU Medbridge\"},\"image\":{\"@id\":\"https:\/\/www.eumedbridge.eu\/#\/schema\/logo\/image\/\"},\"sameAs\":[\"https:\/\/www.facebook.com\/eumedbridge\/\",\"https:\/\/x.com\/eumedbridge\",\"https:\/\/www.linkedin.com\/company\/eumedbridge\",\"https:\/\/www.youtube.com\/@eumedbridge\",\"https:\/\/www.instagram.com\/eumedbridge\",\"https:\/\/www.flickr.com\/photos\/euneighbours-south\/\"]}]}<\/script>\n<!-- \/ Yoast SEO plugin. -->","yoast_head_json":{"title":"Int\u00e9gration des objectifs climatiques et environnementaux dans les programmes de financement internationaux de l'UE pour l'apr\u00e8s-2027 - Voisins de l'UE","robots":{"index":"index","follow":"follow","max-snippet":"max-snippet:-1","max-image-preview":"max-image-preview:large","max-video-preview":"max-video-preview:-1"},"canonical":"https:\/\/www.eumedbridge.eu\/fr\/publication\/integration-des-objectifs-climatiques-et-environnementaux-dans-les-programmes-de-financement-internationaux-de-lue-pour-lapres-2027\/","og_locale":"fr_FR","og_type":"article","og_title":"Int\u00e9gration des objectifs climatiques et environnementaux dans les programmes de financement internationaux de l'UE pour l'apr\u00e8s-2027 - Voisins de l'UE","og_description":"L&rsquo;Union europ\u00e9enne (UE) s&rsquo;est positionn\u00e9e comme un leader mondial dans la lutte contre le changement climatique et la perte de biodiversit\u00e9, conform\u00e9ment \u00e0 ses engagements au titre de cadres internationaux tels que l&rsquo;Accord de Paris et le Cadre mondial de Kunming-Montr\u00e9al pour la biodiversit\u00e9 (CMGBF). Cette \u00e9tude \u00e9value l&rsquo;approche de l&rsquo;UE en mati\u00e8re d&rsquo;int\u00e9gration des [&hellip;]","og_url":"https:\/\/www.eumedbridge.eu\/fr\/publication\/integration-des-objectifs-climatiques-et-environnementaux-dans-les-programmes-de-financement-internationaux-de-lue-pour-lapres-2027\/","og_site_name":"Voisins de l'UE","article_publisher":"https:\/\/www.facebook.com\/eumedbridge\/","og_image":[{"width":120,"height":170,"url":"https:\/\/www.eumedbridge.eu\/wp-content\/uploads\/2025\/09\/DOC_2-12.jpg","type":"image\/jpeg"}],"twitter_card":"summary_large_image","twitter_site":"@eumedbridge","twitter_misc":{"Dur\u00e9e de lecture estim\u00e9e":"2 minutes"},"schema":{"@context":"https:\/\/schema.org","@graph":[{"@type":"WebPage","@id":"https:\/\/www.eumedbridge.eu\/fr\/publication\/integration-des-objectifs-climatiques-et-environnementaux-dans-les-programmes-de-financement-internationaux-de-lue-pour-lapres-2027\/","url":"https:\/\/www.eumedbridge.eu\/fr\/publication\/integration-des-objectifs-climatiques-et-environnementaux-dans-les-programmes-de-financement-internationaux-de-lue-pour-lapres-2027\/","name":"Int\u00e9gration des objectifs climatiques et environnementaux dans les programmes de financement internationaux de l'UE pour l'apr\u00e8s-2027 - Voisins de l'UE","isPartOf":{"@id":"https:\/\/www.eumedbridge.eu\/#website"},"primaryImageOfPage":{"@id":"https:\/\/www.eumedbridge.eu\/fr\/publication\/integration-des-objectifs-climatiques-et-environnementaux-dans-les-programmes-de-financement-internationaux-de-lue-pour-lapres-2027\/#primaryimage"},"image":{"@id":"https:\/\/www.eumedbridge.eu\/fr\/publication\/integration-des-objectifs-climatiques-et-environnementaux-dans-les-programmes-de-financement-internationaux-de-lue-pour-lapres-2027\/#primaryimage"},"thumbnailUrl":"https:\/\/www.eumedbridge.eu\/wp-content\/uploads\/2025\/09\/DOC_2-12.jpg","datePublished":"2025-10-10T08:08:17+00:00","breadcrumb":{"@id":"https:\/\/www.eumedbridge.eu\/fr\/publication\/integration-des-objectifs-climatiques-et-environnementaux-dans-les-programmes-de-financement-internationaux-de-lue-pour-lapres-2027\/#breadcrumb"},"inLanguage":"fr-FR","potentialAction":[{"@type":"ReadAction","target":["https:\/\/www.eumedbridge.eu\/fr\/publication\/integration-des-objectifs-climatiques-et-environnementaux-dans-les-programmes-de-financement-internationaux-de-lue-pour-lapres-2027\/"]}]},{"@type":"ImageObject","inLanguage":"fr-FR","@id":"https:\/\/www.eumedbridge.eu\/fr\/publication\/integration-des-objectifs-climatiques-et-environnementaux-dans-les-programmes-de-financement-internationaux-de-lue-pour-lapres-2027\/#primaryimage","url":"https:\/\/www.eumedbridge.eu\/wp-content\/uploads\/2025\/09\/DOC_2-12.jpg","contentUrl":"https:\/\/www.eumedbridge.eu\/wp-content\/uploads\/2025\/09\/DOC_2-12.jpg","width":120,"height":170},{"@type":"BreadcrumbList","@id":"https:\/\/www.eumedbridge.eu\/fr\/publication\/integration-des-objectifs-climatiques-et-environnementaux-dans-les-programmes-de-financement-internationaux-de-lue-pour-lapres-2027\/#breadcrumb","itemListElement":[{"@type":"ListItem","position":1,"name":"Home","item":"https:\/\/www.eumedbridge.eu\/fr\/home-page\/"},{"@type":"ListItem","position":2,"name":"Publications","item":"https:\/\/www.eumedbridge.eu\/publication\/"},{"@type":"ListItem","position":3,"name":"Int\u00e9gration des objectifs climatiques et environnementaux dans les programmes de financement internationaux de l&rsquo;UE pour l&rsquo;apr\u00e8s-2027"}]},{"@type":"WebSite","@id":"https:\/\/www.eumedbridge.eu\/#website","url":"https:\/\/www.eumedbridge.eu\/","name":"EU Medbridge","description":"","publisher":{"@id":"https:\/\/www.eumedbridge.eu\/#organization"},"potentialAction":[{"@type":"SearchAction","target":{"@type":"EntryPoint","urlTemplate":"https:\/\/www.eumedbridge.eu\/?s={search_term_string}"},"query-input":{"@type":"PropertyValueSpecification","valueRequired":true,"valueName":"search_term_string"}}],"inLanguage":"fr-FR"},{"@type":"Organization","@id":"https:\/\/www.eumedbridge.eu\/#organization","name":"EU Medbridge","url":"https:\/\/www.eumedbridge.eu\/","logo":{"@type":"ImageObject","inLanguage":"fr-FR","@id":"https:\/\/www.eumedbridge.eu\/#\/schema\/logo\/image\/","url":"https:\/\/www.eumedbridge.eu\/wp-content\/uploads\/2021\/12\/Logo.png","contentUrl":"https:\/\/www.eumedbridge.eu\/wp-content\/uploads\/2021\/12\/Logo.png","width":325,"height":114,"caption":"EU Medbridge"},"image":{"@id":"https:\/\/www.eumedbridge.eu\/#\/schema\/logo\/image\/"},"sameAs":["https:\/\/www.facebook.com\/eumedbridge\/","https:\/\/x.com\/eumedbridge","https:\/\/www.linkedin.com\/company\/eumedbridge","https:\/\/www.youtube.com\/@eumedbridge","https:\/\/www.instagram.com\/eumedbridge","https:\/\/www.flickr.com\/photos\/euneighbours-south\/"]}]}},"_links":{"self":[{"href":"https:\/\/www.eumedbridge.eu\/fr\/wp-json\/wp\/v2\/publication\/243382","targetHints":{"allow":["GET"]}}],"collection":[{"href":"https:\/\/www.eumedbridge.eu\/fr\/wp-json\/wp\/v2\/publication"}],"about":[{"href":"https:\/\/www.eumedbridge.eu\/fr\/wp-json\/wp\/v2\/types\/publication"}],"wp:featuredmedia":[{"embeddable":true,"href":"https:\/\/www.eumedbridge.eu\/fr\/wp-json\/wp\/v2\/media\/242865"}],"wp:attachment":[{"href":"https:\/\/www.eumedbridge.eu\/fr\/wp-json\/wp\/v2\/media?parent=243382"}],"wp:term":[{"taxonomy":"publication_category","embeddable":true,"href":"https:\/\/www.eumedbridge.eu\/fr\/wp-json\/wp\/v2\/publication_category?post=243382"},{"taxonomy":"country","embeddable":true,"href":"https:\/\/www.eumedbridge.eu\/fr\/wp-json\/wp\/v2\/country?post=243382"},{"taxonomy":"special_action","embeddable":true,"href":"https:\/\/www.eumedbridge.eu\/fr\/wp-json\/wp\/v2\/special_action?post=243382"},{"taxonomy":"custom_tag","embeddable":true,"href":"https:\/\/www.eumedbridge.eu\/fr\/wp-json\/wp\/v2\/custom_tag?post=243382"}],"curies":[{"name":"wp","href":"https:\/\/api.w.org\/{rel}","templated":true}]}}