{"id":215941,"date":"2023-05-26T19:38:02","date_gmt":"2023-05-26T16:38:02","guid":{"rendered":"https:\/\/eumedbridge.eu\/?post_type=video&#038;p=215941"},"modified":"2023-05-26T19:42:22","modified_gmt":"2023-05-26T16:42:22","slug":"legalite-des-genres-sur-le-marche-du-travail-lynne-tehini","status":"publish","type":"video","link":"https:\/\/www.eumedbridge.eu\/fr\/video\/legalite-des-genres-sur-le-marche-du-travail-lynne-tehini\/","title":{"rendered":"L&rsquo;\u00e9galit\u00e9 des genres sur le march\u00e9 du travail (Lynne Tehini)"},"content":{"rendered":"<p>En Jordanie, les statistiques indiquent une participation tr\u00e8s faible des femmes \u00e0 l&rsquo;\u00e9conomie malgr\u00e9 la proportion \u00e9lev\u00e9e de femmes instruites. Le gouvernement, en collaboration avec la soci\u00e9t\u00e9 civile et d&rsquo;autres acteurs, a apport\u00e9 des modifications consid\u00e9rables \u00e0 la l\u00e9gislation afin de permettre et d&rsquo;encourager les femmes \u00e0 acc\u00e9der aux financements et aux ressources, \u00e0 cr\u00e9er leurs propres entreprises et \u00e0 jouir des m\u00eames droits que les hommes. De nombreuses mesures ont \u00e9t\u00e9 vot\u00e9es pour r\u00e9duire les d\u00e9fis et les obstacles qui d\u00e9couragent les femmes de participer de mani\u00e8re plus active \u00e0 l&rsquo;\u00e9conomie. Cependant, cela n&rsquo;a pas encore suffi \u00e0 changer le statu quo.<br \/>\nQuels sont les facteurs soci\u00e9taux ou autres obstacles qui entravent ce changement tant n\u00e9cessaire ? Pourquoi les modifications de la l\u00e9gislation du travail sont-elles importantes mais pas suffisantes si elles ne sont pas accompagn\u00e9es de r\u00e9formes dans d&rsquo;autres domaines ? Toutes les r\u00e9ponses \u00e0 ces questions seront fournies par le Dr Salma El Nims, responsable de la section de l&rsquo;\u00e9galit\u00e9 des genres \u00e0 la CESAO, qui sera accueillie par Lynn Tehini dans l&rsquo;\u00e9pisode de cette semaine de <a href=\"https:\/\/www.youtube.com\/hashtag\/shetalks\" target=\"_blank\" rel=\"noopener\">#SheTalks<\/a>.<br \/>\nAccordez-vous d\u00e8s maintenant ! et d\u00e9couvrez des solutions, notamment un projet financ\u00e9 par l&rsquo;UE visant \u00e0 renforcer la participation \u00e9conomique des femmes en Jordanie.<\/p>\n","protected":false},"featured_media":215547,"parent":0,"template":"","video_category":[],"country":[2124],"special_action":[],"custom_tag":[2314],"class_list":["post-215941","video","type-video","status-publish","has-post-thumbnail","hentry","country-jordanie","custom_tag-genre"],"acf":[],"yoast_head":"<!-- This site is optimized with the Yoast SEO plugin v26.5 - https:\/\/yoast.com\/wordpress\/plugins\/seo\/ -->\n<title>L&#039;\u00e9galit\u00e9 des genres sur le march\u00e9 du travail (Lynne Tehini) - Voisins de l&#039;UE<\/title>\n<meta name=\"robots\" content=\"index, follow, max-snippet:-1, max-image-preview:large, max-video-preview:-1\" \/>\n<link rel=\"canonical\" href=\"https:\/\/www.eumedbridge.eu\/fr\/video\/legalite-des-genres-sur-le-marche-du-travail-lynne-tehini\/\" \/>\n<meta property=\"og:locale\" content=\"fr_FR\" \/>\n<meta property=\"og:type\" content=\"article\" \/>\n<meta property=\"og:title\" content=\"L&#039;\u00e9galit\u00e9 des genres sur le march\u00e9 du travail (Lynne Tehini) - Voisins de l&#039;UE\" \/>\n<meta property=\"og:description\" content=\"En Jordanie, les statistiques indiquent une participation tr\u00e8s faible des femmes \u00e0 l&rsquo;\u00e9conomie malgr\u00e9 la proportion \u00e9lev\u00e9e de femmes instruites. Le gouvernement, en collaboration avec la soci\u00e9t\u00e9 civile et d&rsquo;autres acteurs, a apport\u00e9 des modifications consid\u00e9rables \u00e0 la l\u00e9gislation afin de permettre et d&rsquo;encourager les femmes \u00e0 acc\u00e9der aux financements et aux ressources, \u00e0 cr\u00e9er [&hellip;]\" \/>\n<meta property=\"og:url\" content=\"https:\/\/www.eumedbridge.eu\/fr\/video\/legalite-des-genres-sur-le-marche-du-travail-lynne-tehini\/\" \/>\n<meta property=\"og:site_name\" content=\"Voisins de l&#039;UE\" \/>\n<meta property=\"article:publisher\" content=\"https:\/\/www.facebook.com\/eumedbridge\/\" \/>\n<meta property=\"article:modified_time\" content=\"2023-05-26T16:42:22+00:00\" \/>\n<meta property=\"og:image\" content=\"https:\/\/www.eumedbridge.eu\/wp-content\/uploads\/2023\/05\/gender-equality-in-the-job-marke.jpg\" \/>\n\t<meta property=\"og:image:width\" content=\"1280\" \/>\n\t<meta property=\"og:image:height\" content=\"720\" \/>\n\t<meta property=\"og:image:type\" content=\"image\/jpeg\" \/>\n<meta name=\"twitter:card\" content=\"summary_large_image\" \/>\n<meta name=\"twitter:site\" content=\"@eumedbridge\" \/>\n<meta name=\"twitter:label1\" content=\"Dur\u00e9e de lecture estim\u00e9e\" \/>\n\t<meta name=\"twitter:data1\" content=\"1 minute\" \/>\n<script type=\"application\/ld+json\" class=\"yoast-schema-graph\">{\"@context\":\"https:\/\/schema.org\",\"@graph\":[{\"@type\":\"WebPage\",\"@id\":\"https:\/\/www.eumedbridge.eu\/fr\/video\/legalite-des-genres-sur-le-marche-du-travail-lynne-tehini\/\",\"url\":\"https:\/\/www.eumedbridge.eu\/fr\/video\/legalite-des-genres-sur-le-marche-du-travail-lynne-tehini\/\",\"name\":\"L'\u00e9galit\u00e9 des genres sur le march\u00e9 du travail (Lynne Tehini) - Voisins de l'UE\",\"isPartOf\":{\"@id\":\"https:\/\/www.eumedbridge.eu\/#website\"},\"primaryImageOfPage\":{\"@id\":\"https:\/\/www.eumedbridge.eu\/fr\/video\/legalite-des-genres-sur-le-marche-du-travail-lynne-tehini\/#primaryimage\"},\"image\":{\"@id\":\"https:\/\/www.eumedbridge.eu\/fr\/video\/legalite-des-genres-sur-le-marche-du-travail-lynne-tehini\/#primaryimage\"},\"thumbnailUrl\":\"https:\/\/www.eumedbridge.eu\/wp-content\/uploads\/2023\/05\/gender-equality-in-the-job-marke.jpg\",\"datePublished\":\"2023-05-26T16:38:02+00:00\",\"dateModified\":\"2023-05-26T16:42:22+00:00\",\"breadcrumb\":{\"@id\":\"https:\/\/www.eumedbridge.eu\/fr\/video\/legalite-des-genres-sur-le-marche-du-travail-lynne-tehini\/#breadcrumb\"},\"inLanguage\":\"fr-FR\",\"potentialAction\":[{\"@type\":\"ReadAction\",\"target\":[\"https:\/\/www.eumedbridge.eu\/fr\/video\/legalite-des-genres-sur-le-marche-du-travail-lynne-tehini\/\"]}]},{\"@type\":\"ImageObject\",\"inLanguage\":\"fr-FR\",\"@id\":\"https:\/\/www.eumedbridge.eu\/fr\/video\/legalite-des-genres-sur-le-marche-du-travail-lynne-tehini\/#primaryimage\",\"url\":\"https:\/\/www.eumedbridge.eu\/wp-content\/uploads\/2023\/05\/gender-equality-in-the-job-marke.jpg\",\"contentUrl\":\"https:\/\/www.eumedbridge.eu\/wp-content\/uploads\/2023\/05\/gender-equality-in-the-job-marke.jpg\",\"width\":1280,\"height\":720},{\"@type\":\"BreadcrumbList\",\"@id\":\"https:\/\/www.eumedbridge.eu\/fr\/video\/legalite-des-genres-sur-le-marche-du-travail-lynne-tehini\/#breadcrumb\",\"itemListElement\":[{\"@type\":\"ListItem\",\"position\":1,\"name\":\"Home\",\"item\":\"https:\/\/www.eumedbridge.eu\/fr\/home-page\/\"},{\"@type\":\"ListItem\",\"position\":2,\"name\":\"Videos\",\"item\":\"https:\/\/www.eumedbridge.eu\/video\/\"},{\"@type\":\"ListItem\",\"position\":3,\"name\":\"L&rsquo;\u00e9galit\u00e9 des genres sur le march\u00e9 du travail (Lynne Tehini)\"}]},{\"@type\":\"WebSite\",\"@id\":\"https:\/\/www.eumedbridge.eu\/#website\",\"url\":\"https:\/\/www.eumedbridge.eu\/\",\"name\":\"EU Medbridge\",\"description\":\"\",\"publisher\":{\"@id\":\"https:\/\/www.eumedbridge.eu\/#organization\"},\"potentialAction\":[{\"@type\":\"SearchAction\",\"target\":{\"@type\":\"EntryPoint\",\"urlTemplate\":\"https:\/\/www.eumedbridge.eu\/?s={search_term_string}\"},\"query-input\":{\"@type\":\"PropertyValueSpecification\",\"valueRequired\":true,\"valueName\":\"search_term_string\"}}],\"inLanguage\":\"fr-FR\"},{\"@type\":\"Organization\",\"@id\":\"https:\/\/www.eumedbridge.eu\/#organization\",\"name\":\"EU Medbridge\",\"url\":\"https:\/\/www.eumedbridge.eu\/\",\"logo\":{\"@type\":\"ImageObject\",\"inLanguage\":\"fr-FR\",\"@id\":\"https:\/\/www.eumedbridge.eu\/#\/schema\/logo\/image\/\",\"url\":\"https:\/\/www.eumedbridge.eu\/wp-content\/uploads\/2021\/12\/Logo.png\",\"contentUrl\":\"https:\/\/www.eumedbridge.eu\/wp-content\/uploads\/2021\/12\/Logo.png\",\"width\":325,\"height\":114,\"caption\":\"EU Medbridge\"},\"image\":{\"@id\":\"https:\/\/www.eumedbridge.eu\/#\/schema\/logo\/image\/\"},\"sameAs\":[\"https:\/\/www.facebook.com\/eumedbridge\/\",\"https:\/\/x.com\/eumedbridge\",\"https:\/\/www.linkedin.com\/company\/eumedbridge\",\"https:\/\/www.youtube.com\/@eumedbridge\",\"https:\/\/www.instagram.com\/eumedbridge\",\"https:\/\/www.flickr.com\/photos\/euneighbours-south\/\"]}]}<\/script>\n<!-- \/ Yoast SEO plugin. -->","yoast_head_json":{"title":"L'\u00e9galit\u00e9 des genres sur le march\u00e9 du travail (Lynne Tehini) - Voisins de l'UE","robots":{"index":"index","follow":"follow","max-snippet":"max-snippet:-1","max-image-preview":"max-image-preview:large","max-video-preview":"max-video-preview:-1"},"canonical":"https:\/\/www.eumedbridge.eu\/fr\/video\/legalite-des-genres-sur-le-marche-du-travail-lynne-tehini\/","og_locale":"fr_FR","og_type":"article","og_title":"L'\u00e9galit\u00e9 des genres sur le march\u00e9 du travail (Lynne Tehini) - Voisins de l'UE","og_description":"En Jordanie, les statistiques indiquent une participation tr\u00e8s faible des femmes \u00e0 l&rsquo;\u00e9conomie malgr\u00e9 la proportion \u00e9lev\u00e9e de femmes instruites. Le gouvernement, en collaboration avec la soci\u00e9t\u00e9 civile et d&rsquo;autres acteurs, a apport\u00e9 des modifications consid\u00e9rables \u00e0 la l\u00e9gislation afin de permettre et d&rsquo;encourager les femmes \u00e0 acc\u00e9der aux financements et aux ressources, \u00e0 cr\u00e9er [&hellip;]","og_url":"https:\/\/www.eumedbridge.eu\/fr\/video\/legalite-des-genres-sur-le-marche-du-travail-lynne-tehini\/","og_site_name":"Voisins de l'UE","article_publisher":"https:\/\/www.facebook.com\/eumedbridge\/","article_modified_time":"2023-05-26T16:42:22+00:00","og_image":[{"width":1280,"height":720,"url":"https:\/\/www.eumedbridge.eu\/wp-content\/uploads\/2023\/05\/gender-equality-in-the-job-marke.jpg","type":"image\/jpeg"}],"twitter_card":"summary_large_image","twitter_site":"@eumedbridge","twitter_misc":{"Dur\u00e9e de lecture estim\u00e9e":"1 minute"},"schema":{"@context":"https:\/\/schema.org","@graph":[{"@type":"WebPage","@id":"https:\/\/www.eumedbridge.eu\/fr\/video\/legalite-des-genres-sur-le-marche-du-travail-lynne-tehini\/","url":"https:\/\/www.eumedbridge.eu\/fr\/video\/legalite-des-genres-sur-le-marche-du-travail-lynne-tehini\/","name":"L'\u00e9galit\u00e9 des genres sur le march\u00e9 du travail (Lynne Tehini) - Voisins de l'UE","isPartOf":{"@id":"https:\/\/www.eumedbridge.eu\/#website"},"primaryImageOfPage":{"@id":"https:\/\/www.eumedbridge.eu\/fr\/video\/legalite-des-genres-sur-le-marche-du-travail-lynne-tehini\/#primaryimage"},"image":{"@id":"https:\/\/www.eumedbridge.eu\/fr\/video\/legalite-des-genres-sur-le-marche-du-travail-lynne-tehini\/#primaryimage"},"thumbnailUrl":"https:\/\/www.eumedbridge.eu\/wp-content\/uploads\/2023\/05\/gender-equality-in-the-job-marke.jpg","datePublished":"2023-05-26T16:38:02+00:00","dateModified":"2023-05-26T16:42:22+00:00","breadcrumb":{"@id":"https:\/\/www.eumedbridge.eu\/fr\/video\/legalite-des-genres-sur-le-marche-du-travail-lynne-tehini\/#breadcrumb"},"inLanguage":"fr-FR","potentialAction":[{"@type":"ReadAction","target":["https:\/\/www.eumedbridge.eu\/fr\/video\/legalite-des-genres-sur-le-marche-du-travail-lynne-tehini\/"]}]},{"@type":"ImageObject","inLanguage":"fr-FR","@id":"https:\/\/www.eumedbridge.eu\/fr\/video\/legalite-des-genres-sur-le-marche-du-travail-lynne-tehini\/#primaryimage","url":"https:\/\/www.eumedbridge.eu\/wp-content\/uploads\/2023\/05\/gender-equality-in-the-job-marke.jpg","contentUrl":"https:\/\/www.eumedbridge.eu\/wp-content\/uploads\/2023\/05\/gender-equality-in-the-job-marke.jpg","width":1280,"height":720},{"@type":"BreadcrumbList","@id":"https:\/\/www.eumedbridge.eu\/fr\/video\/legalite-des-genres-sur-le-marche-du-travail-lynne-tehini\/#breadcrumb","itemListElement":[{"@type":"ListItem","position":1,"name":"Home","item":"https:\/\/www.eumedbridge.eu\/fr\/home-page\/"},{"@type":"ListItem","position":2,"name":"Videos","item":"https:\/\/www.eumedbridge.eu\/video\/"},{"@type":"ListItem","position":3,"name":"L&rsquo;\u00e9galit\u00e9 des genres sur le march\u00e9 du travail (Lynne Tehini)"}]},{"@type":"WebSite","@id":"https:\/\/www.eumedbridge.eu\/#website","url":"https:\/\/www.eumedbridge.eu\/","name":"EU Medbridge","description":"","publisher":{"@id":"https:\/\/www.eumedbridge.eu\/#organization"},"potentialAction":[{"@type":"SearchAction","target":{"@type":"EntryPoint","urlTemplate":"https:\/\/www.eumedbridge.eu\/?s={search_term_string}"},"query-input":{"@type":"PropertyValueSpecification","valueRequired":true,"valueName":"search_term_string"}}],"inLanguage":"fr-FR"},{"@type":"Organization","@id":"https:\/\/www.eumedbridge.eu\/#organization","name":"EU Medbridge","url":"https:\/\/www.eumedbridge.eu\/","logo":{"@type":"ImageObject","inLanguage":"fr-FR","@id":"https:\/\/www.eumedbridge.eu\/#\/schema\/logo\/image\/","url":"https:\/\/www.eumedbridge.eu\/wp-content\/uploads\/2021\/12\/Logo.png","contentUrl":"https:\/\/www.eumedbridge.eu\/wp-content\/uploads\/2021\/12\/Logo.png","width":325,"height":114,"caption":"EU Medbridge"},"image":{"@id":"https:\/\/www.eumedbridge.eu\/#\/schema\/logo\/image\/"},"sameAs":["https:\/\/www.facebook.com\/eumedbridge\/","https:\/\/x.com\/eumedbridge","https:\/\/www.linkedin.com\/company\/eumedbridge","https:\/\/www.youtube.com\/@eumedbridge","https:\/\/www.instagram.com\/eumedbridge","https:\/\/www.flickr.com\/photos\/euneighbours-south\/"]}]}},"_links":{"self":[{"href":"https:\/\/www.eumedbridge.eu\/fr\/wp-json\/wp\/v2\/video\/215941","targetHints":{"allow":["GET"]}}],"collection":[{"href":"https:\/\/www.eumedbridge.eu\/fr\/wp-json\/wp\/v2\/video"}],"about":[{"href":"https:\/\/www.eumedbridge.eu\/fr\/wp-json\/wp\/v2\/types\/video"}],"wp:featuredmedia":[{"embeddable":true,"href":"https:\/\/www.eumedbridge.eu\/fr\/wp-json\/wp\/v2\/media\/215547"}],"wp:attachment":[{"href":"https:\/\/www.eumedbridge.eu\/fr\/wp-json\/wp\/v2\/media?parent=215941"}],"wp:term":[{"taxonomy":"video_category","embeddable":true,"href":"https:\/\/www.eumedbridge.eu\/fr\/wp-json\/wp\/v2\/video_category?post=215941"},{"taxonomy":"country","embeddable":true,"href":"https:\/\/www.eumedbridge.eu\/fr\/wp-json\/wp\/v2\/country?post=215941"},{"taxonomy":"special_action","embeddable":true,"href":"https:\/\/www.eumedbridge.eu\/fr\/wp-json\/wp\/v2\/special_action?post=215941"},{"taxonomy":"custom_tag","embeddable":true,"href":"https:\/\/www.eumedbridge.eu\/fr\/wp-json\/wp\/v2\/custom_tag?post=215941"}],"curies":[{"name":"wp","href":"https:\/\/api.w.org\/{rel}","templated":true}]}}