{"id":221849,"date":"2023-08-10T15:56:50","date_gmt":"2023-08-10T12:56:50","guid":{"rendered":"https:\/\/eumedbridge.eu\/?post_type=video&#038;p=221849"},"modified":"2023-11-10T16:13:39","modified_gmt":"2023-11-10T14:13:39","slug":"moments-forts-de-levenement-phare-eujeelconnect-en-tunisie","status":"publish","type":"video","link":"https:\/\/www.eumedbridge.eu\/fr\/video\/moments-forts-de-levenement-phare-eujeelconnect-en-tunisie\/","title":{"rendered":"Moments forts de l&rsquo;\u00e9v\u00e9nement phare #EUJeelConnect en Tunisie"},"content":{"rendered":"<p>D\u00e9couvrez les moments forts de l&rsquo;\u00e9v\u00e9nement phare <a href=\"https:\/\/www.youtube.com\/hashtag\/eujeelconnect\" target=\"_blank\" rel=\"noopener\">#EUJeelConnect<\/a> en Tunisie, une c\u00e9l\u00e9bration des id\u00e9es et des opportunit\u00e9s \ud83c\uddea\ud83c\uddfa\ud83c\uddf9\ud83c\uddf3. Nous sommes ravis de partager cette vid\u00e9o inspirante mettant en avant la passion, la cr\u00e9ativit\u00e9 et le d\u00e9vouement de la jeunesse tunisienne alors qu&rsquo;elle collaborait sur cinq th\u00e8mes cruciaux : l&rsquo;entrepreneuriat, les comp\u00e9tences, l&rsquo;\u00e9conomie verte, le genre et la culture. Leurs id\u00e9es innovantes ont le pouvoir de cr\u00e9er un impact r\u00e9el et d&rsquo;ouvrir la voie \u00e0 un avenir plus prometteur en Tunisie.<\/p>\n","protected":false},"featured_media":221840,"parent":0,"template":"","video_category":[],"country":[1955],"special_action":[],"custom_tag":[1874,2817,1970],"class_list":["post-221849","video","type-video","status-publish","has-post-thumbnail","hentry","country-tunisie","custom_tag-culture-fr","custom_tag-education-fr","custom_tag-jeunesse"],"acf":[],"yoast_head":"<!-- This site is optimized with the Yoast SEO plugin v26.5 - https:\/\/yoast.com\/wordpress\/plugins\/seo\/ -->\n<title>Moments forts de l&#039;\u00e9v\u00e9nement phare #EUJeelConnect en Tunisie - Voisins de l&#039;UE<\/title>\n<meta name=\"robots\" content=\"index, follow, max-snippet:-1, max-image-preview:large, max-video-preview:-1\" \/>\n<link rel=\"canonical\" href=\"https:\/\/www.eumedbridge.eu\/video\/highlights-of-the-eujeelconnect-flagship-event-in-tunisia\/\" \/>\n<meta property=\"og:locale\" content=\"fr_FR\" \/>\n<meta property=\"og:type\" content=\"article\" \/>\n<meta property=\"og:title\" content=\"Moments forts de l&#039;\u00e9v\u00e9nement phare #EUJeelConnect en Tunisie - Voisins de l&#039;UE\" \/>\n<meta property=\"og:description\" content=\"D\u00e9couvrez les moments forts de l&rsquo;\u00e9v\u00e9nement phare #EUJeelConnect en Tunisie, une c\u00e9l\u00e9bration des id\u00e9es et des opportunit\u00e9s \ud83c\uddea\ud83c\uddfa\ud83c\uddf9\ud83c\uddf3. Nous sommes ravis de partager cette vid\u00e9o inspirante mettant en avant la passion, la cr\u00e9ativit\u00e9 et le d\u00e9vouement de la jeunesse tunisienne alors qu&rsquo;elle collaborait sur cinq th\u00e8mes cruciaux : l&rsquo;entrepreneuriat, les comp\u00e9tences, l&rsquo;\u00e9conomie verte, le genre [&hellip;]\" \/>\n<meta property=\"og:url\" content=\"https:\/\/www.eumedbridge.eu\/video\/highlights-of-the-eujeelconnect-flagship-event-in-tunisia\/\" \/>\n<meta property=\"og:site_name\" content=\"Voisins de l&#039;UE\" \/>\n<meta property=\"article:publisher\" content=\"https:\/\/www.facebook.com\/eumedbridge\/\" \/>\n<meta property=\"article:modified_time\" content=\"2023-11-10T14:13:39+00:00\" \/>\n<meta property=\"og:image\" content=\"https:\/\/www.eumedbridge.eu\/wp-content\/uploads\/2023\/11\/highlights-of-the-eujeelconnect.jpg\" \/>\n\t<meta property=\"og:image:width\" content=\"1280\" \/>\n\t<meta property=\"og:image:height\" content=\"720\" \/>\n\t<meta property=\"og:image:type\" content=\"image\/jpeg\" \/>\n<meta name=\"twitter:card\" content=\"summary_large_image\" \/>\n<meta name=\"twitter:site\" content=\"@eumedbridge\" \/>\n<meta name=\"twitter:label1\" content=\"Dur\u00e9e de lecture estim\u00e9e\" \/>\n\t<meta name=\"twitter:data1\" content=\"1 minute\" \/>\n<script type=\"application\/ld+json\" class=\"yoast-schema-graph\">{\"@context\":\"https:\/\/schema.org\",\"@graph\":[{\"@type\":\"WebPage\",\"@id\":\"https:\/\/www.eumedbridge.eu\/video\/highlights-of-the-eujeelconnect-flagship-event-in-tunisia\/\",\"url\":\"https:\/\/www.eumedbridge.eu\/video\/highlights-of-the-eujeelconnect-flagship-event-in-tunisia\/\",\"name\":\"Moments forts de l'\u00e9v\u00e9nement phare #EUJeelConnect en Tunisie - Voisins de l'UE\",\"isPartOf\":{\"@id\":\"https:\/\/www.eumedbridge.eu\/#website\"},\"primaryImageOfPage\":{\"@id\":\"https:\/\/www.eumedbridge.eu\/video\/highlights-of-the-eujeelconnect-flagship-event-in-tunisia\/#primaryimage\"},\"image\":{\"@id\":\"https:\/\/www.eumedbridge.eu\/video\/highlights-of-the-eujeelconnect-flagship-event-in-tunisia\/#primaryimage\"},\"thumbnailUrl\":\"https:\/\/www.eumedbridge.eu\/wp-content\/uploads\/2023\/11\/highlights-of-the-eujeelconnect.jpg\",\"datePublished\":\"2023-08-10T12:56:50+00:00\",\"dateModified\":\"2023-11-10T14:13:39+00:00\",\"breadcrumb\":{\"@id\":\"https:\/\/www.eumedbridge.eu\/video\/highlights-of-the-eujeelconnect-flagship-event-in-tunisia\/#breadcrumb\"},\"inLanguage\":\"fr-FR\",\"potentialAction\":[{\"@type\":\"ReadAction\",\"target\":[\"https:\/\/www.eumedbridge.eu\/video\/highlights-of-the-eujeelconnect-flagship-event-in-tunisia\/\"]}]},{\"@type\":\"ImageObject\",\"inLanguage\":\"fr-FR\",\"@id\":\"https:\/\/www.eumedbridge.eu\/video\/highlights-of-the-eujeelconnect-flagship-event-in-tunisia\/#primaryimage\",\"url\":\"https:\/\/www.eumedbridge.eu\/wp-content\/uploads\/2023\/11\/highlights-of-the-eujeelconnect.jpg\",\"contentUrl\":\"https:\/\/www.eumedbridge.eu\/wp-content\/uploads\/2023\/11\/highlights-of-the-eujeelconnect.jpg\",\"width\":1280,\"height\":720},{\"@type\":\"BreadcrumbList\",\"@id\":\"https:\/\/www.eumedbridge.eu\/video\/highlights-of-the-eujeelconnect-flagship-event-in-tunisia\/#breadcrumb\",\"itemListElement\":[{\"@type\":\"ListItem\",\"position\":1,\"name\":\"Home\",\"item\":\"https:\/\/www.eumedbridge.eu\/fr\/home-page\/\"},{\"@type\":\"ListItem\",\"position\":2,\"name\":\"Videos\",\"item\":\"https:\/\/www.eumedbridge.eu\/video\/\"},{\"@type\":\"ListItem\",\"position\":3,\"name\":\"Moments forts de l&#8217;\u00e9v\u00e9nement phare #EUJeelConnect en Tunisie\"}]},{\"@type\":\"WebSite\",\"@id\":\"https:\/\/www.eumedbridge.eu\/#website\",\"url\":\"https:\/\/www.eumedbridge.eu\/\",\"name\":\"EU Medbridge\",\"description\":\"\",\"publisher\":{\"@id\":\"https:\/\/www.eumedbridge.eu\/#organization\"},\"potentialAction\":[{\"@type\":\"SearchAction\",\"target\":{\"@type\":\"EntryPoint\",\"urlTemplate\":\"https:\/\/www.eumedbridge.eu\/?s={search_term_string}\"},\"query-input\":{\"@type\":\"PropertyValueSpecification\",\"valueRequired\":true,\"valueName\":\"search_term_string\"}}],\"inLanguage\":\"fr-FR\"},{\"@type\":\"Organization\",\"@id\":\"https:\/\/www.eumedbridge.eu\/#organization\",\"name\":\"EU Medbridge\",\"url\":\"https:\/\/www.eumedbridge.eu\/\",\"logo\":{\"@type\":\"ImageObject\",\"inLanguage\":\"fr-FR\",\"@id\":\"https:\/\/www.eumedbridge.eu\/#\/schema\/logo\/image\/\",\"url\":\"https:\/\/www.eumedbridge.eu\/wp-content\/uploads\/2021\/12\/Logo.png\",\"contentUrl\":\"https:\/\/www.eumedbridge.eu\/wp-content\/uploads\/2021\/12\/Logo.png\",\"width\":325,\"height\":114,\"caption\":\"EU Medbridge\"},\"image\":{\"@id\":\"https:\/\/www.eumedbridge.eu\/#\/schema\/logo\/image\/\"},\"sameAs\":[\"https:\/\/www.facebook.com\/eumedbridge\/\",\"https:\/\/x.com\/eumedbridge\",\"https:\/\/www.linkedin.com\/company\/eumedbridge\",\"https:\/\/www.youtube.com\/@eumedbridge\",\"https:\/\/www.instagram.com\/eumedbridge\",\"https:\/\/www.flickr.com\/photos\/euneighbours-south\/\"]}]}<\/script>\n<!-- \/ Yoast SEO plugin. -->","yoast_head_json":{"title":"Moments forts de l'\u00e9v\u00e9nement phare #EUJeelConnect en Tunisie - Voisins de l'UE","robots":{"index":"index","follow":"follow","max-snippet":"max-snippet:-1","max-image-preview":"max-image-preview:large","max-video-preview":"max-video-preview:-1"},"canonical":"https:\/\/www.eumedbridge.eu\/video\/highlights-of-the-eujeelconnect-flagship-event-in-tunisia\/","og_locale":"fr_FR","og_type":"article","og_title":"Moments forts de l'\u00e9v\u00e9nement phare #EUJeelConnect en Tunisie - Voisins de l'UE","og_description":"D\u00e9couvrez les moments forts de l&rsquo;\u00e9v\u00e9nement phare #EUJeelConnect en Tunisie, une c\u00e9l\u00e9bration des id\u00e9es et des opportunit\u00e9s \ud83c\uddea\ud83c\uddfa\ud83c\uddf9\ud83c\uddf3. Nous sommes ravis de partager cette vid\u00e9o inspirante mettant en avant la passion, la cr\u00e9ativit\u00e9 et le d\u00e9vouement de la jeunesse tunisienne alors qu&rsquo;elle collaborait sur cinq th\u00e8mes cruciaux : l&rsquo;entrepreneuriat, les comp\u00e9tences, l&rsquo;\u00e9conomie verte, le genre [&hellip;]","og_url":"https:\/\/www.eumedbridge.eu\/video\/highlights-of-the-eujeelconnect-flagship-event-in-tunisia\/","og_site_name":"Voisins de l'UE","article_publisher":"https:\/\/www.facebook.com\/eumedbridge\/","article_modified_time":"2023-11-10T14:13:39+00:00","og_image":[{"width":1280,"height":720,"url":"https:\/\/www.eumedbridge.eu\/wp-content\/uploads\/2023\/11\/highlights-of-the-eujeelconnect.jpg","type":"image\/jpeg"}],"twitter_card":"summary_large_image","twitter_site":"@eumedbridge","twitter_misc":{"Dur\u00e9e de lecture estim\u00e9e":"1 minute"},"schema":{"@context":"https:\/\/schema.org","@graph":[{"@type":"WebPage","@id":"https:\/\/www.eumedbridge.eu\/video\/highlights-of-the-eujeelconnect-flagship-event-in-tunisia\/","url":"https:\/\/www.eumedbridge.eu\/video\/highlights-of-the-eujeelconnect-flagship-event-in-tunisia\/","name":"Moments forts de l'\u00e9v\u00e9nement phare #EUJeelConnect en Tunisie - Voisins de l'UE","isPartOf":{"@id":"https:\/\/www.eumedbridge.eu\/#website"},"primaryImageOfPage":{"@id":"https:\/\/www.eumedbridge.eu\/video\/highlights-of-the-eujeelconnect-flagship-event-in-tunisia\/#primaryimage"},"image":{"@id":"https:\/\/www.eumedbridge.eu\/video\/highlights-of-the-eujeelconnect-flagship-event-in-tunisia\/#primaryimage"},"thumbnailUrl":"https:\/\/www.eumedbridge.eu\/wp-content\/uploads\/2023\/11\/highlights-of-the-eujeelconnect.jpg","datePublished":"2023-08-10T12:56:50+00:00","dateModified":"2023-11-10T14:13:39+00:00","breadcrumb":{"@id":"https:\/\/www.eumedbridge.eu\/video\/highlights-of-the-eujeelconnect-flagship-event-in-tunisia\/#breadcrumb"},"inLanguage":"fr-FR","potentialAction":[{"@type":"ReadAction","target":["https:\/\/www.eumedbridge.eu\/video\/highlights-of-the-eujeelconnect-flagship-event-in-tunisia\/"]}]},{"@type":"ImageObject","inLanguage":"fr-FR","@id":"https:\/\/www.eumedbridge.eu\/video\/highlights-of-the-eujeelconnect-flagship-event-in-tunisia\/#primaryimage","url":"https:\/\/www.eumedbridge.eu\/wp-content\/uploads\/2023\/11\/highlights-of-the-eujeelconnect.jpg","contentUrl":"https:\/\/www.eumedbridge.eu\/wp-content\/uploads\/2023\/11\/highlights-of-the-eujeelconnect.jpg","width":1280,"height":720},{"@type":"BreadcrumbList","@id":"https:\/\/www.eumedbridge.eu\/video\/highlights-of-the-eujeelconnect-flagship-event-in-tunisia\/#breadcrumb","itemListElement":[{"@type":"ListItem","position":1,"name":"Home","item":"https:\/\/www.eumedbridge.eu\/fr\/home-page\/"},{"@type":"ListItem","position":2,"name":"Videos","item":"https:\/\/www.eumedbridge.eu\/video\/"},{"@type":"ListItem","position":3,"name":"Moments forts de l&#8217;\u00e9v\u00e9nement phare #EUJeelConnect en Tunisie"}]},{"@type":"WebSite","@id":"https:\/\/www.eumedbridge.eu\/#website","url":"https:\/\/www.eumedbridge.eu\/","name":"EU Medbridge","description":"","publisher":{"@id":"https:\/\/www.eumedbridge.eu\/#organization"},"potentialAction":[{"@type":"SearchAction","target":{"@type":"EntryPoint","urlTemplate":"https:\/\/www.eumedbridge.eu\/?s={search_term_string}"},"query-input":{"@type":"PropertyValueSpecification","valueRequired":true,"valueName":"search_term_string"}}],"inLanguage":"fr-FR"},{"@type":"Organization","@id":"https:\/\/www.eumedbridge.eu\/#organization","name":"EU Medbridge","url":"https:\/\/www.eumedbridge.eu\/","logo":{"@type":"ImageObject","inLanguage":"fr-FR","@id":"https:\/\/www.eumedbridge.eu\/#\/schema\/logo\/image\/","url":"https:\/\/www.eumedbridge.eu\/wp-content\/uploads\/2021\/12\/Logo.png","contentUrl":"https:\/\/www.eumedbridge.eu\/wp-content\/uploads\/2021\/12\/Logo.png","width":325,"height":114,"caption":"EU Medbridge"},"image":{"@id":"https:\/\/www.eumedbridge.eu\/#\/schema\/logo\/image\/"},"sameAs":["https:\/\/www.facebook.com\/eumedbridge\/","https:\/\/x.com\/eumedbridge","https:\/\/www.linkedin.com\/company\/eumedbridge","https:\/\/www.youtube.com\/@eumedbridge","https:\/\/www.instagram.com\/eumedbridge","https:\/\/www.flickr.com\/photos\/euneighbours-south\/"]}]}},"_links":{"self":[{"href":"https:\/\/www.eumedbridge.eu\/fr\/wp-json\/wp\/v2\/video\/221849","targetHints":{"allow":["GET"]}}],"collection":[{"href":"https:\/\/www.eumedbridge.eu\/fr\/wp-json\/wp\/v2\/video"}],"about":[{"href":"https:\/\/www.eumedbridge.eu\/fr\/wp-json\/wp\/v2\/types\/video"}],"wp:featuredmedia":[{"embeddable":true,"href":"https:\/\/www.eumedbridge.eu\/fr\/wp-json\/wp\/v2\/media\/221840"}],"wp:attachment":[{"href":"https:\/\/www.eumedbridge.eu\/fr\/wp-json\/wp\/v2\/media?parent=221849"}],"wp:term":[{"taxonomy":"video_category","embeddable":true,"href":"https:\/\/www.eumedbridge.eu\/fr\/wp-json\/wp\/v2\/video_category?post=221849"},{"taxonomy":"country","embeddable":true,"href":"https:\/\/www.eumedbridge.eu\/fr\/wp-json\/wp\/v2\/country?post=221849"},{"taxonomy":"special_action","embeddable":true,"href":"https:\/\/www.eumedbridge.eu\/fr\/wp-json\/wp\/v2\/special_action?post=221849"},{"taxonomy":"custom_tag","embeddable":true,"href":"https:\/\/www.eumedbridge.eu\/fr\/wp-json\/wp\/v2\/custom_tag?post=221849"}],"curies":[{"name":"wp","href":"https:\/\/api.w.org\/{rel}","templated":true}]}}